{"id":379,"date":"2025-01-30T17:48:31","date_gmt":"2025-01-30T20:48:31","guid":{"rendered":"https:\/\/previews.elleven.digital\/acocearense\/\/?post_type=produtos&#038;p=379"},"modified":"2025-05-07T21:42:37","modified_gmt":"2025-05-08T00:42:37","slug":"tela-coluna","status":"publish","type":"produtos","link":"https:\/\/previews.elleven.digital\/acocearense\/produtos\/tela-coluna\/","title":{"rendered":"Tela Coluna"},"content":{"rendered":"<p>A Tela para coluna \u00e9 produzida a partir da combina\u00e7\u00e3o de vergalh\u00f5es SI 50 e CA 60, soldados entre si e espa\u00e7ados a cada 20 cm, com comprimento total de 6m.<\/p>\n<p>\u00c9 utilizada em vigas e cintas, dispensa arames para amarra\u00e7\u00e3o e aumenta a produtividade nas constru\u00e7\u00f5es.<\/p>\n","protected":false},"featured_media":380,"template":"","meta":{"_acf_changed":false,"inline_featured_image":false},"categoria-produto":[2],"marca-produto":[25],"class_list":["post-379","produtos","type-produtos","status-publish","has-post-thumbnail","hentry","categoria-produto-construcao-civil","marca-produto-sinobras"],"acf":{"galeria":["https:\/\/previews.elleven.digital\/acocearense\/wp-content\/uploads\/2025\/01\/TELA_COLUNA_SI50_SI_60_POSI_01-copy.png"],"descricao_previa":"A Tela para coluna \u00e9 produzida a partir da combina\u00e7\u00e3o de vergalh\u00f5es SI 50 e CA 60.","area_de_texto":false,"atributos_produto":[{"titulo":"TELA PARA COLUNA","descricao":[{"valor":"8,0 mm (7x14) 3,5m"},{"valor":"8,0 mm (7x17) 3,5m"},{"valor":"8,0 mm (7x14) 4m"},{"valor":"8,0 mm (7x17) 4m"},{"valor":"10,0 mm (7x14) 3,5m"},{"valor":"10,0 mm (7x17) 3,5m"},{"valor":"10,0 mm (7x14) 4m"},{"valor":"10,0 mm (7x17) 4m"},{"valor":"8,0 mm (7x14) 6m"},{"valor":"8,0 mm (7x17) 6m"},{"valor":"8,0 mm (6x20) 6m"},{"valor":"10,0 mm (7x14) 6m"},{"valor":"10,0 mm (7x27) 6m"}]}],"especificacoes_tecnicas":[{"acf_fc_layout":"imagem_tabela","imagem_desktop":"https:\/\/previews.elleven.digital\/acocearense\/wp-content\/uploads\/2025\/01\/Tela-Coluna.png","imagem_mobile":false}]},"yoast_head":"<!-- This site is optimized with the Yoast SEO plugin v25.9 - https:\/\/yoast.com\/wordpress\/plugins\/seo\/ -->\n<title>Tela Coluna - Grupo A\u00e7o Cearense<\/title>\n<meta name=\"robots\" content=\"index, follow, max-snippet:-1, max-image-preview:large, max-video-preview:-1\" \/>\n<link rel=\"canonical\" href=\"https:\/\/previews.elleven.digital\/acocearense\/produtos\/tela-coluna\/\" \/>\n<meta property=\"og:locale\" content=\"pt_BR\" \/>\n<meta property=\"og:type\" content=\"article\" \/>\n<meta property=\"og:title\" content=\"Tela Coluna - Grupo A\u00e7o Cearense\" \/>\n<meta property=\"og:description\" content=\"A Tela para coluna \u00e9 produzida a partir da combina\u00e7\u00e3o de vergalh\u00f5es SI 50 e(...)\" \/>\n<meta property=\"og:url\" content=\"https:\/\/previews.elleven.digital\/acocearense\/produtos\/tela-coluna\/\" \/>\n<meta property=\"og:site_name\" content=\"Grupo A\u00e7o Cearense\" \/>\n<meta property=\"article:modified_time\" content=\"2025-05-08T00:42:37+00:00\" \/>\n<meta property=\"og:image\" content=\"https:\/\/previews.elleven.digital\/acocearense\/wp-content\/uploads\/2025\/01\/TELA_COLUNA_SI50_SI_60_POSI_01-copy.png\" \/>\n\t<meta property=\"og:image:width\" content=\"1417\" \/>\n\t<meta property=\"og:image:height\" content=\"797\" \/>\n\t<meta property=\"og:image:type\" content=\"image\/png\" \/>\n<meta name=\"twitter:card\" content=\"summary_large_image\" \/>\n<meta name=\"twitter:label1\" content=\"Est. tempo de leitura\" \/>\n\t<meta name=\"twitter:data1\" content=\"1 minuto\" \/>\n<script type=\"application\/ld+json\" class=\"yoast-schema-graph\">{\"@context\":\"https:\/\/schema.org\",\"@graph\":[{\"@type\":\"WebPage\",\"@id\":\"https:\/\/previews.elleven.digital\/acocearense\/produtos\/tela-coluna\/\",\"url\":\"https:\/\/previews.elleven.digital\/acocearense\/produtos\/tela-coluna\/\",\"name\":\"Tela Coluna - Grupo A\u00e7o Cearense\",\"isPartOf\":{\"@id\":\"https:\/\/previews.elleven.digital\/acocearense\/#website\"},\"primaryImageOfPage\":{\"@id\":\"https:\/\/previews.elleven.digital\/acocearense\/produtos\/tela-coluna\/#primaryimage\"},\"image\":{\"@id\":\"https:\/\/previews.elleven.digital\/acocearense\/produtos\/tela-coluna\/#primaryimage\"},\"thumbnailUrl\":\"https:\/\/previews.elleven.digital\/acocearense\/wp-content\/uploads\/2025\/01\/TELA_COLUNA_SI50_SI_60_POSI_01-copy.png\",\"datePublished\":\"2025-01-30T20:48:31+00:00\",\"dateModified\":\"2025-05-08T00:42:37+00:00\",\"breadcrumb\":{\"@id\":\"https:\/\/previews.elleven.digital\/acocearense\/produtos\/tela-coluna\/#breadcrumb\"},\"inLanguage\":\"pt-BR\",\"potentialAction\":[{\"@type\":\"ReadAction\",\"target\":[\"https:\/\/previews.elleven.digital\/acocearense\/produtos\/tela-coluna\/\"]}]},{\"@type\":\"ImageObject\",\"inLanguage\":\"pt-BR\",\"@id\":\"https:\/\/previews.elleven.digital\/acocearense\/produtos\/tela-coluna\/#primaryimage\",\"url\":\"https:\/\/previews.elleven.digital\/acocearense\/wp-content\/uploads\/2025\/01\/TELA_COLUNA_SI50_SI_60_POSI_01-copy.png\",\"contentUrl\":\"https:\/\/previews.elleven.digital\/acocearense\/wp-content\/uploads\/2025\/01\/TELA_COLUNA_SI50_SI_60_POSI_01-copy.png\",\"width\":1417,\"height\":797},{\"@type\":\"BreadcrumbList\",\"@id\":\"https:\/\/previews.elleven.digital\/acocearense\/produtos\/tela-coluna\/#breadcrumb\",\"itemListElement\":[{\"@type\":\"ListItem\",\"position\":1,\"name\":\"In\u00edcio\",\"item\":\"https:\/\/previews.elleven.digital\/acocearense\/\"},{\"@type\":\"ListItem\",\"position\":2,\"name\":\"Tela Coluna\"}]},{\"@type\":\"WebSite\",\"@id\":\"https:\/\/previews.elleven.digital\/acocearense\/#website\",\"url\":\"https:\/\/previews.elleven.digital\/acocearense\/\",\"name\":\"A\u00e7o Cearense\",\"description\":\"H\u00e1 mais de 45 anos no mercado brasileiro do a\u00e7o.\",\"alternateName\":\"A\u00e7o Cearense\",\"potentialAction\":[{\"@type\":\"SearchAction\",\"target\":{\"@type\":\"EntryPoint\",\"urlTemplate\":\"https:\/\/previews.elleven.digital\/acocearense\/?s={search_term_string}\"},\"query-input\":{\"@type\":\"PropertyValueSpecification\",\"valueRequired\":true,\"valueName\":\"search_term_string\"}}],\"inLanguage\":\"pt-BR\"}]}<\/script>\n<!-- \/ Yoast SEO plugin. -->","yoast_head_json":{"title":"Tela Coluna - Grupo A\u00e7o Cearense","robots":{"index":"index","follow":"follow","max-snippet":"max-snippet:-1","max-image-preview":"max-image-preview:large","max-video-preview":"max-video-preview:-1"},"canonical":"https:\/\/previews.elleven.digital\/acocearense\/produtos\/tela-coluna\/","og_locale":"pt_BR","og_type":"article","og_title":"Tela Coluna - Grupo A\u00e7o Cearense","og_description":"A Tela para coluna \u00e9 produzida a partir da combina\u00e7\u00e3o de vergalh\u00f5es SI 50 e(...)","og_url":"https:\/\/previews.elleven.digital\/acocearense\/produtos\/tela-coluna\/","og_site_name":"Grupo A\u00e7o Cearense","article_modified_time":"2025-05-08T00:42:37+00:00","og_image":[{"width":1417,"height":797,"url":"https:\/\/previews.elleven.digital\/acocearense\/wp-content\/uploads\/2025\/01\/TELA_COLUNA_SI50_SI_60_POSI_01-copy.png","type":"image\/png"}],"twitter_card":"summary_large_image","twitter_misc":{"Est. tempo de leitura":"1 minuto"},"schema":{"@context":"https:\/\/schema.org","@graph":[{"@type":"WebPage","@id":"https:\/\/previews.elleven.digital\/acocearense\/produtos\/tela-coluna\/","url":"https:\/\/previews.elleven.digital\/acocearense\/produtos\/tela-coluna\/","name":"Tela Coluna - Grupo A\u00e7o Cearense","isPartOf":{"@id":"https:\/\/previews.elleven.digital\/acocearense\/#website"},"primaryImageOfPage":{"@id":"https:\/\/previews.elleven.digital\/acocearense\/produtos\/tela-coluna\/#primaryimage"},"image":{"@id":"https:\/\/previews.elleven.digital\/acocearense\/produtos\/tela-coluna\/#primaryimage"},"thumbnailUrl":"https:\/\/previews.elleven.digital\/acocearense\/wp-content\/uploads\/2025\/01\/TELA_COLUNA_SI50_SI_60_POSI_01-copy.png","datePublished":"2025-01-30T20:48:31+00:00","dateModified":"2025-05-08T00:42:37+00:00","breadcrumb":{"@id":"https:\/\/previews.elleven.digital\/acocearense\/produtos\/tela-coluna\/#breadcrumb"},"inLanguage":"pt-BR","potentialAction":[{"@type":"ReadAction","target":["https:\/\/previews.elleven.digital\/acocearense\/produtos\/tela-coluna\/"]}]},{"@type":"ImageObject","inLanguage":"pt-BR","@id":"https:\/\/previews.elleven.digital\/acocearense\/produtos\/tela-coluna\/#primaryimage","url":"https:\/\/previews.elleven.digital\/acocearense\/wp-content\/uploads\/2025\/01\/TELA_COLUNA_SI50_SI_60_POSI_01-copy.png","contentUrl":"https:\/\/previews.elleven.digital\/acocearense\/wp-content\/uploads\/2025\/01\/TELA_COLUNA_SI50_SI_60_POSI_01-copy.png","width":1417,"height":797},{"@type":"BreadcrumbList","@id":"https:\/\/previews.elleven.digital\/acocearense\/produtos\/tela-coluna\/#breadcrumb","itemListElement":[{"@type":"ListItem","position":1,"name":"In\u00edcio","item":"https:\/\/previews.elleven.digital\/acocearense\/"},{"@type":"ListItem","position":2,"name":"Tela Coluna"}]},{"@type":"WebSite","@id":"https:\/\/previews.elleven.digital\/acocearense\/#website","url":"https:\/\/previews.elleven.digital\/acocearense\/","name":"A\u00e7o Cearense","description":"H\u00e1 mais de 45 anos no mercado brasileiro do a\u00e7o.","alternateName":"A\u00e7o Cearense","potentialAction":[{"@type":"SearchAction","target":{"@type":"EntryPoint","urlTemplate":"https:\/\/previews.elleven.digital\/acocearense\/?s={search_term_string}"},"query-input":{"@type":"PropertyValueSpecification","valueRequired":true,"valueName":"search_term_string"}}],"inLanguage":"pt-BR"}]}},"_links":{"self":[{"href":"https:\/\/previews.elleven.digital\/acocearense\/wp-json\/wp\/v2\/produtos\/379","targetHints":{"allow":["GET"]}}],"collection":[{"href":"https:\/\/previews.elleven.digital\/acocearense\/wp-json\/wp\/v2\/produtos"}],"about":[{"href":"https:\/\/previews.elleven.digital\/acocearense\/wp-json\/wp\/v2\/types\/produtos"}],"wp:featuredmedia":[{"embeddable":true,"href":"https:\/\/previews.elleven.digital\/acocearense\/wp-json\/wp\/v2\/media\/380"}],"wp:attachment":[{"href":"https:\/\/previews.elleven.digital\/acocearense\/wp-json\/wp\/v2\/media?parent=379"}],"wp:term":[{"taxonomy":"categoria-produto","embeddable":true,"href":"https:\/\/previews.elleven.digital\/acocearense\/wp-json\/wp\/v2\/categoria-produto?post=379"},{"taxonomy":"marca-produto","embeddable":true,"href":"https:\/\/previews.elleven.digital\/acocearense\/wp-json\/wp\/v2\/marca-produto?post=379"}],"curies":[{"name":"wp","href":"https:\/\/api.w.org\/{rel}","templated":true}]}}