{"id":759,"date":"2025-04-15T11:41:38","date_gmt":"2025-04-15T14:41:38","guid":{"rendered":"https:\/\/previews.elleven.digital\/acocearense\/?page_id=759"},"modified":"2025-04-15T11:52:54","modified_gmt":"2025-04-15T14:52:54","slug":"historia","status":"publish","type":"page","link":"https:\/\/previews.elleven.digital\/acocearense\/quem-somos\/historia\/","title":{"rendered":"Hist\u00f3ria"},"content":{"rendered":"","protected":false},"excerpt":{"rendered":"","protected":false},"author":1,"featured_media":0,"parent":190,"menu_order":0,"comment_status":"closed","ping_status":"closed","template":"","meta":{"_acf_changed":false,"inline_featured_image":false,"footnotes":""},"class_list":["post-759","page","type-page","status-publish","hentry"],"acf":{"linha_do_tempo":[{"imagem":{"ID":220,"id":220,"title":"image 12","filename":"image-12.png","filesize":113934,"url":"https:\/\/previews.elleven.digital\/acocearense\/wp-content\/uploads\/2024\/11\/image-12.png","link":"https:\/\/previews.elleven.digital\/acocearense\/quem-somos\/image-12\/","alt":"","author":"1","description":"","caption":"","name":"image-12","status":"inherit","uploaded_to":190,"date":"2024-11-05 18:34:00","modified":"2024-11-05 18:34:00","menu_order":0,"mime_type":"image\/png","type":"image","subtype":"png","icon":"https:\/\/previews.elleven.digital\/acocearense\/wp-includes\/images\/media\/default.png","width":579,"height":360,"sizes":{"thumbnail":"https:\/\/previews.elleven.digital\/acocearense\/wp-content\/uploads\/2024\/11\/image-12-150x150.png","thumbnail-width":150,"thumbnail-height":150,"medium":"https:\/\/previews.elleven.digital\/acocearense\/wp-content\/uploads\/2024\/11\/image-12-300x187.png","medium-width":300,"medium-height":187,"medium_large":"https:\/\/previews.elleven.digital\/acocearense\/wp-content\/uploads\/2024\/11\/image-12.png","medium_large-width":579,"medium_large-height":360,"large":"https:\/\/previews.elleven.digital\/acocearense\/wp-content\/uploads\/2024\/11\/image-12.png","large-width":579,"large-height":360,"1536x1536":"https:\/\/previews.elleven.digital\/acocearense\/wp-content\/uploads\/2024\/11\/image-12.png","1536x1536-width":579,"1536x1536-height":360,"2048x2048":"https:\/\/previews.elleven.digital\/acocearense\/wp-content\/uploads\/2024\/11\/image-12.png","2048x2048-width":579,"2048x2048-height":360,"trp-custom-language-flag":"https:\/\/previews.elleven.digital\/acocearense\/wp-content\/uploads\/2024\/11\/image-12.png","trp-custom-language-flag-width":18,"trp-custom-language-flag-height":12}},"ano":"1979","texto":"Chega ao mercado a Ferro OK voltada para a distribui\u00e7\u00e3o de ferro e a\u00e7o na cidade de Fortaleza (CE)."},{"imagem":{"ID":221,"id":221,"title":"image 13","filename":"image-13.png","filesize":242425,"url":"https:\/\/previews.elleven.digital\/acocearense\/wp-content\/uploads\/2024\/11\/image-13.png","link":"https:\/\/previews.elleven.digital\/acocearense\/quem-somos\/image-13\/","alt":"","author":"1","description":"","caption":"","name":"image-13","status":"inherit","uploaded_to":190,"date":"2024-11-05 18:34:55","modified":"2024-11-05 18:34:55","menu_order":0,"mime_type":"image\/png","type":"image","subtype":"png","icon":"https:\/\/previews.elleven.digital\/acocearense\/wp-includes\/images\/media\/default.png","width":579,"height":360,"sizes":{"thumbnail":"https:\/\/previews.elleven.digital\/acocearense\/wp-content\/uploads\/2024\/11\/image-13-150x150.png","thumbnail-width":150,"thumbnail-height":150,"medium":"https:\/\/previews.elleven.digital\/acocearense\/wp-content\/uploads\/2024\/11\/image-13-300x187.png","medium-width":300,"medium-height":187,"medium_large":"https:\/\/previews.elleven.digital\/acocearense\/wp-content\/uploads\/2024\/11\/image-13.png","medium_large-width":579,"medium_large-height":360,"large":"https:\/\/previews.elleven.digital\/acocearense\/wp-content\/uploads\/2024\/11\/image-13.png","large-width":579,"large-height":360,"1536x1536":"https:\/\/previews.elleven.digital\/acocearense\/wp-content\/uploads\/2024\/11\/image-13.png","1536x1536-width":579,"1536x1536-height":360,"2048x2048":"https:\/\/previews.elleven.digital\/acocearense\/wp-content\/uploads\/2024\/11\/image-13.png","2048x2048-width":579,"2048x2048-height":360,"trp-custom-language-flag":"https:\/\/previews.elleven.digital\/acocearense\/wp-content\/uploads\/2024\/11\/image-13.png","trp-custom-language-flag-width":18,"trp-custom-language-flag-height":12}},"ano":"1981","texto":"Visando uma nova estrat\u00e9gia comercial e de marketing para amplia\u00e7\u00e3o da distribui\u00e7\u00e3o em todo o estado Cear\u00e1, a Ferro OK torna-se A\u00e7o Cearense."},{"imagem":{"ID":222,"id":222,"title":"image 14","filename":"image-14.png","filesize":394031,"url":"https:\/\/previews.elleven.digital\/acocearense\/wp-content\/uploads\/2024\/11\/image-14.png","link":"https:\/\/previews.elleven.digital\/acocearense\/quem-somos\/image-14\/","alt":"","author":"1","description":"","caption":"","name":"image-14","status":"inherit","uploaded_to":190,"date":"2024-11-05 18:35:26","modified":"2024-11-05 18:35:26","menu_order":0,"mime_type":"image\/png","type":"image","subtype":"png","icon":"https:\/\/previews.elleven.digital\/acocearense\/wp-includes\/images\/media\/default.png","width":579,"height":360,"sizes":{"thumbnail":"https:\/\/previews.elleven.digital\/acocearense\/wp-content\/uploads\/2024\/11\/image-14-150x150.png","thumbnail-width":150,"thumbnail-height":150,"medium":"https:\/\/previews.elleven.digital\/acocearense\/wp-content\/uploads\/2024\/11\/image-14-300x187.png","medium-width":300,"medium-height":187,"medium_large":"https:\/\/previews.elleven.digital\/acocearense\/wp-content\/uploads\/2024\/11\/image-14.png","medium_large-width":579,"medium_large-height":360,"large":"https:\/\/previews.elleven.digital\/acocearense\/wp-content\/uploads\/2024\/11\/image-14.png","large-width":579,"large-height":360,"1536x1536":"https:\/\/previews.elleven.digital\/acocearense\/wp-content\/uploads\/2024\/11\/image-14.png","1536x1536-width":579,"1536x1536-height":360,"2048x2048":"https:\/\/previews.elleven.digital\/acocearense\/wp-content\/uploads\/2024\/11\/image-14.png","2048x2048-width":579,"2048x2048-height":360,"trp-custom-language-flag":"https:\/\/previews.elleven.digital\/acocearense\/wp-content\/uploads\/2024\/11\/image-14.png","trp-custom-language-flag-width":18,"trp-custom-language-flag-height":12}},"ano":"1997","texto":"Com o objetivo de potencializar o atendimento a seus clientes, com maior agilidade e um mix de produtos mais variado, a A\u00e7o Cearense inaugura sua primeira unidade industrial, a A\u00e7o Cearense Industrial."},{"imagem":{"ID":224,"id":224,"title":"image 15","filename":"image-15.png","filesize":168600,"url":"https:\/\/previews.elleven.digital\/acocearense\/wp-content\/uploads\/2024\/11\/image-15.png","link":"https:\/\/previews.elleven.digital\/acocearense\/quem-somos\/image-15\/","alt":"","author":"1","description":"","caption":"","name":"image-15","status":"inherit","uploaded_to":190,"date":"2024-11-05 19:08:47","modified":"2024-11-05 19:08:47","menu_order":0,"mime_type":"image\/png","type":"image","subtype":"png","icon":"https:\/\/previews.elleven.digital\/acocearense\/wp-includes\/images\/media\/default.png","width":579,"height":360,"sizes":{"thumbnail":"https:\/\/previews.elleven.digital\/acocearense\/wp-content\/uploads\/2024\/11\/image-15-150x150.png","thumbnail-width":150,"thumbnail-height":150,"medium":"https:\/\/previews.elleven.digital\/acocearense\/wp-content\/uploads\/2024\/11\/image-15-300x187.png","medium-width":300,"medium-height":187,"medium_large":"https:\/\/previews.elleven.digital\/acocearense\/wp-content\/uploads\/2024\/11\/image-15.png","medium_large-width":579,"medium_large-height":360,"large":"https:\/\/previews.elleven.digital\/acocearense\/wp-content\/uploads\/2024\/11\/image-15.png","large-width":579,"large-height":360,"1536x1536":"https:\/\/previews.elleven.digital\/acocearense\/wp-content\/uploads\/2024\/11\/image-15.png","1536x1536-width":579,"1536x1536-height":360,"2048x2048":"https:\/\/previews.elleven.digital\/acocearense\/wp-content\/uploads\/2024\/11\/image-15.png","2048x2048-width":579,"2048x2048-height":360,"trp-custom-language-flag":"https:\/\/previews.elleven.digital\/acocearense\/wp-content\/uploads\/2024\/11\/image-15.png","trp-custom-language-flag-width":18,"trp-custom-language-flag-height":12}},"ano":"2004","texto":"A empresa se destaca no mercado do a\u00e7o na Am\u00e9rica Latina, por meio da produ\u00e7\u00e3o de tubos com costura para diversos segmentos e \u00e9 reconhecida como a maior movimentadora privada de cargas do Complexo Industrial e Portu\u00e1rio do Pec\u00e9m \u2013 CIPP, no estado do Cear\u00e1."},{"imagem":{"ID":225,"id":225,"title":"image 16","filename":"image-16.png","filesize":171495,"url":"https:\/\/previews.elleven.digital\/acocearense\/wp-content\/uploads\/2024\/11\/image-16.png","link":"https:\/\/previews.elleven.digital\/acocearense\/quem-somos\/image-16\/","alt":"","author":"1","description":"","caption":"","name":"image-16","status":"inherit","uploaded_to":190,"date":"2024-11-05 19:09:07","modified":"2024-11-05 19:09:07","menu_order":0,"mime_type":"image\/png","type":"image","subtype":"png","icon":"https:\/\/previews.elleven.digital\/acocearense\/wp-includes\/images\/media\/default.png","width":579,"height":360,"sizes":{"thumbnail":"https:\/\/previews.elleven.digital\/acocearense\/wp-content\/uploads\/2024\/11\/image-16-150x150.png","thumbnail-width":150,"thumbnail-height":150,"medium":"https:\/\/previews.elleven.digital\/acocearense\/wp-content\/uploads\/2024\/11\/image-16-300x187.png","medium-width":300,"medium-height":187,"medium_large":"https:\/\/previews.elleven.digital\/acocearense\/wp-content\/uploads\/2024\/11\/image-16.png","medium_large-width":579,"medium_large-height":360,"large":"https:\/\/previews.elleven.digital\/acocearense\/wp-content\/uploads\/2024\/11\/image-16.png","large-width":579,"large-height":360,"1536x1536":"https:\/\/previews.elleven.digital\/acocearense\/wp-content\/uploads\/2024\/11\/image-16.png","1536x1536-width":579,"1536x1536-height":360,"2048x2048":"https:\/\/previews.elleven.digital\/acocearense\/wp-content\/uploads\/2024\/11\/image-16.png","2048x2048-width":579,"2048x2048-height":360,"trp-custom-language-flag":"https:\/\/previews.elleven.digital\/acocearense\/wp-content\/uploads\/2024\/11\/image-16.png","trp-custom-language-flag-width":18,"trp-custom-language-flag-height":12}},"ano":"2006","texto":"Em 2006 \u00e9 iniciado o projeto de constru\u00e7\u00e3o da SINOBRAS \u2013 Sider\u00fargica Norte\u00a0Brasil, localizada em Marab\u00e1 no estado do Par\u00e1.<br \/>\r\n<br \/>\r\n\u00c9 a primeira usina sider\u00fargica\u00a0integrada de a\u00e7os longos do Norte e Nordeste do Brasil."},{"imagem":{"ID":226,"id":226,"title":"image 17","filename":"image-17.png","filesize":350103,"url":"https:\/\/previews.elleven.digital\/acocearense\/wp-content\/uploads\/2024\/11\/image-17.png","link":"https:\/\/previews.elleven.digital\/acocearense\/quem-somos\/image-17\/","alt":"","author":"1","description":"","caption":"","name":"image-17","status":"inherit","uploaded_to":190,"date":"2024-11-05 19:09:28","modified":"2024-11-05 19:09:28","menu_order":0,"mime_type":"image\/png","type":"image","subtype":"png","icon":"https:\/\/previews.elleven.digital\/acocearense\/wp-includes\/images\/media\/default.png","width":578,"height":360,"sizes":{"thumbnail":"https:\/\/previews.elleven.digital\/acocearense\/wp-content\/uploads\/2024\/11\/image-17-150x150.png","thumbnail-width":150,"thumbnail-height":150,"medium":"https:\/\/previews.elleven.digital\/acocearense\/wp-content\/uploads\/2024\/11\/image-17-300x187.png","medium-width":300,"medium-height":187,"medium_large":"https:\/\/previews.elleven.digital\/acocearense\/wp-content\/uploads\/2024\/11\/image-17.png","medium_large-width":578,"medium_large-height":360,"large":"https:\/\/previews.elleven.digital\/acocearense\/wp-content\/uploads\/2024\/11\/image-17.png","large-width":578,"large-height":360,"1536x1536":"https:\/\/previews.elleven.digital\/acocearense\/wp-content\/uploads\/2024\/11\/image-17.png","1536x1536-width":578,"1536x1536-height":360,"2048x2048":"https:\/\/previews.elleven.digital\/acocearense\/wp-content\/uploads\/2024\/11\/image-17.png","2048x2048-width":578,"2048x2048-height":360,"trp-custom-language-flag":"https:\/\/previews.elleven.digital\/acocearense\/wp-content\/uploads\/2024\/11\/image-17.png","trp-custom-language-flag-width":18,"trp-custom-language-flag-height":12}},"ano":"2008","texto":"Grupo A\u00e7o Cearense realiza investimentos na amplia\u00e7\u00e3o da A\u00e7o\u00a0Cearense Industrial, aumentando a capacidade produtiva em cerca de 35%\u00a0na \u00e1rea de planos.<br \/>\r\n<br \/>\r\nA A\u00e7o Cearense Industrial recebe pela primeira vez o Pr\u00eamio\u00a0Contribuintes, concedido pelo governo do Cear\u00e1 aos maiores contribuintes\u00a0de impostos do estado.<br \/>\r\n<br \/>\r\nSINOBRAS entra em opera\u00e7\u00e3o, com as unidades de aciaria e\u00a0lamina\u00e7\u00e3o. O vergalh\u00e3o SI50 recebe a acredita\u00e7\u00e3o do INMETRO.<br \/>\r\n<br \/>\r\nIan Corr\u00eaa, Vice-presidente do Grupo A\u00e7o Cearense, recebe os\u00a0pr\u00eamios: \u201cEmpres\u00e1rio do Ano de Marab\u00e1\u201d, pela Associa\u00e7\u00e3o Comercial e\u00a0Industrial de Marab\u00e1; \u201cCidad\u00e3o Marabaense\u201d, pela C\u00e2mara Municipal de\u00a0Marab\u00e1; \u201cHonra ao M\u00e9rito Legislativo\u201d e \u201cOrdem do M\u00e9rito Cabanagem\u201d, pela Assembleia Legislativa do Par\u00e1."},{"imagem":{"ID":227,"id":227,"title":"image 18","filename":"image-18.png","filesize":335670,"url":"https:\/\/previews.elleven.digital\/acocearense\/wp-content\/uploads\/2024\/11\/image-18.png","link":"https:\/\/previews.elleven.digital\/acocearense\/quem-somos\/image-18\/","alt":"","author":"1","description":"","caption":"","name":"image-18","status":"inherit","uploaded_to":190,"date":"2024-11-05 19:09:52","modified":"2024-11-05 19:09:52","menu_order":0,"mime_type":"image\/png","type":"image","subtype":"png","icon":"https:\/\/previews.elleven.digital\/acocearense\/wp-includes\/images\/media\/default.png","width":579,"height":360,"sizes":{"thumbnail":"https:\/\/previews.elleven.digital\/acocearense\/wp-content\/uploads\/2024\/11\/image-18-150x150.png","thumbnail-width":150,"thumbnail-height":150,"medium":"https:\/\/previews.elleven.digital\/acocearense\/wp-content\/uploads\/2024\/11\/image-18-300x187.png","medium-width":300,"medium-height":187,"medium_large":"https:\/\/previews.elleven.digital\/acocearense\/wp-content\/uploads\/2024\/11\/image-18.png","medium_large-width":579,"medium_large-height":360,"large":"https:\/\/previews.elleven.digital\/acocearense\/wp-content\/uploads\/2024\/11\/image-18.png","large-width":579,"large-height":360,"1536x1536":"https:\/\/previews.elleven.digital\/acocearense\/wp-content\/uploads\/2024\/11\/image-18.png","1536x1536-width":579,"1536x1536-height":360,"2048x2048":"https:\/\/previews.elleven.digital\/acocearense\/wp-content\/uploads\/2024\/11\/image-18.png","2048x2048-width":579,"2048x2048-height":360,"trp-custom-language-flag":"https:\/\/previews.elleven.digital\/acocearense\/wp-content\/uploads\/2024\/11\/image-18.png","trp-custom-language-flag-width":18,"trp-custom-language-flag-height":12}},"ano":"2009","texto":"A\u00e7o Cearense Industrial investe na amplia\u00e7\u00e3o de sua \u00e1rea fabril.<br \/>\r\n<br \/>\r\nA SINOBRAS faz investimento como autoprodutora na Hidrel\u00e9trica de\u00a0Belo Monte, com participa\u00e7\u00e3o de 1%, na ordem de R$ 250 milh\u00f5es.<br \/>\r\n<br \/>\r\nAtinge a\u00a0marca de mil colaboradores. E recebe o Pr\u00eamio ORM\/ACP, concedido pelas\u00a0Organiza\u00e7\u00f5es R\u00f4mulo Maiorana e Associa\u00e7\u00e3o Comercial do Par\u00e1, em\u00a0reconhecimento \u00e0s empresas de maior express\u00e3o no Estado em 2008.<br \/>\r\n<br \/>\r\nO Grupo A\u00e7o Cearense assina o memorando de entendimento com a\u00a0Vale para implanta\u00e7\u00e3o do Projeto Aline, sider\u00fargica de a\u00e7os planos para\u00a0lamina\u00e7\u00e3o das placas de a\u00e7o da Alpa (sider\u00fargica da Vale), em Marab\u00e1-PA. Ian Corr\u00eaa, Vice-presidente do Grupo A\u00e7o Cearense, \u00e9 condecorado\u00a0como Cidad\u00e3o Paraense pela Assembleia Legislativa do Par\u00e1."},{"imagem":{"ID":228,"id":228,"title":"image 19","filename":"image-19.png","filesize":340159,"url":"https:\/\/previews.elleven.digital\/acocearense\/wp-content\/uploads\/2024\/11\/image-19.png","link":"https:\/\/previews.elleven.digital\/acocearense\/quem-somos\/image-19\/","alt":"","author":"1","description":"","caption":"","name":"image-19","status":"inherit","uploaded_to":190,"date":"2024-11-05 19:10:15","modified":"2024-11-05 19:10:15","menu_order":0,"mime_type":"image\/png","type":"image","subtype":"png","icon":"https:\/\/previews.elleven.digital\/acocearense\/wp-includes\/images\/media\/default.png","width":578,"height":360,"sizes":{"thumbnail":"https:\/\/previews.elleven.digital\/acocearense\/wp-content\/uploads\/2024\/11\/image-19-150x150.png","thumbnail-width":150,"thumbnail-height":150,"medium":"https:\/\/previews.elleven.digital\/acocearense\/wp-content\/uploads\/2024\/11\/image-19-300x187.png","medium-width":300,"medium-height":187,"medium_large":"https:\/\/previews.elleven.digital\/acocearense\/wp-content\/uploads\/2024\/11\/image-19.png","medium_large-width":578,"medium_large-height":360,"large":"https:\/\/previews.elleven.digital\/acocearense\/wp-content\/uploads\/2024\/11\/image-19.png","large-width":578,"large-height":360,"1536x1536":"https:\/\/previews.elleven.digital\/acocearense\/wp-content\/uploads\/2024\/11\/image-19.png","1536x1536-width":578,"1536x1536-height":360,"2048x2048":"https:\/\/previews.elleven.digital\/acocearense\/wp-content\/uploads\/2024\/11\/image-19.png","2048x2048-width":578,"2048x2048-height":360,"trp-custom-language-flag":"https:\/\/previews.elleven.digital\/acocearense\/wp-content\/uploads\/2024\/11\/image-19.png","trp-custom-language-flag-width":18,"trp-custom-language-flag-height":12}},"ano":"2010","texto":"A A\u00e7o Cearense alcan\u00e7a a marca de meio milh\u00e3o de toneladas de a\u00e7o comercializadas no ano.<br \/>\r\n<br \/>\r\nVilmar Ferreira, Presidente do Grupo A\u00e7o Cearense, recebe o t\u00edtulo de Empres\u00e1rio do Ano em Bel\u00e9m (PA).<br \/>\r\n<br \/>\r\nSINOBRAS inicia a opera\u00e7\u00e3o da unidade de TREFILA."},{"imagem":{"ID":229,"id":229,"title":"image 20","filename":"image-20.png","filesize":126980,"url":"https:\/\/previews.elleven.digital\/acocearense\/wp-content\/uploads\/2024\/11\/image-20.png","link":"https:\/\/previews.elleven.digital\/acocearense\/quem-somos\/image-20\/","alt":"","author":"1","description":"","caption":"","name":"image-20","status":"inherit","uploaded_to":190,"date":"2024-11-05 19:10:32","modified":"2024-11-05 19:10:32","menu_order":0,"mime_type":"image\/png","type":"image","subtype":"png","icon":"https:\/\/previews.elleven.digital\/acocearense\/wp-includes\/images\/media\/default.png","width":579,"height":360,"sizes":{"thumbnail":"https:\/\/previews.elleven.digital\/acocearense\/wp-content\/uploads\/2024\/11\/image-20-150x150.png","thumbnail-width":150,"thumbnail-height":150,"medium":"https:\/\/previews.elleven.digital\/acocearense\/wp-content\/uploads\/2024\/11\/image-20-300x187.png","medium-width":300,"medium-height":187,"medium_large":"https:\/\/previews.elleven.digital\/acocearense\/wp-content\/uploads\/2024\/11\/image-20.png","medium_large-width":579,"medium_large-height":360,"large":"https:\/\/previews.elleven.digital\/acocearense\/wp-content\/uploads\/2024\/11\/image-20.png","large-width":579,"large-height":360,"1536x1536":"https:\/\/previews.elleven.digital\/acocearense\/wp-content\/uploads\/2024\/11\/image-20.png","1536x1536-width":579,"1536x1536-height":360,"2048x2048":"https:\/\/previews.elleven.digital\/acocearense\/wp-content\/uploads\/2024\/11\/image-20.png","2048x2048-width":579,"2048x2048-height":360,"trp-custom-language-flag":"https:\/\/previews.elleven.digital\/acocearense\/wp-content\/uploads\/2024\/11\/image-20.png","trp-custom-language-flag-width":18,"trp-custom-language-flag-height":12}},"ano":"2011","texto":"Em 2011, o Grupo A\u00e7o Cearense aumentou a abrang\u00eancia de distribui\u00e7\u00e3o de seus produtos para todo o Brasil.<br \/>\r\n<br \/>\r\nA SINOBRAS recebeu o Pr\u00eamio Redes, por desenvolver os fornecedores do Par\u00e1.<br \/>\r\n<br \/>\r\nA unidade de Sinteriza\u00e7\u00e3o da SINOBRAS entrou em opera\u00e7\u00e3o."},{"imagem":{"ID":230,"id":230,"title":"image 21","filename":"image-21.png","filesize":324065,"url":"https:\/\/previews.elleven.digital\/acocearense\/wp-content\/uploads\/2024\/11\/image-21.png","link":"https:\/\/previews.elleven.digital\/acocearense\/quem-somos\/image-21\/","alt":"","author":"1","description":"","caption":"","name":"image-21","status":"inherit","uploaded_to":190,"date":"2024-11-05 19:10:47","modified":"2024-11-05 19:10:47","menu_order":0,"mime_type":"image\/png","type":"image","subtype":"png","icon":"https:\/\/previews.elleven.digital\/acocearense\/wp-includes\/images\/media\/default.png","width":578,"height":360,"sizes":{"thumbnail":"https:\/\/previews.elleven.digital\/acocearense\/wp-content\/uploads\/2024\/11\/image-21-150x150.png","thumbnail-width":150,"thumbnail-height":150,"medium":"https:\/\/previews.elleven.digital\/acocearense\/wp-content\/uploads\/2024\/11\/image-21-300x187.png","medium-width":300,"medium-height":187,"medium_large":"https:\/\/previews.elleven.digital\/acocearense\/wp-content\/uploads\/2024\/11\/image-21.png","medium_large-width":578,"medium_large-height":360,"large":"https:\/\/previews.elleven.digital\/acocearense\/wp-content\/uploads\/2024\/11\/image-21.png","large-width":578,"large-height":360,"1536x1536":"https:\/\/previews.elleven.digital\/acocearense\/wp-content\/uploads\/2024\/11\/image-21.png","1536x1536-width":578,"1536x1536-height":360,"2048x2048":"https:\/\/previews.elleven.digital\/acocearense\/wp-content\/uploads\/2024\/11\/image-21.png","2048x2048-width":578,"2048x2048-height":360,"trp-custom-language-flag":"https:\/\/previews.elleven.digital\/acocearense\/wp-content\/uploads\/2024\/11\/image-21.png","trp-custom-language-flag-width":18,"trp-custom-language-flag-height":12}},"ano":"2012","texto":"Em 2012, o Grupo A\u00e7o Cearense lan\u00e7a sua nova marca, associando tributos\u00a0da empresa como lideran\u00e7a no setor metal\u00fargico, qualidade dos produtos e\u00a0presen\u00e7a firmada no mercado.<br \/>\r\n<br \/>\r\nA\u00e7o Cearense Industrial aumenta sua capacidade produtiva para 760\u00a0mil toneladas.<br \/>\r\n<br \/>\r\nSINOBRAS atinge a marca de produ\u00e7\u00e3o de 1 milh\u00e3o de toneladas de\u00a0tarugos de a\u00e7o, lan\u00e7a o projeto de amplia\u00e7\u00e3o da sua capacidade produtiva\u00a0e inicia a constru\u00e7\u00e3o da primeira bateria de fornos da Unidade de Produ\u00e7\u00e3o\u00a0de Redutor da SINOBRAS Florestal.<br \/>\r\n<br \/>\r\n\u00c9 criada a WMA Trading, empresa respons\u00e1vel pelas transa\u00e7\u00f5es\u00a0comerciais de importa\u00e7\u00e3o e exporta\u00e7\u00e3o.<br \/>\r\n<br \/>\r\nPelo quinto ano consecutivo, a A\u00e7o Cearense Industrial recebe o\u00a0Pr\u00eamio Contribuintes, na categoria recolhimento do Imposto sobre a\u00a0Circula\u00e7\u00e3o de Mercadorias e Servi\u00e7os (ICMS), concedido anualmente pelo\u00a0Governo do Cear\u00e1 aos 50 maiores contribuintes do estado."},{"imagem":{"ID":231,"id":231,"title":"image 22","filename":"image-22.png","filesize":212846,"url":"https:\/\/previews.elleven.digital\/acocearense\/wp-content\/uploads\/2024\/11\/image-22.png","link":"https:\/\/previews.elleven.digital\/acocearense\/quem-somos\/image-22\/","alt":"","author":"1","description":"","caption":"","name":"image-22","status":"inherit","uploaded_to":190,"date":"2024-11-05 19:11:41","modified":"2024-11-05 19:11:41","menu_order":0,"mime_type":"image\/png","type":"image","subtype":"png","icon":"https:\/\/previews.elleven.digital\/acocearense\/wp-includes\/images\/media\/default.png","width":579,"height":360,"sizes":{"thumbnail":"https:\/\/previews.elleven.digital\/acocearense\/wp-content\/uploads\/2024\/11\/image-22-150x150.png","thumbnail-width":150,"thumbnail-height":150,"medium":"https:\/\/previews.elleven.digital\/acocearense\/wp-content\/uploads\/2024\/11\/image-22-300x187.png","medium-width":300,"medium-height":187,"medium_large":"https:\/\/previews.elleven.digital\/acocearense\/wp-content\/uploads\/2024\/11\/image-22.png","medium_large-width":579,"medium_large-height":360,"large":"https:\/\/previews.elleven.digital\/acocearense\/wp-content\/uploads\/2024\/11\/image-22.png","large-width":579,"large-height":360,"1536x1536":"https:\/\/previews.elleven.digital\/acocearense\/wp-content\/uploads\/2024\/11\/image-22.png","1536x1536-width":579,"1536x1536-height":360,"2048x2048":"https:\/\/previews.elleven.digital\/acocearense\/wp-content\/uploads\/2024\/11\/image-22.png","2048x2048-width":579,"2048x2048-height":360,"trp-custom-language-flag":"https:\/\/previews.elleven.digital\/acocearense\/wp-content\/uploads\/2024\/11\/image-22.png","trp-custom-language-flag-width":18,"trp-custom-language-flag-height":12}},"ano":"2013","texto":"Em 2013, o Grupo A\u00e7o Cearense figura mais uma vez na edi\u00e7\u00e3o de 2013 da\u00a0revista\u00a0Exame Melhores e Maiores, ocupando desta vez a 185\u00aa coloca\u00e7\u00e3o\u00a0no\u00a0ranking dos 200 maiores Grupos e fica em 5\u00ba lugar entre os que mais\u00a0cresceram em lucratividade. Tamb\u00e9m recebe destaque no levantamento\u00a0\u201cValor 1000\u201d, publicado pelo jornal\u00a0Valor Econ\u00f4mico.<br \/>\r\n<br \/>\r\nNo\u00a0ranking\u00a0por\u00a0regi\u00e3o, a A\u00e7o Cearense conquista o 13\u00aa\u00a0\u00a0lugar entre as 50 maiores do\u00a0Nordeste e a SINOBRAS fica na 41\u00aa coloca\u00e7\u00e3o nas Regi\u00f5es Norte e Centro-Oeste. No\u00a0ranking\u00a0geral, a A\u00e7o Cearense ocupa a 249\u00aa posi\u00e7\u00e3o e a SINOBRAS\u00a0a 637\u00aa.<br \/>\r\n<br \/>\r\nGrupo A\u00e7o Cearense e a sul-coreana Posco assinam um Memorando\u00a0de Entendimento, que estabelece a inten\u00e7\u00e3o de desenvolver o estudo de\u00a0viabilidade t\u00e9cnica e econ\u00f4mica para a instala\u00e7\u00e3o de uma laminadora de\u00a0a\u00e7os planos no Cear\u00e1.<br \/>\r\n<br \/>\r\nSINOBRAS atinge a marca de produ\u00e7\u00e3o de 1 milh\u00e3o de toneladas de\u00a0laminados e inicia o projeto SINOBRAS Fase II, que prev\u00ea um investimento\u00a0da ordem de US$ 200 milh\u00f5es para as seguintes realiza\u00e7\u00f5es: constru\u00e7\u00e3o da\u00a0Subesta\u00e7\u00e3o e Linha de Transmiss\u00e3o de 230 Kv; aquisi\u00e7\u00e3o do equipamento\u00a0Shredder para o beneficiamento de 170 mil toneladas\/ano de sucata."},{"imagem":{"ID":233,"id":233,"title":"image 23","filename":"image-23.png","filesize":348624,"url":"https:\/\/previews.elleven.digital\/acocearense\/wp-content\/uploads\/2024\/11\/image-23.png","link":"https:\/\/previews.elleven.digital\/acocearense\/quem-somos\/image-23\/","alt":"","author":"1","description":"","caption":"","name":"image-23","status":"inherit","uploaded_to":190,"date":"2024-11-05 19:12:19","modified":"2024-11-05 19:12:19","menu_order":0,"mime_type":"image\/png","type":"image","subtype":"png","icon":"https:\/\/previews.elleven.digital\/acocearense\/wp-includes\/images\/media\/default.png","width":579,"height":360,"sizes":{"thumbnail":"https:\/\/previews.elleven.digital\/acocearense\/wp-content\/uploads\/2024\/11\/image-23-150x150.png","thumbnail-width":150,"thumbnail-height":150,"medium":"https:\/\/previews.elleven.digital\/acocearense\/wp-content\/uploads\/2024\/11\/image-23-300x187.png","medium-width":300,"medium-height":187,"medium_large":"https:\/\/previews.elleven.digital\/acocearense\/wp-content\/uploads\/2024\/11\/image-23.png","medium_large-width":579,"medium_large-height":360,"large":"https:\/\/previews.elleven.digital\/acocearense\/wp-content\/uploads\/2024\/11\/image-23.png","large-width":579,"large-height":360,"1536x1536":"https:\/\/previews.elleven.digital\/acocearense\/wp-content\/uploads\/2024\/11\/image-23.png","1536x1536-width":579,"1536x1536-height":360,"2048x2048":"https:\/\/previews.elleven.digital\/acocearense\/wp-content\/uploads\/2024\/11\/image-23.png","2048x2048-width":579,"2048x2048-height":360,"trp-custom-language-flag":"https:\/\/previews.elleven.digital\/acocearense\/wp-content\/uploads\/2024\/11\/image-23.png","trp-custom-language-flag-width":18,"trp-custom-language-flag-height":12}},"ano":"2014","texto":"O Grupo A\u00e7o Cearense completa 35 anos de atua\u00e7\u00e3o no mercado do\u00a0a\u00e7o.<br \/>\r\n<br \/>\r\nA gest\u00e3o corporativa do Grupo ganha for\u00e7a e unidade de linguagem com a\u00a0implanta\u00e7\u00e3o do sistema SAP em todas as empresas.<br \/>\r\n<br \/>\r\nA A\u00e7o Cearense Industrial (ACI) recebe pelo sexto ano consecutivo o\u00a0Pr\u00eamio Contribuintes na categoria recolhimento do Imposto sobre a Circula\u00e7\u00e3o\u00a0de Mercadorias e Servi\u00e7os (ICMS) em Fortaleza e Regi\u00e3o Metropolitana,\u00a0concedido anualmente pelo Governo do Cear\u00e1.<br \/>\r\n<br \/>\r\nA SINOBRAS \u00e9 considerada como a segunda melhor empresa para se\u00a0trabalhar no estado do Par\u00e1, na pesquisa \u201cPrazer em Trabalhar 2014\u201d,\u00a0realizada pela Gestor Consultoria e pelo Caderno de Neg\u00f3cios do Di\u00e1rio do\u00a0Par\u00e1, que avaliou as pr\u00e1ticas em Gest\u00e3o de Pessoas de 32 empresas.<br \/>\r\n<br \/>\r\nA SINOBRAS tamb\u00e9m \u00e9 agraciada com o pr\u00eamio \u201cHolos\u201d, concedido \u00e0 sider\u00fargica\u00a0por ter as melhores ferramentas de Gest\u00e3o de Pessoas implantadas, e recebe\u00a0o Selo de Baixo Carbono do Minist\u00e9rio do Meio Ambiente."},{"imagem":{"ID":234,"id":234,"title":"Foto","filename":"Foto.png","filesize":38387,"url":"https:\/\/previews.elleven.digital\/acocearense\/wp-content\/uploads\/2024\/11\/Foto.png","link":"https:\/\/previews.elleven.digital\/acocearense\/quem-somos\/foto\/","alt":"","author":"1","description":"","caption":"","name":"foto","status":"inherit","uploaded_to":190,"date":"2024-11-05 19:12:29","modified":"2024-11-05 19:12:29","menu_order":0,"mime_type":"image\/png","type":"image","subtype":"png","icon":"https:\/\/previews.elleven.digital\/acocearense\/wp-includes\/images\/media\/default.png","width":579,"height":360,"sizes":{"thumbnail":"https:\/\/previews.elleven.digital\/acocearense\/wp-content\/uploads\/2024\/11\/Foto-150x150.png","thumbnail-width":150,"thumbnail-height":150,"medium":"https:\/\/previews.elleven.digital\/acocearense\/wp-content\/uploads\/2024\/11\/Foto-300x187.png","medium-width":300,"medium-height":187,"medium_large":"https:\/\/previews.elleven.digital\/acocearense\/wp-content\/uploads\/2024\/11\/Foto.png","medium_large-width":579,"medium_large-height":360,"large":"https:\/\/previews.elleven.digital\/acocearense\/wp-content\/uploads\/2024\/11\/Foto.png","large-width":579,"large-height":360,"1536x1536":"https:\/\/previews.elleven.digital\/acocearense\/wp-content\/uploads\/2024\/11\/Foto.png","1536x1536-width":579,"1536x1536-height":360,"2048x2048":"https:\/\/previews.elleven.digital\/acocearense\/wp-content\/uploads\/2024\/11\/Foto.png","2048x2048-width":579,"2048x2048-height":360,"trp-custom-language-flag":"https:\/\/previews.elleven.digital\/acocearense\/wp-content\/uploads\/2024\/11\/Foto.png","trp-custom-language-flag-width":18,"trp-custom-language-flag-height":12}},"ano":"2015","texto":"O Grupo A\u00e7o Cearense completa 36 anos. O Grupo A\u00e7o Cearense entra no ranking da Revista Exame entre as melhores e maiores empresas do Pa\u00eds e figura mais uma vez no ranking do Valor 1000 entre os maiores Grupos do Brasil.<br \/>\r\n<br \/>\r\nGrupo figura entre os Melhores em Desempenho Social acima de R$ 90 milh\u00f5es no Pr\u00eamio Delmiro Gouveia.<br \/>\r\n<br \/>\r\nSINOBRAS completa 9 anos.<br \/>\r\n<br \/>\r\nA SINOBRAS vence a maratona de Seguran\u00e7a da Albras.<br \/>\r\n<br \/>\r\nA SINOBRAS recebe duas premia\u00e7\u00f5es no Pr\u00eamio Prazer em Trabalhar.<br \/>\r\n<br \/>\r\nProdutos da SINOBRAS recebem certifica\u00e7\u00e3o da ISO 9001:2008. A\u00e7o Cearense \u00e9 premiada por solu\u00e7\u00f5es inovadoras na \u00e1rea de T.I.<br \/>\r\n<br \/>\r\nInstituto WMA mudou a marca e o nome para Instituto A\u00e7o Cearense.<br \/>\r\n<br \/>\r\nAline Ferreira representa o Grupo A\u00e7o Cearense no CEO Summit Nordeste da Endeavor como grande nome do empreendedorismo do Brasil.<br \/>\r\n<br \/>\r\nO presidente do Grupo Vilmar Ferreira e sua filha Aline Ferreira contam sua trajet\u00f3ria empreendedora no Day1 da Endeavor."},{"imagem":{"ID":235,"id":235,"title":"ASFS","filename":"ASFS.png","filesize":31340,"url":"https:\/\/previews.elleven.digital\/acocearense\/wp-content\/uploads\/2024\/11\/ASFS.png","link":"https:\/\/previews.elleven.digital\/acocearense\/quem-somos\/asfs\/","alt":"","author":"1","description":"","caption":"","name":"asfs","status":"inherit","uploaded_to":190,"date":"2024-11-05 19:12:51","modified":"2024-11-05 19:12:51","menu_order":0,"mime_type":"image\/png","type":"image","subtype":"png","icon":"https:\/\/previews.elleven.digital\/acocearense\/wp-includes\/images\/media\/default.png","width":579,"height":360,"sizes":{"thumbnail":"https:\/\/previews.elleven.digital\/acocearense\/wp-content\/uploads\/2024\/11\/ASFS-150x150.png","thumbnail-width":150,"thumbnail-height":150,"medium":"https:\/\/previews.elleven.digital\/acocearense\/wp-content\/uploads\/2024\/11\/ASFS-300x187.png","medium-width":300,"medium-height":187,"medium_large":"https:\/\/previews.elleven.digital\/acocearense\/wp-content\/uploads\/2024\/11\/ASFS.png","medium_large-width":579,"medium_large-height":360,"large":"https:\/\/previews.elleven.digital\/acocearense\/wp-content\/uploads\/2024\/11\/ASFS.png","large-width":579,"large-height":360,"1536x1536":"https:\/\/previews.elleven.digital\/acocearense\/wp-content\/uploads\/2024\/11\/ASFS.png","1536x1536-width":579,"1536x1536-height":360,"2048x2048":"https:\/\/previews.elleven.digital\/acocearense\/wp-content\/uploads\/2024\/11\/ASFS.png","2048x2048-width":579,"2048x2048-height":360,"trp-custom-language-flag":"https:\/\/previews.elleven.digital\/acocearense\/wp-content\/uploads\/2024\/11\/ASFS.png","trp-custom-language-flag-width":18,"trp-custom-language-flag-height":12}},"ano":"2016","texto":"A SINOBRAS completa 10 anos, bate recorde de produ\u00e7\u00e3o de a\u00e7o e recebe tripla premia\u00e7\u00e3o na pesquisa Prazer em Trabalhar: 3\u00ba lugar no ranking das 15 Melhores Empresas para trabalhar no Par\u00e1, Trof\u00e9u Gente de RH e\u00a0Pr\u00eamio Inovare, pela implanta\u00e7\u00e3o do projeto de Inclus\u00e3o de Pessoas com Defici\u00eancia na Opera\u00e7\u00e3o Industrial. Tamb\u00e9m recebe o pr\u00eamio L\u00edderes do Norte, realizado pelo grupo paraense Neg\u00f3cios e Destaque (NED)."},{"imagem":{"ID":236,"id":236,"title":"2017","filename":"2017.png","filesize":261363,"url":"https:\/\/previews.elleven.digital\/acocearense\/wp-content\/uploads\/2024\/11\/2017.png","link":"https:\/\/previews.elleven.digital\/acocearense\/quem-somos\/attachment\/2017\/","alt":"","author":"1","description":"","caption":"","name":"2017","status":"inherit","uploaded_to":190,"date":"2024-11-05 19:13:08","modified":"2024-11-05 19:13:08","menu_order":0,"mime_type":"image\/png","type":"image","subtype":"png","icon":"https:\/\/previews.elleven.digital\/acocearense\/wp-includes\/images\/media\/default.png","width":579,"height":360,"sizes":{"thumbnail":"https:\/\/previews.elleven.digital\/acocearense\/wp-content\/uploads\/2024\/11\/2017-150x150.png","thumbnail-width":150,"thumbnail-height":150,"medium":"https:\/\/previews.elleven.digital\/acocearense\/wp-content\/uploads\/2024\/11\/2017-300x187.png","medium-width":300,"medium-height":187,"medium_large":"https:\/\/previews.elleven.digital\/acocearense\/wp-content\/uploads\/2024\/11\/2017.png","medium_large-width":579,"medium_large-height":360,"large":"https:\/\/previews.elleven.digital\/acocearense\/wp-content\/uploads\/2024\/11\/2017.png","large-width":579,"large-height":360,"1536x1536":"https:\/\/previews.elleven.digital\/acocearense\/wp-content\/uploads\/2024\/11\/2017.png","1536x1536-width":579,"1536x1536-height":360,"2048x2048":"https:\/\/previews.elleven.digital\/acocearense\/wp-content\/uploads\/2024\/11\/2017.png","2048x2048-width":579,"2048x2048-height":360,"trp-custom-language-flag":"https:\/\/previews.elleven.digital\/acocearense\/wp-content\/uploads\/2024\/11\/2017.png","trp-custom-language-flag-width":18,"trp-custom-language-flag-height":12}},"ano":"2017","texto":"A SINOBRAS Florestal bate recorde de faturamento.<br \/>\r\n<br \/>\r\nA A\u00e7o Cearense aparece no ranking da \u00c9poca Neg\u00f3cios 360\u00ba na coloca\u00e7\u00e3o 328\u00aa entre as 500 maiores empresas do Brasil e a SINOBRAS aparece na coloca\u00e7\u00e3o 433\u00aa entre as 1.000 maiores empresas do pa\u00eds por receita l\u00edquida no ranking da revista\u00a0Isto\u00c9 Dinheiro."},{"imagem":{"ID":237,"id":237,"title":"2018","filename":"2018.png","filesize":331133,"url":"https:\/\/previews.elleven.digital\/acocearense\/wp-content\/uploads\/2024\/11\/2018.png","link":"https:\/\/previews.elleven.digital\/acocearense\/quem-somos\/attachment\/2018\/","alt":"","author":"1","description":"","caption":"","name":"2018","status":"inherit","uploaded_to":190,"date":"2024-11-05 19:13:30","modified":"2024-11-05 19:13:30","menu_order":0,"mime_type":"image\/png","type":"image","subtype":"png","icon":"https:\/\/previews.elleven.digital\/acocearense\/wp-includes\/images\/media\/default.png","width":579,"height":360,"sizes":{"thumbnail":"https:\/\/previews.elleven.digital\/acocearense\/wp-content\/uploads\/2024\/11\/2018-150x150.png","thumbnail-width":150,"thumbnail-height":150,"medium":"https:\/\/previews.elleven.digital\/acocearense\/wp-content\/uploads\/2024\/11\/2018-300x187.png","medium-width":300,"medium-height":187,"medium_large":"https:\/\/previews.elleven.digital\/acocearense\/wp-content\/uploads\/2024\/11\/2018.png","medium_large-width":579,"medium_large-height":360,"large":"https:\/\/previews.elleven.digital\/acocearense\/wp-content\/uploads\/2024\/11\/2018.png","large-width":579,"large-height":360,"1536x1536":"https:\/\/previews.elleven.digital\/acocearense\/wp-content\/uploads\/2024\/11\/2018.png","1536x1536-width":579,"1536x1536-height":360,"2048x2048":"https:\/\/previews.elleven.digital\/acocearense\/wp-content\/uploads\/2024\/11\/2018.png","2048x2048-width":579,"2048x2048-height":360,"trp-custom-language-flag":"https:\/\/previews.elleven.digital\/acocearense\/wp-content\/uploads\/2024\/11\/2018.png","trp-custom-language-flag-width":18,"trp-custom-language-flag-height":12}},"ano":"2018","texto":"O Grupo A\u00e7o Cearense completa 39 anos com quase 4 mil colaboradores; figura pela quarta vez no ranking Valor 1000, na 314\u00aa coloca\u00e7\u00e3o, conquistando 34 posi\u00e7\u00f5es em rela\u00e7\u00e3o ao ano de 2016 e tamb\u00e9m \u00e9 relacionado no 19\u00ba lugar entre os 50 maiores da regi\u00e3o Nordeste, subindo 5 posi\u00e7\u00f5es; A SINOBRAS esteve mais uma vez na edi\u00e7\u00e3o especial do anu\u00e1rio do Jornal Valor Econ\u00f4mico \u201cValor 1.000\u201d na 698\u00aa posi\u00e7\u00e3o entre as 1.000 maiores empresas pelo valor das vendas l\u00edquidas em 2017 e figurou no ranking do Estad\u00e3o na posi\u00e7\u00e3o 539\u00aa entre as 1.500 maiores empresas brasileiras com base na receita l\u00edquida auferida em 2017."},{"imagem":{"ID":238,"id":238,"title":"2019","filename":"2019.png","filesize":24686,"url":"https:\/\/previews.elleven.digital\/acocearense\/wp-content\/uploads\/2024\/11\/2019.png","link":"https:\/\/previews.elleven.digital\/acocearense\/quem-somos\/attachment\/2019\/","alt":"","author":"1","description":"","caption":"","name":"2019","status":"inherit","uploaded_to":190,"date":"2024-11-05 19:13:47","modified":"2024-11-05 19:13:47","menu_order":0,"mime_type":"image\/png","type":"image","subtype":"png","icon":"https:\/\/previews.elleven.digital\/acocearense\/wp-includes\/images\/media\/default.png","width":579,"height":360,"sizes":{"thumbnail":"https:\/\/previews.elleven.digital\/acocearense\/wp-content\/uploads\/2024\/11\/2019-150x150.png","thumbnail-width":150,"thumbnail-height":150,"medium":"https:\/\/previews.elleven.digital\/acocearense\/wp-content\/uploads\/2024\/11\/2019-300x187.png","medium-width":300,"medium-height":187,"medium_large":"https:\/\/previews.elleven.digital\/acocearense\/wp-content\/uploads\/2024\/11\/2019.png","medium_large-width":579,"medium_large-height":360,"large":"https:\/\/previews.elleven.digital\/acocearense\/wp-content\/uploads\/2024\/11\/2019.png","large-width":579,"large-height":360,"1536x1536":"https:\/\/previews.elleven.digital\/acocearense\/wp-content\/uploads\/2024\/11\/2019.png","1536x1536-width":579,"1536x1536-height":360,"2048x2048":"https:\/\/previews.elleven.digital\/acocearense\/wp-content\/uploads\/2024\/11\/2019.png","2048x2048-width":579,"2048x2048-height":360,"trp-custom-language-flag":"https:\/\/previews.elleven.digital\/acocearense\/wp-content\/uploads\/2024\/11\/2019.png","trp-custom-language-flag-width":18,"trp-custom-language-flag-height":12}},"ano":"2019","texto":"O Grupo A\u00e7o Cearense, com 40 anos de mercado, destacou-se entre as maiores empresas do Brasil, ocupando a 286\u00aa posi\u00e7\u00e3o no ranking Valor 1000 e a 17\u00aa entre as 50 maiores do Nordeste.<br \/>\r\n<br \/>\r\nNo Anu\u00e1rio \u00c9poca Neg\u00f3cios 360\u00ba, avan\u00e7ou para a 296\u00aa posi\u00e7\u00e3o entre as 500 maiores por receita l\u00edquida, alcan\u00e7ando tamb\u00e9m o 2\u00ba lugar em Governan\u00e7a Corporativa na ind\u00fastria sider\u00fargica.<br \/>\r\n<br \/>\r\nA SINOBRAS, outra empresa do Grupo, foi reconhecida no Pr\u00eamio Anamaco 2019 e subiu para a 644\u00aa posi\u00e7\u00e3o na Exame Melhores & Maiores. Al\u00e9m disso, recebeu men\u00e7\u00f5es honrosas na Isto\u00c9 Dinheiro e a A\u00e7o Cearense Industrial Matriz foi premiada pela SUEZ por suas iniciativas de economia de \u00e1gua e efici\u00eancia no sistema de refrigera\u00e7\u00e3o."},{"imagem":{"ID":680,"id":680,"title":"2020","filename":"2020.jpg","filesize":134211,"url":"https:\/\/previews.elleven.digital\/acocearense\/wp-content\/uploads\/2025\/04\/2020.jpg","link":"https:\/\/previews.elleven.digital\/acocearense\/quem-somos\/attachment\/2020\/","alt":"","author":"1","description":"","caption":"","name":"2020","status":"inherit","uploaded_to":190,"date":"2025-04-03 12:02:38","modified":"2025-04-03 12:02:38","menu_order":0,"mime_type":"image\/jpeg","type":"image","subtype":"jpeg","icon":"https:\/\/previews.elleven.digital\/acocearense\/wp-includes\/images\/media\/default.png","width":1024,"height":576,"sizes":{"thumbnail":"https:\/\/previews.elleven.digital\/acocearense\/wp-content\/uploads\/2025\/04\/2020-150x150.jpg","thumbnail-width":150,"thumbnail-height":150,"medium":"https:\/\/previews.elleven.digital\/acocearense\/wp-content\/uploads\/2025\/04\/2020-300x169.jpg","medium-width":300,"medium-height":169,"medium_large":"https:\/\/previews.elleven.digital\/acocearense\/wp-content\/uploads\/2025\/04\/2020-768x432.jpg","medium_large-width":768,"medium_large-height":432,"large":"https:\/\/previews.elleven.digital\/acocearense\/wp-content\/uploads\/2025\/04\/2020.jpg","large-width":1024,"large-height":576,"1536x1536":"https:\/\/previews.elleven.digital\/acocearense\/wp-content\/uploads\/2025\/04\/2020.jpg","1536x1536-width":1024,"1536x1536-height":576,"2048x2048":"https:\/\/previews.elleven.digital\/acocearense\/wp-content\/uploads\/2025\/04\/2020.jpg","2048x2048-width":1024,"2048x2048-height":576,"trp-custom-language-flag":"https:\/\/previews.elleven.digital\/acocearense\/wp-content\/uploads\/2025\/04\/2020.jpg","trp-custom-language-flag-width":18,"trp-custom-language-flag-height":10}},"ano":"2020","texto":"O Grupo A\u00e7o Cearense figurou novamente no ranking dos maiores grupos empresariais do pa\u00eds, desta vez foi no anu\u00e1rio Valor Grandes Grupos.<br \/>\r\n<br \/>\r\nElaborada pelo jornal Valor Econ\u00f4mico, a 18\u00aa edi\u00e7\u00e3o do guia apresentou as principais corpora\u00e7\u00f5es em atividade no Brasil, entre elas o GAC na 200\u00aa coloca\u00e7\u00e3o.<br \/>\r\n<br \/>\r\nO Instituto A\u00e7o Cearense completou 10 anos de atua\u00e7\u00e3o, desenvolvendo um trabalho forte na \u00e1rea social e contribuindo para o fortalecimento das comunidades onde o Grupo A\u00e7o Cearense atua.<br \/>\r\n<br \/>\r\nO Grupo A\u00e7o Cearense venceu o pr\u00eamio de inova\u00e7\u00e3o,\u00a0SAP\u00a0InnovationAwards 2020, por utilizar o\u00a0SAP\u00a0AnalyticsCloud (SAC)\u00a0para otimizar o processo de planejamento or\u00e7ament\u00e1rio. A solu\u00e7\u00e3o destacou-se entre as 264 inscritas no mundo todo como um dos exemplos mais significativos de inova\u00e7\u00e3o."},{"imagem":{"ID":681,"id":681,"title":"2021","filename":"2021.jpg","filesize":169305,"url":"https:\/\/previews.elleven.digital\/acocearense\/wp-content\/uploads\/2025\/04\/2021.jpg","link":"https:\/\/previews.elleven.digital\/acocearense\/quem-somos\/attachment\/2021\/","alt":"","author":"1","description":"","caption":"","name":"2021","status":"inherit","uploaded_to":190,"date":"2025-04-03 12:02:39","modified":"2025-04-03 12:02:39","menu_order":0,"mime_type":"image\/jpeg","type":"image","subtype":"jpeg","icon":"https:\/\/previews.elleven.digital\/acocearense\/wp-includes\/images\/media\/default.png","width":1024,"height":608,"sizes":{"thumbnail":"https:\/\/previews.elleven.digital\/acocearense\/wp-content\/uploads\/2025\/04\/2021-150x150.jpg","thumbnail-width":150,"thumbnail-height":150,"medium":"https:\/\/previews.elleven.digital\/acocearense\/wp-content\/uploads\/2025\/04\/2021-300x178.jpg","medium-width":300,"medium-height":178,"medium_large":"https:\/\/previews.elleven.digital\/acocearense\/wp-content\/uploads\/2025\/04\/2021-768x456.jpg","medium_large-width":768,"medium_large-height":456,"large":"https:\/\/previews.elleven.digital\/acocearense\/wp-content\/uploads\/2025\/04\/2021.jpg","large-width":1024,"large-height":608,"1536x1536":"https:\/\/previews.elleven.digital\/acocearense\/wp-content\/uploads\/2025\/04\/2021.jpg","1536x1536-width":1024,"1536x1536-height":608,"2048x2048":"https:\/\/previews.elleven.digital\/acocearense\/wp-content\/uploads\/2025\/04\/2021.jpg","2048x2048-width":1024,"2048x2048-height":608,"trp-custom-language-flag":"https:\/\/previews.elleven.digital\/acocearense\/wp-content\/uploads\/2025\/04\/2021.jpg","trp-custom-language-flag-width":18,"trp-custom-language-flag-height":12}},"ano":"2021","texto":"Com faturamento de 3,6 bilh\u00f5es, em 2020, no ranking Valor Grandes Grupos, o Grupo A\u00e7o Cearense figurou entre as 200 principais corpora\u00e7\u00f5es em atividade do pa\u00eds.<br \/>\r\n<br \/>\r\nNo anu\u00e1rio Valor 1000, desde 2013, aparece como uma das maiores empresas brasileiras.<br \/>\r\n<br \/>\r\nAl\u00e9m disso, empresas do Grupo tamb\u00e9m se destacam, como a SINOBRAS que foi listada no ranking da \u00c9poca Neg\u00f3cios 360\u00b0, na 291\u00aa coloca\u00e7\u00e3o entre as 500 maiores empresas do pa\u00eds e na 207\u00aa entre as 334 melhores companhias em excel\u00eancia, com destaque em diversos setores da economia, alcan\u00e7ando ainda o 2\u00ba lugar no indicador Desempenho Financeiro e o 5\u00ba no indicador Sustentabilidade, dentro do segmento Minera\u00e7\u00e3o e Siderurgia."},{"imagem":{"ID":682,"id":682,"title":"2022","filename":"2022.jpg","filesize":145954,"url":"https:\/\/previews.elleven.digital\/acocearense\/wp-content\/uploads\/2025\/04\/2022.jpg","link":"https:\/\/previews.elleven.digital\/acocearense\/quem-somos\/attachment\/2022\/","alt":"","author":"1","description":"","caption":"","name":"2022","status":"inherit","uploaded_to":190,"date":"2025-04-03 12:02:40","modified":"2025-04-03 12:02:40","menu_order":0,"mime_type":"image\/jpeg","type":"image","subtype":"jpeg","icon":"https:\/\/previews.elleven.digital\/acocearense\/wp-includes\/images\/media\/default.png","width":1024,"height":686,"sizes":{"thumbnail":"https:\/\/previews.elleven.digital\/acocearense\/wp-content\/uploads\/2025\/04\/2022-150x150.jpg","thumbnail-width":150,"thumbnail-height":150,"medium":"https:\/\/previews.elleven.digital\/acocearense\/wp-content\/uploads\/2025\/04\/2022-300x201.jpg","medium-width":300,"medium-height":201,"medium_large":"https:\/\/previews.elleven.digital\/acocearense\/wp-content\/uploads\/2025\/04\/2022-768x515.jpg","medium_large-width":768,"medium_large-height":515,"large":"https:\/\/previews.elleven.digital\/acocearense\/wp-content\/uploads\/2025\/04\/2022.jpg","large-width":1024,"large-height":686,"1536x1536":"https:\/\/previews.elleven.digital\/acocearense\/wp-content\/uploads\/2025\/04\/2022.jpg","1536x1536-width":1024,"1536x1536-height":686,"2048x2048":"https:\/\/previews.elleven.digital\/acocearense\/wp-content\/uploads\/2025\/04\/2022.jpg","2048x2048-width":1024,"2048x2048-height":686,"trp-custom-language-flag":"https:\/\/previews.elleven.digital\/acocearense\/wp-content\/uploads\/2025\/04\/2022.jpg","trp-custom-language-flag-width":18,"trp-custom-language-flag-height":12}},"ano":"2022","texto":"O Grupo A\u00e7o Cearense, com mais de 42 anos de atua\u00e7\u00e3o, adota uma estrat\u00e9gia sustent\u00e1vel e inovadora pautada em valores humanos e princ\u00edpios ESG, destacando-se como o maior reciclador de sucata de a\u00e7o do Norte-Nordeste.<br \/>\r\n<br \/>\r\nNa SINOBRAS, 70% do a\u00e7o produzido vem de sucata, e a SINOBRAS Florestal fornece bioenergia de eucalipto em 17 fazendas.<br \/>\r\n<br \/>\r\nO Grupo tamb\u00e9m desenvolve projetos para reduzir o impacto ambiental, como reuso de \u00e1gua e log\u00edstica reversa para materiais perigosos.<br \/>\r\n<br \/>\r\nEm parceria com a Vale, a SINOBRAS est\u00e1 construindo uma nova aciaria em Marab\u00e1 (PA), que contar\u00e1 com mat\u00e9ria-prima da Tecnored, subsidi\u00e1ria da Vale."},{"imagem":{"ID":683,"id":683,"title":"2023","filename":"2023.jpg","filesize":62334,"url":"https:\/\/previews.elleven.digital\/acocearense\/wp-content\/uploads\/2025\/04\/2023.jpg","link":"https:\/\/previews.elleven.digital\/acocearense\/quem-somos\/attachment\/2023\/","alt":"","author":"1","description":"","caption":"","name":"2023","status":"inherit","uploaded_to":190,"date":"2025-04-03 12:02:41","modified":"2025-04-03 12:02:41","menu_order":0,"mime_type":"image\/jpeg","type":"image","subtype":"jpeg","icon":"https:\/\/previews.elleven.digital\/acocearense\/wp-includes\/images\/media\/default.png","width":1024,"height":683,"sizes":{"thumbnail":"https:\/\/previews.elleven.digital\/acocearense\/wp-content\/uploads\/2025\/04\/2023-150x150.jpg","thumbnail-width":150,"thumbnail-height":150,"medium":"https:\/\/previews.elleven.digital\/acocearense\/wp-content\/uploads\/2025\/04\/2023-300x200.jpg","medium-width":300,"medium-height":200,"medium_large":"https:\/\/previews.elleven.digital\/acocearense\/wp-content\/uploads\/2025\/04\/2023-768x512.jpg","medium_large-width":768,"medium_large-height":512,"large":"https:\/\/previews.elleven.digital\/acocearense\/wp-content\/uploads\/2025\/04\/2023.jpg","large-width":1024,"large-height":683,"1536x1536":"https:\/\/previews.elleven.digital\/acocearense\/wp-content\/uploads\/2025\/04\/2023.jpg","1536x1536-width":1024,"1536x1536-height":683,"2048x2048":"https:\/\/previews.elleven.digital\/acocearense\/wp-content\/uploads\/2025\/04\/2023.jpg","2048x2048-width":1024,"2048x2048-height":683,"trp-custom-language-flag":"https:\/\/previews.elleven.digital\/acocearense\/wp-content\/uploads\/2025\/04\/2023.jpg","trp-custom-language-flag-width":18,"trp-custom-language-flag-height":12}},"ano":"2023","texto":"Com 44 anos de hist\u00f3ria, o Grupo A\u00e7o Cearense lan\u00e7ou a A\u00e7o Cearense Log\u00edstica, centralizando a log\u00edstica de todas as empresas do Grupo.<br \/>\r\n<br \/>\r\nA SINOBRAS iniciou a opera\u00e7\u00e3o da Lamina\u00e7\u00e3o 2, com capacidade para aumentar a produ\u00e7\u00e3o de 380 para 850 mil toneladas de a\u00e7o laminado por ano.<br \/>\r\n<br \/>\r\nEm 2023, o Grupo foi classificado como a 220\u00aa maior empresa do Brasil pela revista Valor 1000 e ocupa o 6\u00ba lugar no setor de metalurgia e siderurgia.<br \/>\r\n<br \/>\r\nO Instituto A\u00e7o Cearense, que completou 13 anos, j\u00e1 investiu mais de R$ 28,5 milh\u00f5es em a\u00e7\u00f5es sociais, beneficiando mais de 454 mil pessoas, e agora apoia o Projeto Favela 3D em Fortaleza, visando transformar comunidades vulner\u00e1veis."},{"imagem":{"ID":684,"id":684,"title":"2024","filename":"2024.jpg","filesize":197663,"url":"https:\/\/previews.elleven.digital\/acocearense\/wp-content\/uploads\/2025\/04\/2024.jpg","link":"https:\/\/previews.elleven.digital\/acocearense\/quem-somos\/attachment\/2024\/","alt":"","author":"1","description":"","caption":"","name":"2024","status":"inherit","uploaded_to":190,"date":"2025-04-03 12:02:41","modified":"2025-04-03 12:02:41","menu_order":0,"mime_type":"image\/jpeg","type":"image","subtype":"jpeg","icon":"https:\/\/previews.elleven.digital\/acocearense\/wp-includes\/images\/media\/default.png","width":1024,"height":768,"sizes":{"thumbnail":"https:\/\/previews.elleven.digital\/acocearense\/wp-content\/uploads\/2025\/04\/2024-150x150.jpg","thumbnail-width":150,"thumbnail-height":150,"medium":"https:\/\/previews.elleven.digital\/acocearense\/wp-content\/uploads\/2025\/04\/2024-300x225.jpg","medium-width":300,"medium-height":225,"medium_large":"https:\/\/previews.elleven.digital\/acocearense\/wp-content\/uploads\/2025\/04\/2024-768x576.jpg","medium_large-width":768,"medium_large-height":576,"large":"https:\/\/previews.elleven.digital\/acocearense\/wp-content\/uploads\/2025\/04\/2024.jpg","large-width":1024,"large-height":768,"1536x1536":"https:\/\/previews.elleven.digital\/acocearense\/wp-content\/uploads\/2025\/04\/2024.jpg","1536x1536-width":1024,"1536x1536-height":768,"2048x2048":"https:\/\/previews.elleven.digital\/acocearense\/wp-content\/uploads\/2025\/04\/2024.jpg","2048x2048-width":1024,"2048x2048-height":768,"trp-custom-language-flag":"https:\/\/previews.elleven.digital\/acocearense\/wp-content\/uploads\/2025\/04\/2024.jpg","trp-custom-language-flag-width":16,"trp-custom-language-flag-height":12}},"ano":"2024","texto":"Com um faturamento anual de R$ 6 bilh\u00f5es e a amplia\u00e7\u00e3o da capacidade produtiva para 1,4 milh\u00e3o de toneladas, o Grupo A\u00e7o Cearense celebrou seus 45 anos com conquistas que refor\u00e7am sua grandiosidade.<br \/>\r\n<br \/>\r\nEm um ano t\u00e3o especial, a empresa consolidou sua posi\u00e7\u00e3o no mercado, figurando mais uma vez no ranking do Valor Econ\u00f4mico. Fomos reconhecidos como a 6\u00aa maior empresa do setor de metalurgia e siderurgia do Brasil, a 17\u00aa maior do Nordeste e ocupamos a 263\u00aa posi\u00e7\u00e3o entre as 1000 maiores empresas do pa\u00eds.<br \/>\r\n<br \/>\r\n2024 foi um ano de evolu\u00e7\u00e3o e crescimento, marcado pela busca incessante por inova\u00e7\u00e3o, transforma\u00e7\u00e3o digital, otimiza\u00e7\u00e3o de tecnologias e sustentabilidade."}]},"yoast_head":"<!-- This site is optimized with the Yoast SEO plugin v25.9 - https:\/\/yoast.com\/wordpress\/plugins\/seo\/ -->\n<title>Hist\u00f3ria - Grupo A\u00e7o Cearense<\/title>\n<meta name=\"robots\" content=\"index, follow, max-snippet:-1, max-image-preview:large, max-video-preview:-1\" \/>\n<link rel=\"canonical\" href=\"https:\/\/previews.elleven.digital\/acocearense\/quem-somos\/historia\/\" \/>\n<meta property=\"og:locale\" content=\"pt_BR\" \/>\n<meta property=\"og:type\" content=\"article\" \/>\n<meta property=\"og:title\" content=\"Hist\u00f3ria - Grupo A\u00e7o Cearense\" \/>\n<meta property=\"og:url\" content=\"https:\/\/previews.elleven.digital\/acocearense\/quem-somos\/historia\/\" \/>\n<meta property=\"og:site_name\" content=\"Grupo A\u00e7o Cearense\" \/>\n<meta property=\"article:modified_time\" content=\"2025-04-15T14:52:54+00:00\" \/>\n<meta property=\"og:image\" content=\"https:\/\/previews.elleven.digital\/acocearense\/wp-content\/uploads\/2025\/03\/open-graph.png\" \/>\n\t<meta property=\"og:image:width\" content=\"1200\" \/>\n\t<meta property=\"og:image:height\" content=\"675\" \/>\n\t<meta property=\"og:image:type\" content=\"image\/png\" \/>\n<meta name=\"twitter:card\" content=\"summary_large_image\" \/>\n<script type=\"application\/ld+json\" class=\"yoast-schema-graph\">{\"@context\":\"https:\/\/schema.org\",\"@graph\":[{\"@type\":\"WebPage\",\"@id\":\"https:\/\/previews.elleven.digital\/acocearense\/quem-somos\/historia\/\",\"url\":\"https:\/\/previews.elleven.digital\/acocearense\/quem-somos\/historia\/\",\"name\":\"Hist\u00f3ria - Grupo A\u00e7o Cearense\",\"isPartOf\":{\"@id\":\"https:\/\/previews.elleven.digital\/acocearense\/#website\"},\"datePublished\":\"2025-04-15T14:41:38+00:00\",\"dateModified\":\"2025-04-15T14:52:54+00:00\",\"breadcrumb\":{\"@id\":\"https:\/\/previews.elleven.digital\/acocearense\/quem-somos\/historia\/#breadcrumb\"},\"inLanguage\":\"pt-BR\",\"potentialAction\":[{\"@type\":\"ReadAction\",\"target\":[\"https:\/\/previews.elleven.digital\/acocearense\/quem-somos\/historia\/\"]}]},{\"@type\":\"BreadcrumbList\",\"@id\":\"https:\/\/previews.elleven.digital\/acocearense\/quem-somos\/historia\/#breadcrumb\",\"itemListElement\":[{\"@type\":\"ListItem\",\"position\":1,\"name\":\"In\u00edcio\",\"item\":\"https:\/\/previews.elleven.digital\/acocearense\/\"},{\"@type\":\"ListItem\",\"position\":2,\"name\":\"Quem Somos\",\"item\":\"https:\/\/previews.elleven.digital\/acocearense\/quem-somos\/\"},{\"@type\":\"ListItem\",\"position\":3,\"name\":\"Hist\u00f3ria\"}]},{\"@type\":\"WebSite\",\"@id\":\"https:\/\/previews.elleven.digital\/acocearense\/#website\",\"url\":\"https:\/\/previews.elleven.digital\/acocearense\/\",\"name\":\"A\u00e7o Cearense\",\"description\":\"H\u00e1 mais de 45 anos no mercado brasileiro do a\u00e7o.\",\"alternateName\":\"A\u00e7o Cearense\",\"potentialAction\":[{\"@type\":\"SearchAction\",\"target\":{\"@type\":\"EntryPoint\",\"urlTemplate\":\"https:\/\/previews.elleven.digital\/acocearense\/?s={search_term_string}\"},\"query-input\":{\"@type\":\"PropertyValueSpecification\",\"valueRequired\":true,\"valueName\":\"search_term_string\"}}],\"inLanguage\":\"pt-BR\"}]}<\/script>\n<!-- \/ Yoast SEO plugin. -->","yoast_head_json":{"title":"Hist\u00f3ria - Grupo A\u00e7o Cearense","robots":{"index":"index","follow":"follow","max-snippet":"max-snippet:-1","max-image-preview":"max-image-preview:large","max-video-preview":"max-video-preview:-1"},"canonical":"https:\/\/previews.elleven.digital\/acocearense\/quem-somos\/historia\/","og_locale":"pt_BR","og_type":"article","og_title":"Hist\u00f3ria - Grupo A\u00e7o Cearense","og_url":"https:\/\/previews.elleven.digital\/acocearense\/quem-somos\/historia\/","og_site_name":"Grupo A\u00e7o Cearense","article_modified_time":"2025-04-15T14:52:54+00:00","og_image":[{"width":1200,"height":675,"url":"https:\/\/previews.elleven.digital\/acocearense\/wp-content\/uploads\/2025\/03\/open-graph.png","type":"image\/png"}],"twitter_card":"summary_large_image","schema":{"@context":"https:\/\/schema.org","@graph":[{"@type":"WebPage","@id":"https:\/\/previews.elleven.digital\/acocearense\/quem-somos\/historia\/","url":"https:\/\/previews.elleven.digital\/acocearense\/quem-somos\/historia\/","name":"Hist\u00f3ria - Grupo A\u00e7o Cearense","isPartOf":{"@id":"https:\/\/previews.elleven.digital\/acocearense\/#website"},"datePublished":"2025-04-15T14:41:38+00:00","dateModified":"2025-04-15T14:52:54+00:00","breadcrumb":{"@id":"https:\/\/previews.elleven.digital\/acocearense\/quem-somos\/historia\/#breadcrumb"},"inLanguage":"pt-BR","potentialAction":[{"@type":"ReadAction","target":["https:\/\/previews.elleven.digital\/acocearense\/quem-somos\/historia\/"]}]},{"@type":"BreadcrumbList","@id":"https:\/\/previews.elleven.digital\/acocearense\/quem-somos\/historia\/#breadcrumb","itemListElement":[{"@type":"ListItem","position":1,"name":"In\u00edcio","item":"https:\/\/previews.elleven.digital\/acocearense\/"},{"@type":"ListItem","position":2,"name":"Quem Somos","item":"https:\/\/previews.elleven.digital\/acocearense\/quem-somos\/"},{"@type":"ListItem","position":3,"name":"Hist\u00f3ria"}]},{"@type":"WebSite","@id":"https:\/\/previews.elleven.digital\/acocearense\/#website","url":"https:\/\/previews.elleven.digital\/acocearense\/","name":"A\u00e7o Cearense","description":"H\u00e1 mais de 45 anos no mercado brasileiro do a\u00e7o.","alternateName":"A\u00e7o Cearense","potentialAction":[{"@type":"SearchAction","target":{"@type":"EntryPoint","urlTemplate":"https:\/\/previews.elleven.digital\/acocearense\/?s={search_term_string}"},"query-input":{"@type":"PropertyValueSpecification","valueRequired":true,"valueName":"search_term_string"}}],"inLanguage":"pt-BR"}]}},"_links":{"self":[{"href":"https:\/\/previews.elleven.digital\/acocearense\/wp-json\/wp\/v2\/pages\/759","targetHints":{"allow":["GET"]}}],"collection":[{"href":"https:\/\/previews.elleven.digital\/acocearense\/wp-json\/wp\/v2\/pages"}],"about":[{"href":"https:\/\/previews.elleven.digital\/acocearense\/wp-json\/wp\/v2\/types\/page"}],"author":[{"embeddable":true,"href":"https:\/\/previews.elleven.digital\/acocearense\/wp-json\/wp\/v2\/users\/1"}],"replies":[{"embeddable":true,"href":"https:\/\/previews.elleven.digital\/acocearense\/wp-json\/wp\/v2\/comments?post=759"}],"version-history":[{"count":2,"href":"https:\/\/previews.elleven.digital\/acocearense\/wp-json\/wp\/v2\/pages\/759\/revisions"}],"predecessor-version":[{"id":776,"href":"https:\/\/previews.elleven.digital\/acocearense\/wp-json\/wp\/v2\/pages\/759\/revisions\/776"}],"up":[{"embeddable":true,"href":"https:\/\/previews.elleven.digital\/acocearense\/wp-json\/wp\/v2\/pages\/190"}],"wp:attachment":[{"href":"https:\/\/previews.elleven.digital\/acocearense\/wp-json\/wp\/v2\/media?parent=759"}],"curies":[{"name":"wp","href":"https:\/\/api.w.org\/{rel}","templated":true}]}}