{"id":756,"date":"2025-04-15T11:41:17","date_gmt":"2025-04-15T14:41:17","guid":{"rendered":"https:\/\/previews.elleven.digital\/acocearense\/?page_id=756"},"modified":"2025-04-15T14:12:30","modified_gmt":"2025-04-15T17:12:30","slug":"premios","status":"publish","type":"page","link":"https:\/\/previews.elleven.digital\/acocearense\/en\/quem-somos\/premios\/","title":{"rendered":"Awards and Recognitions"},"content":{"rendered":"","protected":false},"excerpt":{"rendered":"","protected":false},"author":1,"featured_media":0,"parent":190,"menu_order":0,"comment_status":"closed","ping_status":"closed","template":"","meta":{"_acf_changed":false,"inline_featured_image":false,"footnotes":""},"class_list":["post-756","page","type-page","status-publish","hentry"],"acf":{"premios":[{"ano":"2025","premios":[{"icone":{"ID":247,"id":247,"title":"trophy","filename":"trophy.svg","filesize":3170,"url":"https:\/\/previews.elleven.digital\/acocearense\/wp-content\/uploads\/2024\/11\/trophy.svg","link":"https:\/\/previews.elleven.digital\/acocearense\/en\/quem-somos\/trophy\/","alt":"","author":"1","description":"","caption":"","name":"trophy","status":"inherit","uploaded_to":190,"date":"2024-11-05 19:21:37","modified":"2024-11-05 19:21:37","menu_order":0,"mime_type":"image\/svg+xml","type":"image","subtype":"svg+xml","icon":"https:\/\/previews.elleven.digital\/acocearense\/wp-includes\/images\/media\/default.png","width":32,"height":32,"sizes":{"thumbnail":"https:\/\/previews.elleven.digital\/acocearense\/wp-content\/uploads\/2024\/11\/trophy.svg","thumbnail-width":150,"thumbnail-height":150,"medium":"https:\/\/previews.elleven.digital\/acocearense\/wp-content\/uploads\/2024\/11\/trophy.svg","medium-width":300,"medium-height":300,"medium_large":"https:\/\/previews.elleven.digital\/acocearense\/wp-content\/uploads\/2024\/11\/trophy.svg","medium_large-width":768,"medium_large-height":768,"large":"https:\/\/previews.elleven.digital\/acocearense\/wp-content\/uploads\/2024\/11\/trophy.svg","large-width":1024,"large-height":1024,"1536x1536":"https:\/\/previews.elleven.digital\/acocearense\/wp-content\/uploads\/2024\/11\/trophy.svg","1536x1536-width":32,"1536x1536-height":32,"2048x2048":"https:\/\/previews.elleven.digital\/acocearense\/wp-content\/uploads\/2024\/11\/trophy.svg","2048x2048-width":32,"2048x2048-height":32,"trp-custom-language-flag":"https:\/\/previews.elleven.digital\/acocearense\/wp-content\/uploads\/2024\/11\/trophy.svg","trp-custom-language-flag-width":12,"trp-custom-language-flag-height":12}},"titulo":"Aline Ferreira recebe premia\u00e7\u00e3o do MT Indica 2024, na categoria Mulheres de Impacto","texto":"A Vice-Presidente Comercial e Financeira do Grupo A\u00e7o Cearense, Aline Ferreira, foi reconhecida pela segunda vez consecutiva na categoria Mulheres de Impacto, que destaca mulheres que inspiram outras mulheres com suas trajet\u00f3rias."}]},{"ano":"2024","premios":[{"icone":{"ID":247,"id":247,"title":"trophy","filename":"trophy.svg","filesize":3170,"url":"https:\/\/previews.elleven.digital\/acocearense\/wp-content\/uploads\/2024\/11\/trophy.svg","link":"https:\/\/previews.elleven.digital\/acocearense\/en\/quem-somos\/trophy\/","alt":"","author":"1","description":"","caption":"","name":"trophy","status":"inherit","uploaded_to":190,"date":"2024-11-05 19:21:37","modified":"2024-11-05 19:21:37","menu_order":0,"mime_type":"image\/svg+xml","type":"image","subtype":"svg+xml","icon":"https:\/\/previews.elleven.digital\/acocearense\/wp-includes\/images\/media\/default.png","width":32,"height":32,"sizes":{"thumbnail":"https:\/\/previews.elleven.digital\/acocearense\/wp-content\/uploads\/2024\/11\/trophy.svg","thumbnail-width":150,"thumbnail-height":150,"medium":"https:\/\/previews.elleven.digital\/acocearense\/wp-content\/uploads\/2024\/11\/trophy.svg","medium-width":300,"medium-height":300,"medium_large":"https:\/\/previews.elleven.digital\/acocearense\/wp-content\/uploads\/2024\/11\/trophy.svg","medium_large-width":768,"medium_large-height":768,"large":"https:\/\/previews.elleven.digital\/acocearense\/wp-content\/uploads\/2024\/11\/trophy.svg","large-width":1024,"large-height":1024,"1536x1536":"https:\/\/previews.elleven.digital\/acocearense\/wp-content\/uploads\/2024\/11\/trophy.svg","1536x1536-width":32,"1536x1536-height":32,"2048x2048":"https:\/\/previews.elleven.digital\/acocearense\/wp-content\/uploads\/2024\/11\/trophy.svg","2048x2048-width":32,"2048x2048-height":32,"trp-custom-language-flag":"https:\/\/previews.elleven.digital\/acocearense\/wp-content\/uploads\/2024\/11\/trophy.svg","trp-custom-language-flag-width":12,"trp-custom-language-flag-height":12}},"titulo":"Pr\u00eamios de Intraempreendedorismo da AEVO","texto":"A iniciativa reconhece empresas e equipes que promovem a inova\u00e7\u00e3o e estimulam o protagonismo dos colaboradores no Brasil. A premia\u00e7\u00e3o \u00e9 dividida em duas categorias principais, Empresas e Equipes, em que obtivemos destaque em quatro modalidades: Inova\u00e7\u00e3o de Sustenta\u00e7\u00e3o, Inova\u00e7\u00e3o de Transforma\u00e7\u00e3o, Inova\u00e7\u00e3o Aberta e Inova\u00e7\u00e3o ESG."},{"icone":{"ID":247,"id":247,"title":"trophy","filename":"trophy.svg","filesize":3170,"url":"https:\/\/previews.elleven.digital\/acocearense\/wp-content\/uploads\/2024\/11\/trophy.svg","link":"https:\/\/previews.elleven.digital\/acocearense\/en\/quem-somos\/trophy\/","alt":"","author":"1","description":"","caption":"","name":"trophy","status":"inherit","uploaded_to":190,"date":"2024-11-05 19:21:37","modified":"2024-11-05 19:21:37","menu_order":0,"mime_type":"image\/svg+xml","type":"image","subtype":"svg+xml","icon":"https:\/\/previews.elleven.digital\/acocearense\/wp-includes\/images\/media\/default.png","width":32,"height":32,"sizes":{"thumbnail":"https:\/\/previews.elleven.digital\/acocearense\/wp-content\/uploads\/2024\/11\/trophy.svg","thumbnail-width":150,"thumbnail-height":150,"medium":"https:\/\/previews.elleven.digital\/acocearense\/wp-content\/uploads\/2024\/11\/trophy.svg","medium-width":300,"medium-height":300,"medium_large":"https:\/\/previews.elleven.digital\/acocearense\/wp-content\/uploads\/2024\/11\/trophy.svg","medium_large-width":768,"medium_large-height":768,"large":"https:\/\/previews.elleven.digital\/acocearense\/wp-content\/uploads\/2024\/11\/trophy.svg","large-width":1024,"large-height":1024,"1536x1536":"https:\/\/previews.elleven.digital\/acocearense\/wp-content\/uploads\/2024\/11\/trophy.svg","1536x1536-width":32,"1536x1536-height":32,"2048x2048":"https:\/\/previews.elleven.digital\/acocearense\/wp-content\/uploads\/2024\/11\/trophy.svg","2048x2048-width":32,"2048x2048-height":32,"trp-custom-language-flag":"https:\/\/previews.elleven.digital\/acocearense\/wp-content\/uploads\/2024\/11\/trophy.svg","trp-custom-language-flag-width":12,"trp-custom-language-flag-height":12}},"titulo":"Premia\u00e7\u00e3o da Associa\u00e7\u00e3o Brasileira de Recursos Humanos (ABRH)","texto":"A Grupo A\u00e7o Cearense ficou no p\u00f3dio da premia\u00e7\u00e3o da Associa\u00e7\u00e3o Brasileira de Recursos Humanos (ABRH-CE), sendo reconhecido na categoria ESG com o Projeto Favela 3D (2\u00ba lugar) e na categoria Desenvolvimento com o Projeto EducaA\u00e7o (3\u00ba lugar)."},{"icone":{"ID":247,"id":247,"title":"trophy","filename":"trophy.svg","filesize":3170,"url":"https:\/\/previews.elleven.digital\/acocearense\/wp-content\/uploads\/2024\/11\/trophy.svg","link":"https:\/\/previews.elleven.digital\/acocearense\/en\/quem-somos\/trophy\/","alt":"","author":"1","description":"","caption":"","name":"trophy","status":"inherit","uploaded_to":190,"date":"2024-11-05 19:21:37","modified":"2024-11-05 19:21:37","menu_order":0,"mime_type":"image\/svg+xml","type":"image","subtype":"svg+xml","icon":"https:\/\/previews.elleven.digital\/acocearense\/wp-includes\/images\/media\/default.png","width":32,"height":32,"sizes":{"thumbnail":"https:\/\/previews.elleven.digital\/acocearense\/wp-content\/uploads\/2024\/11\/trophy.svg","thumbnail-width":150,"thumbnail-height":150,"medium":"https:\/\/previews.elleven.digital\/acocearense\/wp-content\/uploads\/2024\/11\/trophy.svg","medium-width":300,"medium-height":300,"medium_large":"https:\/\/previews.elleven.digital\/acocearense\/wp-content\/uploads\/2024\/11\/trophy.svg","medium_large-width":768,"medium_large-height":768,"large":"https:\/\/previews.elleven.digital\/acocearense\/wp-content\/uploads\/2024\/11\/trophy.svg","large-width":1024,"large-height":1024,"1536x1536":"https:\/\/previews.elleven.digital\/acocearense\/wp-content\/uploads\/2024\/11\/trophy.svg","1536x1536-width":32,"1536x1536-height":32,"2048x2048":"https:\/\/previews.elleven.digital\/acocearense\/wp-content\/uploads\/2024\/11\/trophy.svg","2048x2048-width":32,"2048x2048-height":32,"trp-custom-language-flag":"https:\/\/previews.elleven.digital\/acocearense\/wp-content\/uploads\/2024\/11\/trophy.svg","trp-custom-language-flag-width":12,"trp-custom-language-flag-height":12}},"titulo":"Jur\u00eddico do Grupo A\u00e7o Cearense conquista a Certifica\u00e7\u00e3o INFINITE de Inova\u00e7\u00e3o Jur\u00eddica","texto":"A equipe jur\u00eddica do Grupo A\u00e7o Cearense foi reconhecida no maior congresso de inova\u00e7\u00e3o e tecnologia jur\u00eddico, o AB2L Lawtech Experience 2024 pela implanta\u00e7\u00e3o das melhores pr\u00e1ticas de inova\u00e7\u00e3o jur\u00eddica. "},{"icone":{"ID":247,"id":247,"title":"trophy","filename":"trophy.svg","filesize":3170,"url":"https:\/\/previews.elleven.digital\/acocearense\/wp-content\/uploads\/2024\/11\/trophy.svg","link":"https:\/\/previews.elleven.digital\/acocearense\/en\/quem-somos\/trophy\/","alt":"","author":"1","description":"","caption":"","name":"trophy","status":"inherit","uploaded_to":190,"date":"2024-11-05 19:21:37","modified":"2024-11-05 19:21:37","menu_order":0,"mime_type":"image\/svg+xml","type":"image","subtype":"svg+xml","icon":"https:\/\/previews.elleven.digital\/acocearense\/wp-includes\/images\/media\/default.png","width":32,"height":32,"sizes":{"thumbnail":"https:\/\/previews.elleven.digital\/acocearense\/wp-content\/uploads\/2024\/11\/trophy.svg","thumbnail-width":150,"thumbnail-height":150,"medium":"https:\/\/previews.elleven.digital\/acocearense\/wp-content\/uploads\/2024\/11\/trophy.svg","medium-width":300,"medium-height":300,"medium_large":"https:\/\/previews.elleven.digital\/acocearense\/wp-content\/uploads\/2024\/11\/trophy.svg","medium_large-width":768,"medium_large-height":768,"large":"https:\/\/previews.elleven.digital\/acocearense\/wp-content\/uploads\/2024\/11\/trophy.svg","large-width":1024,"large-height":1024,"1536x1536":"https:\/\/previews.elleven.digital\/acocearense\/wp-content\/uploads\/2024\/11\/trophy.svg","1536x1536-width":32,"1536x1536-height":32,"2048x2048":"https:\/\/previews.elleven.digital\/acocearense\/wp-content\/uploads\/2024\/11\/trophy.svg","2048x2048-width":32,"2048x2048-height":32,"trp-custom-language-flag":"https:\/\/previews.elleven.digital\/acocearense\/wp-content\/uploads\/2024\/11\/trophy.svg","trp-custom-language-flag-width":12,"trp-custom-language-flag-height":12}},"titulo":"Aline Ferreira \u00e9 homenageada com a comenda \u201cMedalha Sebasti\u00e3o de Arruda Gomes\u201d","texto":"Nossa Vice-Presidente Comercial e Financeira, Aline Ferreira, foi homenageada pelo Sindicato das Ind\u00fastrias Metal\u00fargicas, Mec\u00e2nicas e de Material El\u00e9trico no Estado do Cear\u00e1 (SIMEC) por sua contribui\u00e7\u00e3o relevante para o setor no Cear\u00e1."},{"icone":{"ID":247,"id":247,"title":"trophy","filename":"trophy.svg","filesize":3170,"url":"https:\/\/previews.elleven.digital\/acocearense\/wp-content\/uploads\/2024\/11\/trophy.svg","link":"https:\/\/previews.elleven.digital\/acocearense\/en\/quem-somos\/trophy\/","alt":"","author":"1","description":"","caption":"","name":"trophy","status":"inherit","uploaded_to":190,"date":"2024-11-05 19:21:37","modified":"2024-11-05 19:21:37","menu_order":0,"mime_type":"image\/svg+xml","type":"image","subtype":"svg+xml","icon":"https:\/\/previews.elleven.digital\/acocearense\/wp-includes\/images\/media\/default.png","width":32,"height":32,"sizes":{"thumbnail":"https:\/\/previews.elleven.digital\/acocearense\/wp-content\/uploads\/2024\/11\/trophy.svg","thumbnail-width":150,"thumbnail-height":150,"medium":"https:\/\/previews.elleven.digital\/acocearense\/wp-content\/uploads\/2024\/11\/trophy.svg","medium-width":300,"medium-height":300,"medium_large":"https:\/\/previews.elleven.digital\/acocearense\/wp-content\/uploads\/2024\/11\/trophy.svg","medium_large-width":768,"medium_large-height":768,"large":"https:\/\/previews.elleven.digital\/acocearense\/wp-content\/uploads\/2024\/11\/trophy.svg","large-width":1024,"large-height":1024,"1536x1536":"https:\/\/previews.elleven.digital\/acocearense\/wp-content\/uploads\/2024\/11\/trophy.svg","1536x1536-width":32,"1536x1536-height":32,"2048x2048":"https:\/\/previews.elleven.digital\/acocearense\/wp-content\/uploads\/2024\/11\/trophy.svg","2048x2048-width":32,"2048x2048-height":32,"trp-custom-language-flag":"https:\/\/previews.elleven.digital\/acocearense\/wp-content\/uploads\/2024\/11\/trophy.svg","trp-custom-language-flag-width":12,"trp-custom-language-flag-height":12}},"titulo":"CASACOR Cear\u00e1 2024","texto":"O Esp.A\u00e7o Cearense, ambiente criado pelo arquiteto Elias Petru\u00e7o na CASACOR Cear\u00e1 2024 levou o 1\u00ba lugar na categoria Arte. O ambiente foi criado em homenagem aos 45 anos do Grupo A\u00e7o Cearense."},{"icone":{"ID":247,"id":247,"title":"trophy","filename":"trophy.svg","filesize":3170,"url":"https:\/\/previews.elleven.digital\/acocearense\/wp-content\/uploads\/2024\/11\/trophy.svg","link":"https:\/\/previews.elleven.digital\/acocearense\/en\/quem-somos\/trophy\/","alt":"","author":"1","description":"","caption":"","name":"trophy","status":"inherit","uploaded_to":190,"date":"2024-11-05 19:21:37","modified":"2024-11-05 19:21:37","menu_order":0,"mime_type":"image\/svg+xml","type":"image","subtype":"svg+xml","icon":"https:\/\/previews.elleven.digital\/acocearense\/wp-includes\/images\/media\/default.png","width":32,"height":32,"sizes":{"thumbnail":"https:\/\/previews.elleven.digital\/acocearense\/wp-content\/uploads\/2024\/11\/trophy.svg","thumbnail-width":150,"thumbnail-height":150,"medium":"https:\/\/previews.elleven.digital\/acocearense\/wp-content\/uploads\/2024\/11\/trophy.svg","medium-width":300,"medium-height":300,"medium_large":"https:\/\/previews.elleven.digital\/acocearense\/wp-content\/uploads\/2024\/11\/trophy.svg","medium_large-width":768,"medium_large-height":768,"large":"https:\/\/previews.elleven.digital\/acocearense\/wp-content\/uploads\/2024\/11\/trophy.svg","large-width":1024,"large-height":1024,"1536x1536":"https:\/\/previews.elleven.digital\/acocearense\/wp-content\/uploads\/2024\/11\/trophy.svg","1536x1536-width":32,"1536x1536-height":32,"2048x2048":"https:\/\/previews.elleven.digital\/acocearense\/wp-content\/uploads\/2024\/11\/trophy.svg","2048x2048-width":32,"2048x2048-height":32,"trp-custom-language-flag":"https:\/\/previews.elleven.digital\/acocearense\/wp-content\/uploads\/2024\/11\/trophy.svg","trp-custom-language-flag-width":12,"trp-custom-language-flag-height":12}},"titulo":"Grupo A\u00e7o Cearense comp\u00f5e o Ranking Valor 1000 do Valor Econ\u00f4mico em 2024","texto":"O Grupo foi colocado como a 6\u00aa maior empresa no setor de metalurgia e siderurgia do pa\u00eds, ocupa ainda a 17\u00aa posi\u00e7\u00e3o entre as 50 maiores empresas da Regi\u00e3o Nordeste e ficou na 263\u00aa posi\u00e7\u00e3o na lista das 1000 maiores empresas do Brasil. "},{"icone":{"ID":247,"id":247,"title":"trophy","filename":"trophy.svg","filesize":3170,"url":"https:\/\/previews.elleven.digital\/acocearense\/wp-content\/uploads\/2024\/11\/trophy.svg","link":"https:\/\/previews.elleven.digital\/acocearense\/en\/quem-somos\/trophy\/","alt":"","author":"1","description":"","caption":"","name":"trophy","status":"inherit","uploaded_to":190,"date":"2024-11-05 19:21:37","modified":"2024-11-05 19:21:37","menu_order":0,"mime_type":"image\/svg+xml","type":"image","subtype":"svg+xml","icon":"https:\/\/previews.elleven.digital\/acocearense\/wp-includes\/images\/media\/default.png","width":32,"height":32,"sizes":{"thumbnail":"https:\/\/previews.elleven.digital\/acocearense\/wp-content\/uploads\/2024\/11\/trophy.svg","thumbnail-width":150,"thumbnail-height":150,"medium":"https:\/\/previews.elleven.digital\/acocearense\/wp-content\/uploads\/2024\/11\/trophy.svg","medium-width":300,"medium-height":300,"medium_large":"https:\/\/previews.elleven.digital\/acocearense\/wp-content\/uploads\/2024\/11\/trophy.svg","medium_large-width":768,"medium_large-height":768,"large":"https:\/\/previews.elleven.digital\/acocearense\/wp-content\/uploads\/2024\/11\/trophy.svg","large-width":1024,"large-height":1024,"1536x1536":"https:\/\/previews.elleven.digital\/acocearense\/wp-content\/uploads\/2024\/11\/trophy.svg","1536x1536-width":32,"1536x1536-height":32,"2048x2048":"https:\/\/previews.elleven.digital\/acocearense\/wp-content\/uploads\/2024\/11\/trophy.svg","2048x2048-width":32,"2048x2048-height":32,"trp-custom-language-flag":"https:\/\/previews.elleven.digital\/acocearense\/wp-content\/uploads\/2024\/11\/trophy.svg","trp-custom-language-flag-width":12,"trp-custom-language-flag-height":12}},"titulo":"Aline Ferreira recebe premia\u00e7\u00e3o do MT Indica 2023, na categoria Mulheres de Impacto","texto":"A vice-presidente comercial e financeira do Grupo A\u00e7o Cearense, Aline Ferreira, foi reconhecida na categoria Mulheres de Impacto, que destaca mulheres inspiradoras."}]},{"ano":"2023","premios":[{"icone":{"ID":247,"id":247,"title":"trophy","filename":"trophy.svg","filesize":3170,"url":"https:\/\/previews.elleven.digital\/acocearense\/wp-content\/uploads\/2024\/11\/trophy.svg","link":"https:\/\/previews.elleven.digital\/acocearense\/en\/quem-somos\/trophy\/","alt":"","author":"1","description":"","caption":"","name":"trophy","status":"inherit","uploaded_to":190,"date":"2024-11-05 19:21:37","modified":"2024-11-05 19:21:37","menu_order":0,"mime_type":"image\/svg+xml","type":"image","subtype":"svg+xml","icon":"https:\/\/previews.elleven.digital\/acocearense\/wp-includes\/images\/media\/default.png","width":32,"height":32,"sizes":{"thumbnail":"https:\/\/previews.elleven.digital\/acocearense\/wp-content\/uploads\/2024\/11\/trophy.svg","thumbnail-width":150,"thumbnail-height":150,"medium":"https:\/\/previews.elleven.digital\/acocearense\/wp-content\/uploads\/2024\/11\/trophy.svg","medium-width":300,"medium-height":300,"medium_large":"https:\/\/previews.elleven.digital\/acocearense\/wp-content\/uploads\/2024\/11\/trophy.svg","medium_large-width":768,"medium_large-height":768,"large":"https:\/\/previews.elleven.digital\/acocearense\/wp-content\/uploads\/2024\/11\/trophy.svg","large-width":1024,"large-height":1024,"1536x1536":"https:\/\/previews.elleven.digital\/acocearense\/wp-content\/uploads\/2024\/11\/trophy.svg","1536x1536-width":32,"1536x1536-height":32,"2048x2048":"https:\/\/previews.elleven.digital\/acocearense\/wp-content\/uploads\/2024\/11\/trophy.svg","2048x2048-width":32,"2048x2048-height":32,"trp-custom-language-flag":"https:\/\/previews.elleven.digital\/acocearense\/wp-content\/uploads\/2024\/11\/trophy.svg","trp-custom-language-flag-width":12,"trp-custom-language-flag-height":12}},"titulo":"Vilmar Ferreira recebe Medalha da Aboli\u00e7\u00e3o","texto":"O fundador e Presidente do Grupo A\u00e7o Cearense, Vilmar Ferreira, recebeu a Medalha da Aboli\u00e7\u00e3o do Governo do Estado do Cear\u00e1. A Medalha \u00e9 concedida \u00e0s personalidades destaques na pol\u00edtica, economia, judici\u00e1rio e que contribuem para o desenvolvimento social do Cear\u00e1."},{"icone":{"ID":247,"id":247,"title":"trophy","filename":"trophy.svg","filesize":3170,"url":"https:\/\/previews.elleven.digital\/acocearense\/wp-content\/uploads\/2024\/11\/trophy.svg","link":"https:\/\/previews.elleven.digital\/acocearense\/en\/quem-somos\/trophy\/","alt":"","author":"1","description":"","caption":"","name":"trophy","status":"inherit","uploaded_to":190,"date":"2024-11-05 19:21:37","modified":"2024-11-05 19:21:37","menu_order":0,"mime_type":"image\/svg+xml","type":"image","subtype":"svg+xml","icon":"https:\/\/previews.elleven.digital\/acocearense\/wp-includes\/images\/media\/default.png","width":32,"height":32,"sizes":{"thumbnail":"https:\/\/previews.elleven.digital\/acocearense\/wp-content\/uploads\/2024\/11\/trophy.svg","thumbnail-width":150,"thumbnail-height":150,"medium":"https:\/\/previews.elleven.digital\/acocearense\/wp-content\/uploads\/2024\/11\/trophy.svg","medium-width":300,"medium-height":300,"medium_large":"https:\/\/previews.elleven.digital\/acocearense\/wp-content\/uploads\/2024\/11\/trophy.svg","medium_large-width":768,"medium_large-height":768,"large":"https:\/\/previews.elleven.digital\/acocearense\/wp-content\/uploads\/2024\/11\/trophy.svg","large-width":1024,"large-height":1024,"1536x1536":"https:\/\/previews.elleven.digital\/acocearense\/wp-content\/uploads\/2024\/11\/trophy.svg","1536x1536-width":32,"1536x1536-height":32,"2048x2048":"https:\/\/previews.elleven.digital\/acocearense\/wp-content\/uploads\/2024\/11\/trophy.svg","2048x2048-width":32,"2048x2048-height":32,"trp-custom-language-flag":"https:\/\/previews.elleven.digital\/acocearense\/wp-content\/uploads\/2024\/11\/trophy.svg","trp-custom-language-flag-width":12,"trp-custom-language-flag-height":12}},"titulo":"Grupo A\u00e7o Cearense \u00e9 prata no \u201cPr\u00e9mios Lus\u00f3fonos da Criatividade\u201d, de Portugal, com o case do Acontece+","texto":"A transforma\u00e7\u00e3o da comunica\u00e7\u00e3o do Grupo A\u00e7o Cearense atrav\u00e9s do Acontece+, a multiplataforma de comunica\u00e7\u00e3o e servi\u00e7os, lan\u00e7ada em outubro de 2022, foi reconhecida internacionalmente no festival sediado em Portugal."},{"icone":{"ID":247,"id":247,"title":"trophy","filename":"trophy.svg","filesize":3170,"url":"https:\/\/previews.elleven.digital\/acocearense\/wp-content\/uploads\/2024\/11\/trophy.svg","link":"https:\/\/previews.elleven.digital\/acocearense\/en\/quem-somos\/trophy\/","alt":"","author":"1","description":"","caption":"","name":"trophy","status":"inherit","uploaded_to":190,"date":"2024-11-05 19:21:37","modified":"2024-11-05 19:21:37","menu_order":0,"mime_type":"image\/svg+xml","type":"image","subtype":"svg+xml","icon":"https:\/\/previews.elleven.digital\/acocearense\/wp-includes\/images\/media\/default.png","width":32,"height":32,"sizes":{"thumbnail":"https:\/\/previews.elleven.digital\/acocearense\/wp-content\/uploads\/2024\/11\/trophy.svg","thumbnail-width":150,"thumbnail-height":150,"medium":"https:\/\/previews.elleven.digital\/acocearense\/wp-content\/uploads\/2024\/11\/trophy.svg","medium-width":300,"medium-height":300,"medium_large":"https:\/\/previews.elleven.digital\/acocearense\/wp-content\/uploads\/2024\/11\/trophy.svg","medium_large-width":768,"medium_large-height":768,"large":"https:\/\/previews.elleven.digital\/acocearense\/wp-content\/uploads\/2024\/11\/trophy.svg","large-width":1024,"large-height":1024,"1536x1536":"https:\/\/previews.elleven.digital\/acocearense\/wp-content\/uploads\/2024\/11\/trophy.svg","1536x1536-width":32,"1536x1536-height":32,"2048x2048":"https:\/\/previews.elleven.digital\/acocearense\/wp-content\/uploads\/2024\/11\/trophy.svg","2048x2048-width":32,"2048x2048-height":32,"trp-custom-language-flag":"https:\/\/previews.elleven.digital\/acocearense\/wp-content\/uploads\/2024\/11\/trophy.svg","trp-custom-language-flag-width":12,"trp-custom-language-flag-height":12}},"titulo":"Pr\u00eamio Executivo de TI 2023","texto":"Nossa Diretoria de Desenvolvimento Organizacional e TI do Grupo A\u00e7o Cearense, Cinthia Cavalcanti, ficou entre os 3 finalistas no Pr\u00eamio Executivo de TI 2023, na categoria Siderurgia, Metalurgia e Minera\u00e7\u00e3o. O Pr\u00eamio re\u00fane as lideran\u00e7as de TI do Brasil. "},{"icone":{"ID":247,"id":247,"title":"trophy","filename":"trophy.svg","filesize":3170,"url":"https:\/\/previews.elleven.digital\/acocearense\/wp-content\/uploads\/2024\/11\/trophy.svg","link":"https:\/\/previews.elleven.digital\/acocearense\/en\/quem-somos\/trophy\/","alt":"","author":"1","description":"","caption":"","name":"trophy","status":"inherit","uploaded_to":190,"date":"2024-11-05 19:21:37","modified":"2024-11-05 19:21:37","menu_order":0,"mime_type":"image\/svg+xml","type":"image","subtype":"svg+xml","icon":"https:\/\/previews.elleven.digital\/acocearense\/wp-includes\/images\/media\/default.png","width":32,"height":32,"sizes":{"thumbnail":"https:\/\/previews.elleven.digital\/acocearense\/wp-content\/uploads\/2024\/11\/trophy.svg","thumbnail-width":150,"thumbnail-height":150,"medium":"https:\/\/previews.elleven.digital\/acocearense\/wp-content\/uploads\/2024\/11\/trophy.svg","medium-width":300,"medium-height":300,"medium_large":"https:\/\/previews.elleven.digital\/acocearense\/wp-content\/uploads\/2024\/11\/trophy.svg","medium_large-width":768,"medium_large-height":768,"large":"https:\/\/previews.elleven.digital\/acocearense\/wp-content\/uploads\/2024\/11\/trophy.svg","large-width":1024,"large-height":1024,"1536x1536":"https:\/\/previews.elleven.digital\/acocearense\/wp-content\/uploads\/2024\/11\/trophy.svg","1536x1536-width":32,"1536x1536-height":32,"2048x2048":"https:\/\/previews.elleven.digital\/acocearense\/wp-content\/uploads\/2024\/11\/trophy.svg","2048x2048-width":32,"2048x2048-height":32,"trp-custom-language-flag":"https:\/\/previews.elleven.digital\/acocearense\/wp-content\/uploads\/2024\/11\/trophy.svg","trp-custom-language-flag-width":12,"trp-custom-language-flag-height":12}},"titulo":"1\u00ba Pr\u00eamio de Intraempreendedorismo da AEVO","texto":"O Grupo A\u00e7o Cearense conquistou quatro premia\u00e7\u00f5es na categoria Equipes da primeira edi\u00e7\u00e3o do 1\u00ba Pr\u00eamio de Intraempreendedorismo, promido pela AEVO. Iniciativa contou com empresas de diversos setores e que s\u00e3o refer\u00eancias na promo\u00e7\u00e3o da inova\u00e7\u00e3o com a participa\u00e7\u00e3o direta dos colaboradores e equipes internas.\r\n\r\nTOP 3: Inova\u00e7\u00e3o de Sustenta\u00e7\u00e3o - Redu\u00e7\u00e3o do tempo m\u00e9dio de SETUP na m\u00e1quina de tubo 4.\r\n\r\nTOP 4: Inova\u00e7\u00e3o de Transforma\u00e7\u00e3o - Plataforma de conex\u00e3o para o mercado de a\u00e7o e ecossistema para a facilita\u00e7\u00e3o de neg\u00f3cios entre revendedores e consumidores.\r\n\r\nTOP 4: Inova\u00e7\u00e3o Aberta - Identifica\u00e7\u00e3o de impurezas n\u00e3o met\u00e1licas no recebimento de mat\u00e9ria-prima.\r\n\r\nTOP 8: Inova\u00e7\u00e3o ESG - Saboaria Ecol\u00f3gica."},{"icone":{"ID":247,"id":247,"title":"trophy","filename":"trophy.svg","filesize":3170,"url":"https:\/\/previews.elleven.digital\/acocearense\/wp-content\/uploads\/2024\/11\/trophy.svg","link":"https:\/\/previews.elleven.digital\/acocearense\/en\/quem-somos\/trophy\/","alt":"","author":"1","description":"","caption":"","name":"trophy","status":"inherit","uploaded_to":190,"date":"2024-11-05 19:21:37","modified":"2024-11-05 19:21:37","menu_order":0,"mime_type":"image\/svg+xml","type":"image","subtype":"svg+xml","icon":"https:\/\/previews.elleven.digital\/acocearense\/wp-includes\/images\/media\/default.png","width":32,"height":32,"sizes":{"thumbnail":"https:\/\/previews.elleven.digital\/acocearense\/wp-content\/uploads\/2024\/11\/trophy.svg","thumbnail-width":150,"thumbnail-height":150,"medium":"https:\/\/previews.elleven.digital\/acocearense\/wp-content\/uploads\/2024\/11\/trophy.svg","medium-width":300,"medium-height":300,"medium_large":"https:\/\/previews.elleven.digital\/acocearense\/wp-content\/uploads\/2024\/11\/trophy.svg","medium_large-width":768,"medium_large-height":768,"large":"https:\/\/previews.elleven.digital\/acocearense\/wp-content\/uploads\/2024\/11\/trophy.svg","large-width":1024,"large-height":1024,"1536x1536":"https:\/\/previews.elleven.digital\/acocearense\/wp-content\/uploads\/2024\/11\/trophy.svg","1536x1536-width":32,"1536x1536-height":32,"2048x2048":"https:\/\/previews.elleven.digital\/acocearense\/wp-content\/uploads\/2024\/11\/trophy.svg","2048x2048-width":32,"2048x2048-height":32,"trp-custom-language-flag":"https:\/\/previews.elleven.digital\/acocearense\/wp-content\/uploads\/2024\/11\/trophy.svg","trp-custom-language-flag-width":12,"trp-custom-language-flag-height":12}},"titulo":"Selo IEP de Sustentabilidade ","texto":"A A\u00e7o Cearense foi agraciada com o Selo IEP de Sustentabilidade, na categoria ouro. A comenda foi entregue durante a 16\u00aa edi\u00e7\u00e3o do F\u00f3rum IEP de Sustentabilidade, que reconhece as boas pr\u00e1ticas sociais realizadas pelas empresas, al\u00e9m de promover e difundir pr\u00e1ticas voltadas para a sustentabilidade."}]},{"ano":"2022","premios":[{"icone":{"ID":247,"id":247,"title":"trophy","filename":"trophy.svg","filesize":3170,"url":"https:\/\/previews.elleven.digital\/acocearense\/wp-content\/uploads\/2024\/11\/trophy.svg","link":"https:\/\/previews.elleven.digital\/acocearense\/en\/quem-somos\/trophy\/","alt":"","author":"1","description":"","caption":"","name":"trophy","status":"inherit","uploaded_to":190,"date":"2024-11-05 19:21:37","modified":"2024-11-05 19:21:37","menu_order":0,"mime_type":"image\/svg+xml","type":"image","subtype":"svg+xml","icon":"https:\/\/previews.elleven.digital\/acocearense\/wp-includes\/images\/media\/default.png","width":32,"height":32,"sizes":{"thumbnail":"https:\/\/previews.elleven.digital\/acocearense\/wp-content\/uploads\/2024\/11\/trophy.svg","thumbnail-width":150,"thumbnail-height":150,"medium":"https:\/\/previews.elleven.digital\/acocearense\/wp-content\/uploads\/2024\/11\/trophy.svg","medium-width":300,"medium-height":300,"medium_large":"https:\/\/previews.elleven.digital\/acocearense\/wp-content\/uploads\/2024\/11\/trophy.svg","medium_large-width":768,"medium_large-height":768,"large":"https:\/\/previews.elleven.digital\/acocearense\/wp-content\/uploads\/2024\/11\/trophy.svg","large-width":1024,"large-height":1024,"1536x1536":"https:\/\/previews.elleven.digital\/acocearense\/wp-content\/uploads\/2024\/11\/trophy.svg","1536x1536-width":32,"1536x1536-height":32,"2048x2048":"https:\/\/previews.elleven.digital\/acocearense\/wp-content\/uploads\/2024\/11\/trophy.svg","2048x2048-width":32,"2048x2048-height":32,"trp-custom-language-flag":"https:\/\/previews.elleven.digital\/acocearense\/wp-content\/uploads\/2024\/11\/trophy.svg","trp-custom-language-flag-width":12,"trp-custom-language-flag-height":12}},"titulo":"CASACOR Cear\u00e1 2022","texto":"A Galeria A\u00e7o Cearense, projeto do arquiteto Racine Mour\u00e3o, ganhou dois pr\u00eamios da CASACOR Cear\u00e1 2022. O Grupo conquistou o 1\u00ba lugar nas categorias Melhor Ambiente e Design Cearense."},{"icone":{"ID":247,"id":247,"title":"trophy","filename":"trophy.svg","filesize":3170,"url":"https:\/\/previews.elleven.digital\/acocearense\/wp-content\/uploads\/2024\/11\/trophy.svg","link":"https:\/\/previews.elleven.digital\/acocearense\/en\/quem-somos\/trophy\/","alt":"","author":"1","description":"","caption":"","name":"trophy","status":"inherit","uploaded_to":190,"date":"2024-11-05 19:21:37","modified":"2024-11-05 19:21:37","menu_order":0,"mime_type":"image\/svg+xml","type":"image","subtype":"svg+xml","icon":"https:\/\/previews.elleven.digital\/acocearense\/wp-includes\/images\/media\/default.png","width":32,"height":32,"sizes":{"thumbnail":"https:\/\/previews.elleven.digital\/acocearense\/wp-content\/uploads\/2024\/11\/trophy.svg","thumbnail-width":150,"thumbnail-height":150,"medium":"https:\/\/previews.elleven.digital\/acocearense\/wp-content\/uploads\/2024\/11\/trophy.svg","medium-width":300,"medium-height":300,"medium_large":"https:\/\/previews.elleven.digital\/acocearense\/wp-content\/uploads\/2024\/11\/trophy.svg","medium_large-width":768,"medium_large-height":768,"large":"https:\/\/previews.elleven.digital\/acocearense\/wp-content\/uploads\/2024\/11\/trophy.svg","large-width":1024,"large-height":1024,"1536x1536":"https:\/\/previews.elleven.digital\/acocearense\/wp-content\/uploads\/2024\/11\/trophy.svg","1536x1536-width":32,"1536x1536-height":32,"2048x2048":"https:\/\/previews.elleven.digital\/acocearense\/wp-content\/uploads\/2024\/11\/trophy.svg","2048x2048-width":32,"2048x2048-height":32,"trp-custom-language-flag":"https:\/\/previews.elleven.digital\/acocearense\/wp-content\/uploads\/2024\/11\/trophy.svg","trp-custom-language-flag-width":12,"trp-custom-language-flag-height":12}},"titulo":"Valor 1000","texto":"O Grupo A\u00e7o Cearense esteve mais uma vez entre as maiores empresas do pa\u00eds, segundo edi\u00e7\u00e3o especial da revista Valor 1000. Subindo 72 posi\u00e7\u00f5es em rela\u00e7\u00e3o ao ano anterior, o Grupo ficou na 188\u00aa coloca\u00e7\u00e3o no ranking das 1.000 maiores empresas do Brasil e alcan\u00e7ou tamb\u00e9m a 15\u00aa posi\u00e7\u00e3o entre as 50 maiores empresas do Nordeste."},{"icone":{"ID":247,"id":247,"title":"trophy","filename":"trophy.svg","filesize":3170,"url":"https:\/\/previews.elleven.digital\/acocearense\/wp-content\/uploads\/2024\/11\/trophy.svg","link":"https:\/\/previews.elleven.digital\/acocearense\/en\/quem-somos\/trophy\/","alt":"","author":"1","description":"","caption":"","name":"trophy","status":"inherit","uploaded_to":190,"date":"2024-11-05 19:21:37","modified":"2024-11-05 19:21:37","menu_order":0,"mime_type":"image\/svg+xml","type":"image","subtype":"svg+xml","icon":"https:\/\/previews.elleven.digital\/acocearense\/wp-includes\/images\/media\/default.png","width":32,"height":32,"sizes":{"thumbnail":"https:\/\/previews.elleven.digital\/acocearense\/wp-content\/uploads\/2024\/11\/trophy.svg","thumbnail-width":150,"thumbnail-height":150,"medium":"https:\/\/previews.elleven.digital\/acocearense\/wp-content\/uploads\/2024\/11\/trophy.svg","medium-width":300,"medium-height":300,"medium_large":"https:\/\/previews.elleven.digital\/acocearense\/wp-content\/uploads\/2024\/11\/trophy.svg","medium_large-width":768,"medium_large-height":768,"large":"https:\/\/previews.elleven.digital\/acocearense\/wp-content\/uploads\/2024\/11\/trophy.svg","large-width":1024,"large-height":1024,"1536x1536":"https:\/\/previews.elleven.digital\/acocearense\/wp-content\/uploads\/2024\/11\/trophy.svg","1536x1536-width":32,"1536x1536-height":32,"2048x2048":"https:\/\/previews.elleven.digital\/acocearense\/wp-content\/uploads\/2024\/11\/trophy.svg","2048x2048-width":32,"2048x2048-height":32,"trp-custom-language-flag":"https:\/\/previews.elleven.digital\/acocearense\/wp-content\/uploads\/2024\/11\/trophy.svg","trp-custom-language-flag-width":12,"trp-custom-language-flag-height":12}},"titulo":"Pr\u00eamio Anamaco","texto":"A SINOBRAS figurou entre as melhores empresas do Brasil, no setor de materiais de constru\u00e7\u00e3o, segundo o Pr\u00eamio Anamaco 2022. A empresa alcan\u00e7ou a 3\u00aa coloca\u00e7\u00e3o entre as melhores empresas na categoria Pulveriza\u00e7\u00e3o e Grandes Clientes, no segmento de vergalh\u00f5es de a\u00e7o. "},{"icone":{"ID":247,"id":247,"title":"trophy","filename":"trophy.svg","filesize":3170,"url":"https:\/\/previews.elleven.digital\/acocearense\/wp-content\/uploads\/2024\/11\/trophy.svg","link":"https:\/\/previews.elleven.digital\/acocearense\/en\/quem-somos\/trophy\/","alt":"","author":"1","description":"","caption":"","name":"trophy","status":"inherit","uploaded_to":190,"date":"2024-11-05 19:21:37","modified":"2024-11-05 19:21:37","menu_order":0,"mime_type":"image\/svg+xml","type":"image","subtype":"svg+xml","icon":"https:\/\/previews.elleven.digital\/acocearense\/wp-includes\/images\/media\/default.png","width":32,"height":32,"sizes":{"thumbnail":"https:\/\/previews.elleven.digital\/acocearense\/wp-content\/uploads\/2024\/11\/trophy.svg","thumbnail-width":150,"thumbnail-height":150,"medium":"https:\/\/previews.elleven.digital\/acocearense\/wp-content\/uploads\/2024\/11\/trophy.svg","medium-width":300,"medium-height":300,"medium_large":"https:\/\/previews.elleven.digital\/acocearense\/wp-content\/uploads\/2024\/11\/trophy.svg","medium_large-width":768,"medium_large-height":768,"large":"https:\/\/previews.elleven.digital\/acocearense\/wp-content\/uploads\/2024\/11\/trophy.svg","large-width":1024,"large-height":1024,"1536x1536":"https:\/\/previews.elleven.digital\/acocearense\/wp-content\/uploads\/2024\/11\/trophy.svg","1536x1536-width":32,"1536x1536-height":32,"2048x2048":"https:\/\/previews.elleven.digital\/acocearense\/wp-content\/uploads\/2024\/11\/trophy.svg","2048x2048-width":32,"2048x2048-height":32,"trp-custom-language-flag":"https:\/\/previews.elleven.digital\/acocearense\/wp-content\/uploads\/2024\/11\/trophy.svg","trp-custom-language-flag-width":12,"trp-custom-language-flag-height":12}},"titulo":"Melhor Executiva do Cear\u00e1","texto":"A vice-presidente Comercial e Financeira do Grupo A\u00e7o Cearense, Aline Ferreira, foi a vencedora da categoria Melhor Executiva do Cear\u00e1, do MT Indica 2021, premia\u00e7\u00e3o criada pela jornalista M\u00e1rcia Travessoni para eleger os melhores do ano em 19 categorias. O ranking listou dez importantes personalidades femininas do estado que est\u00e3o \u00e0 frente de grandes neg\u00f3cios. Aline Ferreira foi eleita pelo p\u00fablico geral com 34,89% dos votos, em uma vota\u00e7\u00e3o que durou cerca de cinco meses."},{"icone":{"ID":247,"id":247,"title":"trophy","filename":"trophy.svg","filesize":3170,"url":"https:\/\/previews.elleven.digital\/acocearense\/wp-content\/uploads\/2024\/11\/trophy.svg","link":"https:\/\/previews.elleven.digital\/acocearense\/en\/quem-somos\/trophy\/","alt":"","author":"1","description":"","caption":"","name":"trophy","status":"inherit","uploaded_to":190,"date":"2024-11-05 19:21:37","modified":"2024-11-05 19:21:37","menu_order":0,"mime_type":"image\/svg+xml","type":"image","subtype":"svg+xml","icon":"https:\/\/previews.elleven.digital\/acocearense\/wp-includes\/images\/media\/default.png","width":32,"height":32,"sizes":{"thumbnail":"https:\/\/previews.elleven.digital\/acocearense\/wp-content\/uploads\/2024\/11\/trophy.svg","thumbnail-width":150,"thumbnail-height":150,"medium":"https:\/\/previews.elleven.digital\/acocearense\/wp-content\/uploads\/2024\/11\/trophy.svg","medium-width":300,"medium-height":300,"medium_large":"https:\/\/previews.elleven.digital\/acocearense\/wp-content\/uploads\/2024\/11\/trophy.svg","medium_large-width":768,"medium_large-height":768,"large":"https:\/\/previews.elleven.digital\/acocearense\/wp-content\/uploads\/2024\/11\/trophy.svg","large-width":1024,"large-height":1024,"1536x1536":"https:\/\/previews.elleven.digital\/acocearense\/wp-content\/uploads\/2024\/11\/trophy.svg","1536x1536-width":32,"1536x1536-height":32,"2048x2048":"https:\/\/previews.elleven.digital\/acocearense\/wp-content\/uploads\/2024\/11\/trophy.svg","2048x2048-width":32,"2048x2048-height":32,"trp-custom-language-flag":"https:\/\/previews.elleven.digital\/acocearense\/wp-content\/uploads\/2024\/11\/trophy.svg","trp-custom-language-flag-width":12,"trp-custom-language-flag-height":12}},"titulo":"\u201cSelo Cultura Par\u00e1 \u2013 Empresa Amiga da Cultura\u201d","texto":"A SINOBRAS recebeu do Governo do Estado do Par\u00e1, pela segunda vez, o \u201cSelo Cultura Par\u00e1 \u2013 Empresa Amiga da Cultura\u201d, honraria que reconhece as empresas que contribuem com o fortalecimento da economia, da cultura e da arte, por meio da Lei Semear."}]},{"ano":"2021","premios":[{"icone":{"ID":247,"id":247,"title":"trophy","filename":"trophy.svg","filesize":3170,"url":"https:\/\/previews.elleven.digital\/acocearense\/wp-content\/uploads\/2024\/11\/trophy.svg","link":"https:\/\/previews.elleven.digital\/acocearense\/en\/quem-somos\/trophy\/","alt":"","author":"1","description":"","caption":"","name":"trophy","status":"inherit","uploaded_to":190,"date":"2024-11-05 19:21:37","modified":"2024-11-05 19:21:37","menu_order":0,"mime_type":"image\/svg+xml","type":"image","subtype":"svg+xml","icon":"https:\/\/previews.elleven.digital\/acocearense\/wp-includes\/images\/media\/default.png","width":32,"height":32,"sizes":{"thumbnail":"https:\/\/previews.elleven.digital\/acocearense\/wp-content\/uploads\/2024\/11\/trophy.svg","thumbnail-width":150,"thumbnail-height":150,"medium":"https:\/\/previews.elleven.digital\/acocearense\/wp-content\/uploads\/2024\/11\/trophy.svg","medium-width":300,"medium-height":300,"medium_large":"https:\/\/previews.elleven.digital\/acocearense\/wp-content\/uploads\/2024\/11\/trophy.svg","medium_large-width":768,"medium_large-height":768,"large":"https:\/\/previews.elleven.digital\/acocearense\/wp-content\/uploads\/2024\/11\/trophy.svg","large-width":1024,"large-height":1024,"1536x1536":"https:\/\/previews.elleven.digital\/acocearense\/wp-content\/uploads\/2024\/11\/trophy.svg","1536x1536-width":32,"1536x1536-height":32,"2048x2048":"https:\/\/previews.elleven.digital\/acocearense\/wp-content\/uploads\/2024\/11\/trophy.svg","2048x2048-width":32,"2048x2048-height":32,"trp-custom-language-flag":"https:\/\/previews.elleven.digital\/acocearense\/wp-content\/uploads\/2024\/11\/trophy.svg","trp-custom-language-flag-width":12,"trp-custom-language-flag-height":12}},"titulo":"\u00c9poca Neg\u00f3cios 360\u00b0","texto":"O Grupo A\u00e7o Cearense figurou na 261\u00aa coloca\u00e7\u00e3o entre as 500 maiores empresas do pa\u00eds. O Grupo tamb\u00e9m apareceu na 149\u00aa posi\u00e7\u00e3o entre as 418 melhores companhias em excel\u00eancia, com destaque em diversos setores da economia, alcan\u00e7ando ainda o 3\u00ba lugar no indicador Desempenho Financeiro e o 5\u00ba no indicador Governan\u00e7a Corporativa, dentro do segmento Minera\u00e7\u00e3o e Siderurgia."},{"icone":{"ID":247,"id":247,"title":"trophy","filename":"trophy.svg","filesize":3170,"url":"https:\/\/previews.elleven.digital\/acocearense\/wp-content\/uploads\/2024\/11\/trophy.svg","link":"https:\/\/previews.elleven.digital\/acocearense\/en\/quem-somos\/trophy\/","alt":"","author":"1","description":"","caption":"","name":"trophy","status":"inherit","uploaded_to":190,"date":"2024-11-05 19:21:37","modified":"2024-11-05 19:21:37","menu_order":0,"mime_type":"image\/svg+xml","type":"image","subtype":"svg+xml","icon":"https:\/\/previews.elleven.digital\/acocearense\/wp-includes\/images\/media\/default.png","width":32,"height":32,"sizes":{"thumbnail":"https:\/\/previews.elleven.digital\/acocearense\/wp-content\/uploads\/2024\/11\/trophy.svg","thumbnail-width":150,"thumbnail-height":150,"medium":"https:\/\/previews.elleven.digital\/acocearense\/wp-content\/uploads\/2024\/11\/trophy.svg","medium-width":300,"medium-height":300,"medium_large":"https:\/\/previews.elleven.digital\/acocearense\/wp-content\/uploads\/2024\/11\/trophy.svg","medium_large-width":768,"medium_large-height":768,"large":"https:\/\/previews.elleven.digital\/acocearense\/wp-content\/uploads\/2024\/11\/trophy.svg","large-width":1024,"large-height":1024,"1536x1536":"https:\/\/previews.elleven.digital\/acocearense\/wp-content\/uploads\/2024\/11\/trophy.svg","1536x1536-width":32,"1536x1536-height":32,"2048x2048":"https:\/\/previews.elleven.digital\/acocearense\/wp-content\/uploads\/2024\/11\/trophy.svg","2048x2048-width":32,"2048x2048-height":32,"trp-custom-language-flag":"https:\/\/previews.elleven.digital\/acocearense\/wp-content\/uploads\/2024\/11\/trophy.svg","trp-custom-language-flag-width":12,"trp-custom-language-flag-height":12}},"titulo":"Valor 1000","texto":"O Grupo A\u00e7o Cearense esteve mais uma vez entre as maiores empresas do pa\u00eds, segundo edi\u00e7\u00e3o especial da revista Valor 1000. Subindo 32 posi\u00e7\u00f5es em rela\u00e7\u00e3o ao ano anterior, o Grupo ficou na 260\u00aa coloca\u00e7\u00e3o e alcan\u00e7ou tamb\u00e9m a 16\u00aa posi\u00e7\u00e3o entre as 50 maiores empresas do Nordeste."},{"icone":{"ID":247,"id":247,"title":"trophy","filename":"trophy.svg","filesize":3170,"url":"https:\/\/previews.elleven.digital\/acocearense\/wp-content\/uploads\/2024\/11\/trophy.svg","link":"https:\/\/previews.elleven.digital\/acocearense\/en\/quem-somos\/trophy\/","alt":"","author":"1","description":"","caption":"","name":"trophy","status":"inherit","uploaded_to":190,"date":"2024-11-05 19:21:37","modified":"2024-11-05 19:21:37","menu_order":0,"mime_type":"image\/svg+xml","type":"image","subtype":"svg+xml","icon":"https:\/\/previews.elleven.digital\/acocearense\/wp-includes\/images\/media\/default.png","width":32,"height":32,"sizes":{"thumbnail":"https:\/\/previews.elleven.digital\/acocearense\/wp-content\/uploads\/2024\/11\/trophy.svg","thumbnail-width":150,"thumbnail-height":150,"medium":"https:\/\/previews.elleven.digital\/acocearense\/wp-content\/uploads\/2024\/11\/trophy.svg","medium-width":300,"medium-height":300,"medium_large":"https:\/\/previews.elleven.digital\/acocearense\/wp-content\/uploads\/2024\/11\/trophy.svg","medium_large-width":768,"medium_large-height":768,"large":"https:\/\/previews.elleven.digital\/acocearense\/wp-content\/uploads\/2024\/11\/trophy.svg","large-width":1024,"large-height":1024,"1536x1536":"https:\/\/previews.elleven.digital\/acocearense\/wp-content\/uploads\/2024\/11\/trophy.svg","1536x1536-width":32,"1536x1536-height":32,"2048x2048":"https:\/\/previews.elleven.digital\/acocearense\/wp-content\/uploads\/2024\/11\/trophy.svg","2048x2048-width":32,"2048x2048-height":32,"trp-custom-language-flag":"https:\/\/previews.elleven.digital\/acocearense\/wp-content\/uploads\/2024\/11\/trophy.svg","trp-custom-language-flag-width":12,"trp-custom-language-flag-height":12}},"titulo":"Isto\u00c9 Dinheiro","texto":"a SINOBRAS figurou entre as maiores empresas do Brasil, segundo a edi\u00e7\u00e3o especial Isto \u00c9 Dinheiro 2020. A empresa figurou na 368\u00aa posi\u00e7\u00e3o entre as empresas com melhores resultados em 31 setores da economia."}]}]},"yoast_head":"<!-- This site is optimized with the Yoast SEO plugin v25.9 - https:\/\/yoast.com\/wordpress\/plugins\/seo\/ -->\n<title>Pr\u00eamios e Reconhecimentos - Grupo A\u00e7o Cearense<\/title>\n<meta name=\"robots\" content=\"index, follow, max-snippet:-1, max-image-preview:large, max-video-preview:-1\" \/>\n<link rel=\"canonical\" href=\"https:\/\/previews.elleven.digital\/acocearense\/en\/quem-somos\/premios\/\" \/>\n<meta property=\"og:locale\" content=\"en_US\" \/>\n<meta property=\"og:type\" content=\"article\" \/>\n<meta property=\"og:title\" content=\"Pr\u00eamios e Reconhecimentos - Grupo A\u00e7o Cearense\" \/>\n<meta property=\"og:url\" content=\"https:\/\/previews.elleven.digital\/acocearense\/en\/quem-somos\/premios\/\" \/>\n<meta property=\"og:site_name\" content=\"Grupo A\u00e7o Cearense\" \/>\n<meta property=\"article:modified_time\" content=\"2025-04-15T17:12:30+00:00\" \/>\n<meta property=\"og:image\" content=\"https:\/\/previews.elleven.digital\/acocearense\/wp-content\/uploads\/2025\/03\/open-graph.png\" \/>\n\t<meta property=\"og:image:width\" content=\"1200\" \/>\n\t<meta property=\"og:image:height\" content=\"675\" \/>\n\t<meta property=\"og:image:type\" content=\"image\/png\" \/>\n<meta name=\"twitter:card\" content=\"summary_large_image\" \/>\n<script type=\"application\/ld+json\" class=\"yoast-schema-graph\">{\"@context\":\"https:\/\/schema.org\",\"@graph\":[{\"@type\":\"WebPage\",\"@id\":\"https:\/\/previews.elleven.digital\/acocearense\/quem-somos\/premios\/\",\"url\":\"https:\/\/previews.elleven.digital\/acocearense\/quem-somos\/premios\/\",\"name\":\"Pr\u00eamios e Reconhecimentos - Grupo A\u00e7o Cearense\",\"isPartOf\":{\"@id\":\"https:\/\/previews.elleven.digital\/acocearense\/#website\"},\"datePublished\":\"2025-04-15T14:41:17+00:00\",\"dateModified\":\"2025-04-15T17:12:30+00:00\",\"breadcrumb\":{\"@id\":\"https:\/\/previews.elleven.digital\/acocearense\/quem-somos\/premios\/#breadcrumb\"},\"inLanguage\":\"en-US\",\"potentialAction\":[{\"@type\":\"ReadAction\",\"target\":[\"https:\/\/previews.elleven.digital\/acocearense\/quem-somos\/premios\/\"]}]},{\"@type\":\"BreadcrumbList\",\"@id\":\"https:\/\/previews.elleven.digital\/acocearense\/quem-somos\/premios\/#breadcrumb\",\"itemListElement\":[{\"@type\":\"ListItem\",\"position\":1,\"name\":\"In\u00edcio\",\"item\":\"https:\/\/previews.elleven.digital\/acocearense\/\"},{\"@type\":\"ListItem\",\"position\":2,\"name\":\"Quem Somos\",\"item\":\"https:\/\/previews.elleven.digital\/acocearense\/quem-somos\/\"},{\"@type\":\"ListItem\",\"position\":3,\"name\":\"Pr\u00eamios e Reconhecimentos\"}]},{\"@type\":\"WebSite\",\"@id\":\"https:\/\/previews.elleven.digital\/acocearense\/#website\",\"url\":\"https:\/\/previews.elleven.digital\/acocearense\/\",\"name\":\"A\u00e7o Cearense\",\"description\":\"H\u00e1 mais de 45 anos no mercado brasileiro do a\u00e7o.\",\"alternateName\":\"A\u00e7o Cearense\",\"potentialAction\":[{\"@type\":\"SearchAction\",\"target\":{\"@type\":\"EntryPoint\",\"urlTemplate\":\"https:\/\/previews.elleven.digital\/acocearense\/?s={search_term_string}\"},\"query-input\":{\"@type\":\"PropertyValueSpecification\",\"valueRequired\":true,\"valueName\":\"search_term_string\"}}],\"inLanguage\":\"en-US\"}]}<\/script>\n<!-- \/ Yoast SEO plugin. -->","yoast_head_json":{"title":"Pr\u00eamios e Reconhecimentos - Grupo A\u00e7o Cearense","robots":{"index":"index","follow":"follow","max-snippet":"max-snippet:-1","max-image-preview":"max-image-preview:large","max-video-preview":"max-video-preview:-1"},"canonical":"https:\/\/previews.elleven.digital\/acocearense\/en\/quem-somos\/premios\/","og_locale":"en_US","og_type":"article","og_title":"Pr\u00eamios e Reconhecimentos - Grupo A\u00e7o Cearense","og_url":"https:\/\/previews.elleven.digital\/acocearense\/en\/quem-somos\/premios\/","og_site_name":"Grupo A\u00e7o Cearense","article_modified_time":"2025-04-15T17:12:30+00:00","og_image":[{"width":1200,"height":675,"url":"https:\/\/previews.elleven.digital\/acocearense\/wp-content\/uploads\/2025\/03\/open-graph.png","type":"image\/png"}],"twitter_card":"summary_large_image","schema":{"@context":"https:\/\/schema.org","@graph":[{"@type":"WebPage","@id":"https:\/\/previews.elleven.digital\/acocearense\/quem-somos\/premios\/","url":"https:\/\/previews.elleven.digital\/acocearense\/quem-somos\/premios\/","name":"Pr\u00eamios e Reconhecimentos - Grupo A\u00e7o Cearense","isPartOf":{"@id":"https:\/\/previews.elleven.digital\/acocearense\/#website"},"datePublished":"2025-04-15T14:41:17+00:00","dateModified":"2025-04-15T17:12:30+00:00","breadcrumb":{"@id":"https:\/\/previews.elleven.digital\/acocearense\/quem-somos\/premios\/#breadcrumb"},"inLanguage":"en-US","potentialAction":[{"@type":"ReadAction","target":["https:\/\/previews.elleven.digital\/acocearense\/quem-somos\/premios\/"]}]},{"@type":"BreadcrumbList","@id":"https:\/\/previews.elleven.digital\/acocearense\/quem-somos\/premios\/#breadcrumb","itemListElement":[{"@type":"ListItem","position":1,"name":"In\u00edcio","item":"https:\/\/previews.elleven.digital\/acocearense\/"},{"@type":"ListItem","position":2,"name":"Quem Somos","item":"https:\/\/previews.elleven.digital\/acocearense\/quem-somos\/"},{"@type":"ListItem","position":3,"name":"Pr\u00eamios e Reconhecimentos"}]},{"@type":"WebSite","@id":"https:\/\/previews.elleven.digital\/acocearense\/#website","url":"https:\/\/previews.elleven.digital\/acocearense\/","name":"Cear\u00e1 Steel","description":"We have been in the Brazilian steel market for over 45 years.","alternateName":"A\u00e7o Cearense","potentialAction":[{"@type":"SearchAction","target":{"@type":"EntryPoint","urlTemplate":"https:\/\/previews.elleven.digital\/acocearense\/?s={search_term_string}"},"query-input":{"@type":"PropertyValueSpecification","valueRequired":true,"valueName":"search_term_string"}}],"inLanguage":"en-US"}]}},"_links":{"self":[{"href":"https:\/\/previews.elleven.digital\/acocearense\/en\/wp-json\/wp\/v2\/pages\/756","targetHints":{"allow":["GET"]}}],"collection":[{"href":"https:\/\/previews.elleven.digital\/acocearense\/en\/wp-json\/wp\/v2\/pages"}],"about":[{"href":"https:\/\/previews.elleven.digital\/acocearense\/en\/wp-json\/wp\/v2\/types\/page"}],"author":[{"embeddable":true,"href":"https:\/\/previews.elleven.digital\/acocearense\/en\/wp-json\/wp\/v2\/users\/1"}],"replies":[{"embeddable":true,"href":"https:\/\/previews.elleven.digital\/acocearense\/en\/wp-json\/wp\/v2\/comments?post=756"}],"version-history":[{"count":3,"href":"https:\/\/previews.elleven.digital\/acocearense\/en\/wp-json\/wp\/v2\/pages\/756\/revisions"}],"predecessor-version":[{"id":777,"href":"https:\/\/previews.elleven.digital\/acocearense\/en\/wp-json\/wp\/v2\/pages\/756\/revisions\/777"}],"up":[{"embeddable":true,"href":"https:\/\/previews.elleven.digital\/acocearense\/en\/wp-json\/wp\/v2\/pages\/190"}],"wp:attachment":[{"href":"https:\/\/previews.elleven.digital\/acocearense\/en\/wp-json\/wp\/v2\/media?parent=756"}],"curies":[{"name":"wp","href":"https:\/\/api.w.org\/{rel}","templated":true}]}}