{"id":320,"date":"2024-11-07T11:27:02","date_gmt":"2024-11-07T14:27:02","guid":{"rendered":"https:\/\/previews.elleven.digital\/acocearense\/\/?page_id=320"},"modified":"2025-09-11T15:02:02","modified_gmt":"2025-09-11T18:02:02","slug":"sustentabilidade","status":"publish","type":"page","link":"https:\/\/previews.elleven.digital\/acocearense\/en\/sustentabilidade\/","title":{"rendered":"Sustainability"},"content":{"rendered":"<p>Shaping a sustainable future with environmental responsibility, social inclusion and economic development.<\/p>","protected":false},"excerpt":{"rendered":"<p>Shaping a sustainable future with environmental responsibility, social inclusion and economic development.<\/p>","protected":false},"author":1,"featured_media":0,"parent":0,"menu_order":0,"comment_status":"closed","ping_status":"closed","template":"","meta":{"_acf_changed":false,"inline_featured_image":false,"footnotes":""},"class_list":["post-320","page","type-page","status-publish","hentry"],"acf":{"banner":"https:\/\/previews.elleven.digital\/acocearense\/wp-content\/uploads\/2025\/04\/aco-sustentabilidade.jpg","conteudo":[{"titulo":"Sustentabilidade Ambiental","imagem":{"ID":2200,"id":2200,"title":"FLORESTAL11 copiar","filename":"FLORESTAL11-copiar.jpg","filesize":824449,"url":"https:\/\/previews.elleven.digital\/acocearense\/wp-content\/uploads\/2025\/05\/FLORESTAL11-copiar.jpg","link":"https:\/\/previews.elleven.digital\/acocearense\/en\/sustentabilidade\/florestal11-copiar\/","alt":"","author":"1","description":"","caption":"","name":"florestal11-copiar","status":"inherit","uploaded_to":320,"date":"2025-05-16 14:25:12","modified":"2025-05-16 14:25:12","menu_order":0,"mime_type":"image\/jpeg","type":"image","subtype":"jpeg","icon":"https:\/\/previews.elleven.digital\/acocearense\/wp-includes\/images\/media\/default.png","width":1160,"height":520,"sizes":{"thumbnail":"https:\/\/previews.elleven.digital\/acocearense\/wp-content\/uploads\/2025\/05\/FLORESTAL11-copiar-150x150.jpg","thumbnail-width":150,"thumbnail-height":150,"medium":"https:\/\/previews.elleven.digital\/acocearense\/wp-content\/uploads\/2025\/05\/FLORESTAL11-copiar-300x134.jpg","medium-width":300,"medium-height":134,"medium_large":"https:\/\/previews.elleven.digital\/acocearense\/wp-content\/uploads\/2025\/05\/FLORESTAL11-copiar-768x344.jpg","medium_large-width":768,"medium_large-height":344,"large":"https:\/\/previews.elleven.digital\/acocearense\/wp-content\/uploads\/2025\/05\/FLORESTAL11-copiar-1024x459.jpg","large-width":1024,"large-height":459,"1536x1536":"https:\/\/previews.elleven.digital\/acocearense\/wp-content\/uploads\/2025\/05\/FLORESTAL11-copiar.jpg","1536x1536-width":1160,"1536x1536-height":520,"2048x2048":"https:\/\/previews.elleven.digital\/acocearense\/wp-content\/uploads\/2025\/05\/FLORESTAL11-copiar.jpg","2048x2048-width":1160,"2048x2048-height":520,"trp-custom-language-flag":"https:\/\/previews.elleven.digital\/acocearense\/wp-content\/uploads\/2025\/05\/FLORESTAL11-copiar-18x8.jpg","trp-custom-language-flag-width":18,"trp-custom-language-flag-height":8}},"texto":"<p>As empresas do Grupo A\u00e7o Cearense trabalham com aten\u00e7\u00e3o no gerenciamento de seus res\u00edduos e controles legais ambientais, com o objetivo de garantir o melhor desempenho, o pleno acompanhamento das destina\u00e7\u00f5es e redu\u00e7\u00f5es dos res\u00edduos gerados, bem como o cumprimento de todas as obriga\u00e7\u00f5es legais.<\/p>\n<p>O Grupo \u00e9 o maior reciclador de a\u00e7o do Norte-Nordeste brasileiro e trabalha sob a \u00f3tica da Economia Circular. Na SINOBRAS, a produ\u00e7\u00e3o do a\u00e7o \u00e9 feita com 70% de sucata e 30% de ferro-gusa l\u00edquido.\u00a0 A SINOBRAS Florestal, outra empresa do Grupo localizada em S\u00e3o Bento do Tocantins (TO), \u00e9 fornecedora de redutor bioenerg\u00e9tico, com 16 fazendas pr\u00f3prias de plantio de eucalipto, em uma \u00e1rea de mais de 40 mil hectares.<\/p>\n<p>A empresa conta com duas Unidades de Produ\u00e7\u00e3o de Redutor Bioenerg\u00e9tico com capacidade produtiva de 25.500 metros c\u00fabicos. Possui 46 fornos retangulares, que mitigam os impactos ambientais e produzem o redutor bioenerg\u00e9tico que \u00e9 utilizado pela SINOBRAS. Contribuindo para o incremento socioecon\u00f4mico da regi\u00e3o, a SINOBRAS Florestal gera cerca de 200 empregos diretos e, por ocasi\u00e3o do plantio, outros colaboradores s\u00e3o somados para opera\u00e7\u00f5es sazonais.<\/p>\n<p>O uso consciente de recursos naturais \u00e9 uma diretriz importante da SINOBRAS Florestal, que adota uma postura de responsabilidade com os valores ambientais e sociais, que v\u00e3o desde o cuidado com o meio ambiente at\u00e9 a melhoria na qualidade de vida das pessoas da regi\u00e3o onde atua.<br \/>\nEntre os exemplos de a\u00e7\u00f5es e projetos implementados pelo Grupo A\u00e7o Cearense que refor\u00e7am essa filosofia de sustentabilidade est\u00e3o:<\/p>\n<p>&nbsp;<\/p>\n<ul>\n<li>Gest\u00e3o de res\u00edduos \u2013 em suas empresas, o Grupo aplica metodologias com o objetivo de ter melhor desempenho e acompanhamento das destina\u00e7\u00f5es e redu\u00e7\u00f5es dos res\u00edduos gerados. Na SINOBRAS, no processo de Sinteriza\u00e7\u00e3o s\u00e3o reaproveitados os coprodutos gerados durante o processo de produ\u00e7\u00e3o do a\u00e7o \u00e9 produzido o s\u00ednter, mat\u00e9ria-prima utilizada como parte substituta do min\u00e9rio de ferro na produ\u00e7\u00e3o do gusa.<\/li>\n<li>A log\u00edstica reversa \u00e9 outra pr\u00e1tica de preserva\u00e7\u00e3o ambiental realizada no Grupo A\u00e7o Cearense, aplicada em baterias, que, ap\u00f3s o final de sua utiliza\u00e7\u00e3o, s\u00e3o encaminhadas para o fabricante e recebem destina\u00e7\u00e3o correta. Da mesma forma acontece com os pneus, que s\u00e3o encaminhados para ecopontos.<\/li>\n<li>A destina\u00e7\u00e3o de \u00f3leos lubrificantes ap\u00f3s o uso, \u00e9 feita com o rerrefino de \u00f3leo lubrificante usado ou contaminado (oluc). Esse processo transforma o \u00f3leo usado em \u00f3leo b\u00e1sico novamente, por meio de empresas parceiras, evitando que esse res\u00edduo perigoso seja descartado no meio ambiente.<\/li>\n<li>A preocupa\u00e7\u00e3o com o uso da \u00e1gua ocorre desde o in\u00edcio da opera\u00e7\u00e3o em suas empresas, por meio de um robusto sistema de capta\u00e7\u00e3o, tratamento, recircula\u00e7\u00e3o, torres de resfriamento de \u00e1gua e tanques de decanta\u00e7\u00e3o, que garantem a recircula\u00e7\u00e3o da \u00e1gua utilizada nos processos industriais. Em 2018, foi alcan\u00e7ada a marca de 98,35% de \u00e1gua recirculada nos processos.<\/li>\n<li>Implanta\u00e7\u00e3o do Projeto Reciclo, com o objetivo de consolidar a coleta seletiva no Grupo A\u00e7o Cearense, o qual inclui as atividades de caracteriza\u00e7\u00e3o dos res\u00edduos, adequa\u00e7\u00e3o das \u00e1reas, treinamento de colaboradores, monitoramento dos resultados e auditorias internas;<br \/>\nA\u00e7\u00f5es de doa\u00e7\u00f5es de mudas de \u00e1rvores com os colaboradores e em diversas comunidades onde eles residem e nas quais a empresa atua.<\/li>\n<\/ul>\n"},{"titulo":"Sustentabilidade Social","imagem":{"ID":1495,"id":1495,"title":"holding-34","filename":"holding-34.jpg","filesize":366578,"url":"https:\/\/previews.elleven.digital\/acocearense\/wp-content\/uploads\/2025\/05\/holding-34.jpg","link":"https:\/\/previews.elleven.digital\/acocearense\/en\/sustentabilidade\/holding-34\/","alt":"","author":"1","description":"","caption":"","name":"holding-34","status":"inherit","uploaded_to":320,"date":"2025-05-07 14:33:21","modified":"2025-05-07 14:33:21","menu_order":0,"mime_type":"image\/jpeg","type":"image","subtype":"jpeg","icon":"https:\/\/previews.elleven.digital\/acocearense\/wp-includes\/images\/media\/default.png","width":1160,"height":520,"sizes":{"thumbnail":"https:\/\/previews.elleven.digital\/acocearense\/wp-content\/uploads\/2025\/05\/holding-34-150x150.jpg","thumbnail-width":150,"thumbnail-height":150,"medium":"https:\/\/previews.elleven.digital\/acocearense\/wp-content\/uploads\/2025\/05\/holding-34-300x134.jpg","medium-width":300,"medium-height":134,"medium_large":"https:\/\/previews.elleven.digital\/acocearense\/wp-content\/uploads\/2025\/05\/holding-34-768x344.jpg","medium_large-width":768,"medium_large-height":344,"large":"https:\/\/previews.elleven.digital\/acocearense\/wp-content\/uploads\/2025\/05\/holding-34-1024x459.jpg","large-width":1024,"large-height":459,"1536x1536":"https:\/\/previews.elleven.digital\/acocearense\/wp-content\/uploads\/2025\/05\/holding-34.jpg","1536x1536-width":1160,"1536x1536-height":520,"2048x2048":"https:\/\/previews.elleven.digital\/acocearense\/wp-content\/uploads\/2025\/05\/holding-34.jpg","2048x2048-width":1160,"2048x2048-height":520,"trp-custom-language-flag":"https:\/\/previews.elleven.digital\/acocearense\/wp-content\/uploads\/2025\/05\/holding-34-18x8.jpg","trp-custom-language-flag-width":18,"trp-custom-language-flag-height":8}},"texto":"<p>O investimento em a\u00e7\u00f5es sociais tamb\u00e9m \u00e9 uma constante do Grupo, que por meio do Instituto A\u00e7o Cearense, j\u00e1 investiu mais de R$ 28,5 milh\u00f5es em prol do desenvolvimento do Cear\u00e1, Par\u00e1 e Tocantins, beneficiando mais de 143 institui\u00e7\u00f5es e somando um total de mais de 454 mil pessoas favorecidas.<\/p>\n<p>O trabalho do Instituto A\u00e7o Cearense vai al\u00e9m do aporte financeiro para entidades que atendem pessoas em situa\u00e7\u00e3o de vulnerabilidade social.<\/p>\n<p>Al\u00e9m das institui\u00e7\u00f5es, ele tamb\u00e9m apoia colaboradores das empresas do Grupo A\u00e7o Cearense que se destacam no esporte e realiza campanhas com diversas a\u00e7\u00f5es de solidariedade, como arrecada\u00e7\u00e3o de roupas, produtos de higiene pessoal, alimentos e brinquedos.<\/p>\n<p>O Instituto tamb\u00e9m apoia o empreendedorismo por meio da Junior Achievement (JA) Cear\u00e1, associa\u00e7\u00e3o educativa sem fins lucrativos, que tem por objetivo despertar o esp\u00edrito empreendedor nos jovens. A JA Cear\u00e1 oferece 25 programas educativos, beneficiando crian\u00e7as, adolescentes e adultos.<\/p>\n"},{"titulo":"Sustentabilidade Econ\u00f4mica","imagem":{"ID":1496,"id":1496,"title":"Lar_de_Clara-60","filename":"Lar_de_Clara-60.jpg","filesize":626920,"url":"https:\/\/previews.elleven.digital\/acocearense\/wp-content\/uploads\/2025\/05\/Lar_de_Clara-60.jpg","link":"https:\/\/previews.elleven.digital\/acocearense\/en\/sustentabilidade\/lar_de_clara-60\/","alt":"","author":"1","description":"","caption":"","name":"lar_de_clara-60","status":"inherit","uploaded_to":320,"date":"2025-05-07 14:33:24","modified":"2025-05-07 14:33:24","menu_order":0,"mime_type":"image\/jpeg","type":"image","subtype":"jpeg","icon":"https:\/\/previews.elleven.digital\/acocearense\/wp-includes\/images\/media\/default.png","width":1160,"height":520,"sizes":{"thumbnail":"https:\/\/previews.elleven.digital\/acocearense\/wp-content\/uploads\/2025\/05\/Lar_de_Clara-60-150x150.jpg","thumbnail-width":150,"thumbnail-height":150,"medium":"https:\/\/previews.elleven.digital\/acocearense\/wp-content\/uploads\/2025\/05\/Lar_de_Clara-60-300x134.jpg","medium-width":300,"medium-height":134,"medium_large":"https:\/\/previews.elleven.digital\/acocearense\/wp-content\/uploads\/2025\/05\/Lar_de_Clara-60-768x344.jpg","medium_large-width":768,"medium_large-height":344,"large":"https:\/\/previews.elleven.digital\/acocearense\/wp-content\/uploads\/2025\/05\/Lar_de_Clara-60-1024x459.jpg","large-width":1024,"large-height":459,"1536x1536":"https:\/\/previews.elleven.digital\/acocearense\/wp-content\/uploads\/2025\/05\/Lar_de_Clara-60.jpg","1536x1536-width":1160,"1536x1536-height":520,"2048x2048":"https:\/\/previews.elleven.digital\/acocearense\/wp-content\/uploads\/2025\/05\/Lar_de_Clara-60.jpg","2048x2048-width":1160,"2048x2048-height":520,"trp-custom-language-flag":"https:\/\/previews.elleven.digital\/acocearense\/wp-content\/uploads\/2025\/05\/Lar_de_Clara-60-18x8.jpg","trp-custom-language-flag-width":18,"trp-custom-language-flag-height":8}},"texto":"<p>O Grupo A\u00e7o Cearense disponibiliza seus produtos a todos os estados brasileiros, com agilidade e com alta qualidade dos seus produtos. Fiel aos seus valores busca superar as expectativas de seus clientes com solu\u00e7\u00f5es customizadas atendendo \u00e0s suas necessidades.<\/p>\n"}]},"yoast_head":"<!-- This site is optimized with the Yoast SEO plugin v25.9 - https:\/\/yoast.com\/wordpress\/plugins\/seo\/ -->\n<title>Sustentabilidade - Grupo A\u00e7o Cearense<\/title>\n<meta name=\"robots\" content=\"index, follow, max-snippet:-1, max-image-preview:large, max-video-preview:-1\" \/>\n<link rel=\"canonical\" href=\"https:\/\/previews.elleven.digital\/acocearense\/en\/sustentabilidade\/\" \/>\n<meta property=\"og:locale\" content=\"en_US\" \/>\n<meta property=\"og:type\" content=\"article\" \/>\n<meta property=\"og:title\" content=\"Sustentabilidade - Grupo A\u00e7o Cearense\" \/>\n<meta property=\"og:description\" content=\"Moldando um futuro sustent\u00e1vel com responsabilidade ambiental, inclus\u00e3o social e desenvolvimento econ\u00f4mico.\" \/>\n<meta property=\"og:url\" content=\"https:\/\/previews.elleven.digital\/acocearense\/en\/sustentabilidade\/\" \/>\n<meta property=\"og:site_name\" content=\"Grupo A\u00e7o Cearense\" \/>\n<meta property=\"article:modified_time\" content=\"2025-09-11T18:02:02+00:00\" \/>\n<meta property=\"og:image\" content=\"https:\/\/previews.elleven.digital\/acocearense\/wp-content\/uploads\/2025\/03\/open-graph.png\" \/>\n\t<meta property=\"og:image:width\" content=\"1200\" \/>\n\t<meta property=\"og:image:height\" content=\"675\" \/>\n\t<meta property=\"og:image:type\" content=\"image\/png\" \/>\n<meta name=\"twitter:card\" content=\"summary_large_image\" \/>\n<script type=\"application\/ld+json\" class=\"yoast-schema-graph\">{\"@context\":\"https:\/\/schema.org\",\"@graph\":[{\"@type\":\"WebPage\",\"@id\":\"https:\/\/previews.elleven.digital\/acocearense\/sustentabilidade\/\",\"url\":\"https:\/\/previews.elleven.digital\/acocearense\/sustentabilidade\/\",\"name\":\"Sustentabilidade - Grupo A\u00e7o Cearense\",\"isPartOf\":{\"@id\":\"https:\/\/previews.elleven.digital\/acocearense\/#website\"},\"datePublished\":\"2024-11-07T14:27:02+00:00\",\"dateModified\":\"2025-09-11T18:02:02+00:00\",\"breadcrumb\":{\"@id\":\"https:\/\/previews.elleven.digital\/acocearense\/sustentabilidade\/#breadcrumb\"},\"inLanguage\":\"en-US\",\"potentialAction\":[{\"@type\":\"ReadAction\",\"target\":[\"https:\/\/previews.elleven.digital\/acocearense\/sustentabilidade\/\"]}]},{\"@type\":\"BreadcrumbList\",\"@id\":\"https:\/\/previews.elleven.digital\/acocearense\/sustentabilidade\/#breadcrumb\",\"itemListElement\":[{\"@type\":\"ListItem\",\"position\":1,\"name\":\"In\u00edcio\",\"item\":\"https:\/\/previews.elleven.digital\/acocearense\/\"},{\"@type\":\"ListItem\",\"position\":2,\"name\":\"Sustentabilidade\"}]},{\"@type\":\"WebSite\",\"@id\":\"https:\/\/previews.elleven.digital\/acocearense\/#website\",\"url\":\"https:\/\/previews.elleven.digital\/acocearense\/\",\"name\":\"A\u00e7o Cearense\",\"description\":\"H\u00e1 mais de 45 anos no mercado brasileiro do a\u00e7o.\",\"alternateName\":\"A\u00e7o Cearense\",\"potentialAction\":[{\"@type\":\"SearchAction\",\"target\":{\"@type\":\"EntryPoint\",\"urlTemplate\":\"https:\/\/previews.elleven.digital\/acocearense\/?s={search_term_string}\"},\"query-input\":{\"@type\":\"PropertyValueSpecification\",\"valueRequired\":true,\"valueName\":\"search_term_string\"}}],\"inLanguage\":\"en-US\"}]}<\/script>\n<!-- \/ Yoast SEO plugin. -->","yoast_head_json":{"title":"Sustentabilidade - Grupo A\u00e7o Cearense","robots":{"index":"index","follow":"follow","max-snippet":"max-snippet:-1","max-image-preview":"max-image-preview:large","max-video-preview":"max-video-preview:-1"},"canonical":"https:\/\/previews.elleven.digital\/acocearense\/en\/sustentabilidade\/","og_locale":"en_US","og_type":"article","og_title":"Sustentabilidade - Grupo A\u00e7o Cearense","og_description":"Moldando um futuro sustent\u00e1vel com responsabilidade ambiental, inclus\u00e3o social e desenvolvimento econ\u00f4mico.","og_url":"https:\/\/previews.elleven.digital\/acocearense\/en\/sustentabilidade\/","og_site_name":"Grupo A\u00e7o Cearense","article_modified_time":"2025-09-11T18:02:02+00:00","og_image":[{"width":1200,"height":675,"url":"https:\/\/previews.elleven.digital\/acocearense\/wp-content\/uploads\/2025\/03\/open-graph.png","type":"image\/png"}],"twitter_card":"summary_large_image","schema":{"@context":"https:\/\/schema.org","@graph":[{"@type":"WebPage","@id":"https:\/\/previews.elleven.digital\/acocearense\/sustentabilidade\/","url":"https:\/\/previews.elleven.digital\/acocearense\/sustentabilidade\/","name":"Sustentabilidade - Grupo A\u00e7o Cearense","isPartOf":{"@id":"https:\/\/previews.elleven.digital\/acocearense\/#website"},"datePublished":"2024-11-07T14:27:02+00:00","dateModified":"2025-09-11T18:02:02+00:00","breadcrumb":{"@id":"https:\/\/previews.elleven.digital\/acocearense\/sustentabilidade\/#breadcrumb"},"inLanguage":"en-US","potentialAction":[{"@type":"ReadAction","target":["https:\/\/previews.elleven.digital\/acocearense\/sustentabilidade\/"]}]},{"@type":"BreadcrumbList","@id":"https:\/\/previews.elleven.digital\/acocearense\/sustentabilidade\/#breadcrumb","itemListElement":[{"@type":"ListItem","position":1,"name":"In\u00edcio","item":"https:\/\/previews.elleven.digital\/acocearense\/"},{"@type":"ListItem","position":2,"name":"Sustentabilidade"}]},{"@type":"WebSite","@id":"https:\/\/previews.elleven.digital\/acocearense\/#website","url":"https:\/\/previews.elleven.digital\/acocearense\/","name":"Cear\u00e1 Steel","description":"We have been in the Brazilian steel market for over 45 years.","alternateName":"A\u00e7o Cearense","potentialAction":[{"@type":"SearchAction","target":{"@type":"EntryPoint","urlTemplate":"https:\/\/previews.elleven.digital\/acocearense\/?s={search_term_string}"},"query-input":{"@type":"PropertyValueSpecification","valueRequired":true,"valueName":"search_term_string"}}],"inLanguage":"en-US"}]}},"_links":{"self":[{"href":"https:\/\/previews.elleven.digital\/acocearense\/en\/wp-json\/wp\/v2\/pages\/320","targetHints":{"allow":["GET"]}}],"collection":[{"href":"https:\/\/previews.elleven.digital\/acocearense\/en\/wp-json\/wp\/v2\/pages"}],"about":[{"href":"https:\/\/previews.elleven.digital\/acocearense\/en\/wp-json\/wp\/v2\/types\/page"}],"author":[{"embeddable":true,"href":"https:\/\/previews.elleven.digital\/acocearense\/en\/wp-json\/wp\/v2\/users\/1"}],"replies":[{"embeddable":true,"href":"https:\/\/previews.elleven.digital\/acocearense\/en\/wp-json\/wp\/v2\/comments?post=320"}],"version-history":[{"count":12,"href":"https:\/\/previews.elleven.digital\/acocearense\/en\/wp-json\/wp\/v2\/pages\/320\/revisions"}],"predecessor-version":[{"id":22516,"href":"https:\/\/previews.elleven.digital\/acocearense\/en\/wp-json\/wp\/v2\/pages\/320\/revisions\/22516"}],"wp:attachment":[{"href":"https:\/\/previews.elleven.digital\/acocearense\/en\/wp-json\/wp\/v2\/media?parent=320"}],"curies":[{"name":"wp","href":"https:\/\/api.w.org\/{rel}","templated":true}]}}