{"id":190,"date":"2024-11-05T11:59:36","date_gmt":"2024-11-05T14:59:36","guid":{"rendered":"https:\/\/previews.elleven.digital\/acocearense\/\/?page_id=190"},"modified":"2025-09-12T11:55:12","modified_gmt":"2025-09-12T14:55:12","slug":"quem-somos","status":"publish","type":"page","link":"https:\/\/previews.elleven.digital\/acocearense\/en\/quem-somos\/","title":{"rendered":"Who We Are"},"content":{"rendered":"","protected":false},"excerpt":{"rendered":"","protected":false},"author":1,"featured_media":0,"parent":0,"menu_order":0,"comment_status":"closed","ping_status":"closed","template":"","meta":{"_acf_changed":false,"inline_featured_image":false,"footnotes":""},"class_list":["post-190","page","type-page","status-publish","hentry"],"acf":{"banner":"https:\/\/previews.elleven.digital\/acocearense\/wp-content\/uploads\/2025\/04\/aco-quemsomos.jpg","titulo":"INOVA\u00c7\u00c3O E COMPROMISSO COM O BRASIL","descricao":"Desde 1984, o Grupo A\u00e7o Cearense tem trilhado um caminho de crescimento cont\u00ednuo, solidificando-se como uma refer\u00eancia no setor sider\u00fargico brasileiro. Com uma trajet\u00f3ria marcada pela inova\u00e7\u00e3o e compromisso com o desenvolvimento nacional, expandimos nossas opera\u00e7\u00f5es para abranger tr\u00eas empresas e um instituto, com presen\u00e7a significativa no Cear\u00e1, Par\u00e1 e Tocantins.","historia":[{"imagem":false,"titulo":"Nossa Gente d\u00e1 liga, Nossa liga Constr\u00f3i o Futuro.","descricao":"<p>A nossa trajet\u00f3ria foi constru\u00edda com base na coragem e em valores inegoci\u00e1veis como a humildade, o trabalho seguro, a integridade, o foco, a determina\u00e7\u00e3o e a f\u00e9 em Deus. Esses valores nos guiam em dire\u00e7\u00e3o a um futuro pr\u00f3spero e nos movem na busca por um Brasil diferente. Para construirmos juntos uma hist\u00f3ria de possibilidades, ousamos com coragem e responsabilidade, exercitando sempre a resili\u00eancia e a flexibilidade.<\/p>\n<p>O Grupo A\u00e7o Cearense \u00e9 formado por empresas que buscam a perfeita sincronia, encontrando no a\u00e7o a nossa verdadeira voca\u00e7\u00e3o. Atuamos nas \u00e1reas de metalurgia, siderurgia, log\u00edstica e comercial, sempre com um forte compromisso social, sustentado pelo Instituto A\u00e7o Cearense.<\/p>\n"},{"imagem":false,"titulo":"Nossa for\u00e7a espalhada pelo Brasil","descricao":"<p>Com uma capacidade produtiva de 1,4 milh\u00e3o de toneladas por ano, oferecemos uma linha completa para atender \u00e0s diversas necessidades dos nossos clientes. Oferecemos produtos para constru\u00e7\u00e3o civil, estruturas, serralherias, planos, tubos e at\u00e9 mesmo uma linha especial de a\u00e7o inox.<\/p>\n<p><a href=\"https:\/\/previews.elleven.digital\/acocearense\/wp-content\/uploads\/2025\/04\/quem-somos-aco-cearense.svg\"><img loading=\"lazy\" decoding=\"async\" class=\"alignnone wp-image-699 size-full\" src=\"https:\/\/previews.elleven.digital\/acocearense\/wp-content\/uploads\/2025\/04\/quem-somos-aco-cearense.svg\" alt=\"\" width=\"134\" height=\"64\" \/><\/a><\/p>\n<p>A A\u00e7o Cearense une a for\u00e7a industrial, comercial e log\u00edstica para oferecer aos nossos clientes o melhor servi\u00e7o e produto, com rapidez, facilidade de cr\u00e9dito e pedidos fracionados, entregando a\u00e7o para todo o pa\u00eds com dinamismo e excel\u00eancia.<\/p>\n<p>Na matriz industrial, focamos na produ\u00e7\u00e3o de a\u00e7os planos, com duas plantas que t\u00eam capacidade de produzir 623 mil toneladas de a\u00e7o por ano. Somos, ainda, a maior ind\u00fastria de tubos com costura da Am\u00e9rica do Sul, oferecendo produtos que atendem principalmente \u00e0 constru\u00e7\u00e3o civil.<\/p>\n<p>Para aprimorar a experi\u00eancia dos nossos clientes, impulsionamos nossa intelig\u00eancia log\u00edstica, que integra toda a cadeia de atendimento, garantindo mais agilidade, flexibilidade e seguran\u00e7a em todas as nossas opera\u00e7\u00f5es.<\/p>\n<p><img loading=\"lazy\" decoding=\"async\" class=\"alignnone wp-image-700 size-full\" src=\"https:\/\/previews.elleven.digital\/acocearense\/wp-content\/uploads\/2025\/04\/quem-somos-sinobras.svg\" alt=\"\" width=\"83\" height=\"64\" \/><\/p>\n<p>No Par\u00e1, contamos com a SINOBRAS, usina sider\u00fargica integrada das regi\u00f5es Norte e Nordeste do Brasil. Produtora de a\u00e7os longos, possui capacidade de 850 mil toneladas de a\u00e7o por ano.<\/p>\n<p><a href=\"https:\/\/previews.elleven.digital\/acocearense\/wp-content\/uploads\/2025\/04\/quem-somos-sinobras-florestal.svg\"><img loading=\"lazy\" decoding=\"async\" class=\"alignnone size-full wp-image-703\" src=\"https:\/\/previews.elleven.digital\/acocearense\/wp-content\/uploads\/2025\/04\/quem-somos-sinobras-florestal.svg\" alt=\"\" width=\"83\" height=\"64\" \/><\/a><\/p>\n<p>No Tocantins, temos a SINOBRAS Florestal, que fornece biorredutor para a produ\u00e7\u00e3o de a\u00e7o e possui ativos pr\u00f3prios de plantio de eucalipto, cobrindo uma \u00e1rea de cerca de 46 mil hectares nos munic\u00edpios de S\u00e3o Bento do Tocantins, Araguatins e Anan\u00e1s.<\/p>\n"},{"imagem":false,"titulo":"Transforma\u00e7\u00e3o para um Brasil mais forte","descricao":"<p>Uma das nossas maiores voca\u00e7\u00f5es \u00e9 contribuir para um Brasil mais justo e cheio de oportunidades. Pensar al\u00e9m do neg\u00f3cio \u00e9 essencial para seguirmos construindo o pa\u00eds que desejamos.<\/p>\n<p>Por isso, em 2010 fundamos o Instituto A\u00e7o Cearense, que atua na transforma\u00e7\u00e3o e inclus\u00e3o social por meio de iniciativas voltadas \u00e0 educa\u00e7\u00e3o, sa\u00fade, cultura, esporte e empreendedorismo. J\u00e1 apoiamos mais de 355 institui\u00e7\u00f5es no Cear\u00e1, Par\u00e1 e Tocantins, beneficiando mais de 775 mil pessoas.<\/p>\n<p>Continuamos unidos, com coragem e determina\u00e7\u00e3o, para construir um futuro ainda mais forte para todos n\u00f3s.<\/p>\n"}],"relatorios":[{"titulo":"Relat\u00f3rio de Transpar\u00eancia e Igualdade Salarial de Mulheres e Homens de 2025.1","relatorios":[{"titulo":"Relat\u00f3rio de Transpar\u00eancia e Igualdade Salarial de Mulheres e Homens 1","arquivo":"https:\/\/previews.elleven.digital\/acocearense\/wp-content\/uploads\/2025\/09\/1.pdf"},{"titulo":"Relat\u00f3rio de Transpar\u00eancia e Igualdade Salarial de Mulheres e Homens 2","arquivo":"https:\/\/previews.elleven.digital\/acocearense\/wp-content\/uploads\/2025\/09\/2.pdf"},{"titulo":"Relat\u00f3rio de Transpar\u00eancia e Igualdade Salarial de Mulheres e Homens 3","arquivo":"https:\/\/previews.elleven.digital\/acocearense\/wp-content\/uploads\/2025\/09\/3.pdf"},{"titulo":"Relat\u00f3rio de Transpar\u00eancia e Igualdade Salarial de Mulheres e Homens 4","arquivo":"https:\/\/previews.elleven.digital\/acocearense\/wp-content\/uploads\/2025\/09\/4.pdf"},{"titulo":"Relat\u00f3rio de Transpar\u00eancia e Igualdade Salarial de Mulheres e Homens 5","arquivo":"https:\/\/previews.elleven.digital\/acocearense\/wp-content\/uploads\/2025\/09\/5.pdf"},{"titulo":"Relat\u00f3rio de Transpar\u00eancia e Igualdade Salarial de Mulheres e Homens 6","arquivo":"https:\/\/previews.elleven.digital\/acocearense\/wp-content\/uploads\/2025\/09\/6.pdf"},{"titulo":"Relat\u00f3rio de Transpar\u00eancia e Igualdade Salarial de Mulheres e Homens 7","arquivo":"https:\/\/previews.elleven.digital\/acocearense\/wp-content\/uploads\/2025\/09\/7.pdf"}]},{"titulo":"Relat\u00f3rio de Transpar\u00eancia e Igualdade Salarial de Mulheres e Homens de 2024.2","relatorios":[{"titulo":"Relat\u00f3rio de Transpar\u00eancia e Igualdade Salarial de Mulheres e Homens 1","arquivo":"https:\/\/previews.elleven.digital\/acocearense\/wp-content\/uploads\/2025\/09\/1-1.pdf"},{"titulo":"Relat\u00f3rio de Transpar\u00eancia e Igualdade Salarial de Mulheres e Homens 2","arquivo":"https:\/\/previews.elleven.digital\/acocearense\/wp-content\/uploads\/2025\/09\/2-1.pdf"},{"titulo":"Relat\u00f3rio de Transpar\u00eancia e Igualdade Salarial de Mulheres e Homens 3","arquivo":"https:\/\/previews.elleven.digital\/acocearense\/wp-content\/uploads\/2025\/09\/3-1.pdf"},{"titulo":"Relat\u00f3rio de Transpar\u00eancia e Igualdade Salarial de Mulheres e Homens 4","arquivo":"https:\/\/previews.elleven.digital\/acocearense\/wp-content\/uploads\/2025\/09\/4-1.pdf"},{"titulo":"Relat\u00f3rio de Transpar\u00eancia e Igualdade Salarial de Mulheres e Homens 5","arquivo":"https:\/\/previews.elleven.digital\/acocearense\/wp-content\/uploads\/2025\/09\/5-1.pdf"},{"titulo":"Relat\u00f3rio de Transpar\u00eancia e Igualdade Salarial de Mulheres e Homens 6","arquivo":"https:\/\/previews.elleven.digital\/acocearense\/wp-content\/uploads\/2025\/09\/6-1.pdf"}]},{"titulo":"Relat\u00f3rio de Transpar\u00eancia e Igualdade Salarial de Mulheres e Homens de 2024.1","relatorios":[{"titulo":"Relat\u00f3rio de Transpar\u00eancia e Igualdade Salarial de Mulheres e Homens 1","arquivo":"https:\/\/previews.elleven.digital\/acocearense\/wp-content\/uploads\/2025\/09\/1-2.pdf"},{"titulo":"Relat\u00f3rio de Transpar\u00eancia e Igualdade Salarial de Mulheres e Homens 2","arquivo":"https:\/\/previews.elleven.digital\/acocearense\/wp-content\/uploads\/2025\/09\/2-2.pdf"},{"titulo":"Relat\u00f3rio de Transpar\u00eancia e Igualdade Salarial de Mulheres e Homens 3","arquivo":"https:\/\/previews.elleven.digital\/acocearense\/wp-content\/uploads\/2025\/09\/3-2.pdf"},{"titulo":"Relat\u00f3rio de Transpar\u00eancia e Igualdade Salarial de Mulheres e Homens 4","arquivo":"https:\/\/previews.elleven.digital\/acocearense\/wp-content\/uploads\/2025\/09\/4-2.pdf"},{"titulo":"Relat\u00f3rio de Transpar\u00eancia e Igualdade Salarial de Mulheres e Homens 5","arquivo":"https:\/\/previews.elleven.digital\/acocearense\/wp-content\/uploads\/2025\/09\/5-2.pdf"}]}],"blocos":[{"imagem":{"ID":2183,"id":2183,"title":"Ind\u00fastria Matriz_Ensaio Fotogr\u00e1fico_353_\u00a9 Drawlio Joca","filename":"Industria-Matriz_Ensaio-Fotografico_353_\u00a9-Drawlio-Joca.jpg","filesize":578015,"url":"https:\/\/previews.elleven.digital\/acocearense\/wp-content\/uploads\/2025\/05\/Industria-Matriz_Ensaio-Fotografico_353_\u00a9-Drawlio-Joca.jpg","link":"https:\/\/previews.elleven.digital\/acocearense\/en\/quem-somos\/industria-matriz_ensaio-fotografico_353_-drawlio-joca\/","alt":"","author":"1","description":"","caption":"","name":"industria-matriz_ensaio-fotografico_353_-drawlio-joca","status":"inherit","uploaded_to":190,"date":"2025-05-08 02:12:01","modified":"2025-05-08 02:12:01","menu_order":0,"mime_type":"image\/jpeg","type":"image","subtype":"jpeg","icon":"https:\/\/previews.elleven.digital\/acocearense\/wp-includes\/images\/media\/default.png","width":1160,"height":520,"sizes":{"thumbnail":"https:\/\/previews.elleven.digital\/acocearense\/wp-content\/uploads\/2025\/05\/Industria-Matriz_Ensaio-Fotografico_353_\u00a9-Drawlio-Joca-150x150.jpg","thumbnail-width":150,"thumbnail-height":150,"medium":"https:\/\/previews.elleven.digital\/acocearense\/wp-content\/uploads\/2025\/05\/Industria-Matriz_Ensaio-Fotografico_353_\u00a9-Drawlio-Joca-300x134.jpg","medium-width":300,"medium-height":134,"medium_large":"https:\/\/previews.elleven.digital\/acocearense\/wp-content\/uploads\/2025\/05\/Industria-Matriz_Ensaio-Fotografico_353_\u00a9-Drawlio-Joca-768x344.jpg","medium_large-width":768,"medium_large-height":344,"large":"https:\/\/previews.elleven.digital\/acocearense\/wp-content\/uploads\/2025\/05\/Industria-Matriz_Ensaio-Fotografico_353_\u00a9-Drawlio-Joca-1024x459.jpg","large-width":1024,"large-height":459,"1536x1536":"https:\/\/previews.elleven.digital\/acocearense\/wp-content\/uploads\/2025\/05\/Industria-Matriz_Ensaio-Fotografico_353_\u00a9-Drawlio-Joca.jpg","1536x1536-width":1160,"1536x1536-height":520,"2048x2048":"https:\/\/previews.elleven.digital\/acocearense\/wp-content\/uploads\/2025\/05\/Industria-Matriz_Ensaio-Fotografico_353_\u00a9-Drawlio-Joca.jpg","2048x2048-width":1160,"2048x2048-height":520,"trp-custom-language-flag":"https:\/\/previews.elleven.digital\/acocearense\/wp-content\/uploads\/2025\/05\/Industria-Matriz_Ensaio-Fotografico_353_\u00a9-Drawlio-Joca-18x8.jpg","trp-custom-language-flag-width":18,"trp-custom-language-flag-height":8}},"titulo":"Nossa hist\u00f3ria","descricao":"A jornada come\u00e7ou com a funda\u00e7\u00e3o da A\u00e7o Cearense Comercial, em Fortaleza (CE). Com o tempo, crescemos e diversificamos nossas atividades, sempre focados em atender \u00e0s demandas do mercado com excel\u00eancia. Em Fortaleza, tamb\u00e9m est\u00e1 localizada a A\u00e7o Cearense Industrial, que se dedica \u00e0 produ\u00e7\u00e3o de a\u00e7os planos. O Instituto A\u00e7o Cearense, por sua vez, desempenha um papel crucial na inclus\u00e3o social atrav\u00e9s de iniciativas em educa\u00e7\u00e3o, cultura, esporte e empreendedorismo."},{"imagem":{"ID":2182,"id":2182,"title":"Tuer\u00ea Fotos__MG_9902","filename":"Tuere-Fotos__MG_9902.jpg","filesize":578923,"url":"https:\/\/previews.elleven.digital\/acocearense\/wp-content\/uploads\/2025\/05\/Tuere-Fotos__MG_9902.jpg","link":"https:\/\/previews.elleven.digital\/acocearense\/en\/quem-somos\/tuere-fotos__mg_9902\/","alt":"","author":"1","description":"","caption":"","name":"tuere-fotos__mg_9902","status":"inherit","uploaded_to":190,"date":"2025-05-08 02:12:00","modified":"2025-05-08 02:12:00","menu_order":0,"mime_type":"image\/jpeg","type":"image","subtype":"jpeg","icon":"https:\/\/previews.elleven.digital\/acocearense\/wp-includes\/images\/media\/default.png","width":1160,"height":520,"sizes":{"thumbnail":"https:\/\/previews.elleven.digital\/acocearense\/wp-content\/uploads\/2025\/05\/Tuere-Fotos__MG_9902-150x150.jpg","thumbnail-width":150,"thumbnail-height":150,"medium":"https:\/\/previews.elleven.digital\/acocearense\/wp-content\/uploads\/2025\/05\/Tuere-Fotos__MG_9902-300x134.jpg","medium-width":300,"medium-height":134,"medium_large":"https:\/\/previews.elleven.digital\/acocearense\/wp-content\/uploads\/2025\/05\/Tuere-Fotos__MG_9902-768x344.jpg","medium_large-width":768,"medium_large-height":344,"large":"https:\/\/previews.elleven.digital\/acocearense\/wp-content\/uploads\/2025\/05\/Tuere-Fotos__MG_9902-1024x459.jpg","large-width":1024,"large-height":459,"1536x1536":"https:\/\/previews.elleven.digital\/acocearense\/wp-content\/uploads\/2025\/05\/Tuere-Fotos__MG_9902.jpg","1536x1536-width":1160,"1536x1536-height":520,"2048x2048":"https:\/\/previews.elleven.digital\/acocearense\/wp-content\/uploads\/2025\/05\/Tuere-Fotos__MG_9902.jpg","2048x2048-width":1160,"2048x2048-height":520,"trp-custom-language-flag":"https:\/\/previews.elleven.digital\/acocearense\/wp-content\/uploads\/2025\/05\/Tuere-Fotos__MG_9902-18x8.jpg","trp-custom-language-flag-width":18,"trp-custom-language-flag-height":8}},"titulo":"Nossa presen\u00e7a","descricao":"No Norte do Brasil, em Marab\u00e1 (PA), a Sider\u00fargica Norte Brasil S.A. \u2013 SINOBRAS produz a\u00e7os longos de alta qualidade. Em Tocantins, a SINOBRAS Florestal se dedica ao cultivo de eucalipto para a produ\u00e7\u00e3o de redutor bioenerg\u00e9tico, refor\u00e7ando nosso compromisso com a sustentabilidade. Em 2022, demos mais um passo importante com o lan\u00e7amento da A\u00e7o Cearense Log\u00edstica, unificando nossa cadeia de atendimento e otimizando nossos servi\u00e7os de log\u00edstica."},{"imagem":{"ID":2187,"id":2187,"title":"AAREA3-11","filename":"AAREA3-11.jpg","filesize":450679,"url":"https:\/\/previews.elleven.digital\/acocearense\/wp-content\/uploads\/2025\/05\/AAREA3-11.jpg","link":"https:\/\/previews.elleven.digital\/acocearense\/en\/quem-somos\/aarea3-11\/","alt":"","author":"1","description":"","caption":"","name":"aarea3-11","status":"inherit","uploaded_to":190,"date":"2025-05-16 12:03:57","modified":"2025-05-16 12:03:57","menu_order":0,"mime_type":"image\/jpeg","type":"image","subtype":"jpeg","icon":"https:\/\/previews.elleven.digital\/acocearense\/wp-includes\/images\/media\/default.png","width":1160,"height":520,"sizes":{"thumbnail":"https:\/\/previews.elleven.digital\/acocearense\/wp-content\/uploads\/2025\/05\/AAREA3-11-150x150.jpg","thumbnail-width":150,"thumbnail-height":150,"medium":"https:\/\/previews.elleven.digital\/acocearense\/wp-content\/uploads\/2025\/05\/AAREA3-11-300x134.jpg","medium-width":300,"medium-height":134,"medium_large":"https:\/\/previews.elleven.digital\/acocearense\/wp-content\/uploads\/2025\/05\/AAREA3-11-768x344.jpg","medium_large-width":768,"medium_large-height":344,"large":"https:\/\/previews.elleven.digital\/acocearense\/wp-content\/uploads\/2025\/05\/AAREA3-11-1024x459.jpg","large-width":1024,"large-height":459,"1536x1536":"https:\/\/previews.elleven.digital\/acocearense\/wp-content\/uploads\/2025\/05\/AAREA3-11.jpg","1536x1536-width":1160,"1536x1536-height":520,"2048x2048":"https:\/\/previews.elleven.digital\/acocearense\/wp-content\/uploads\/2025\/05\/AAREA3-11.jpg","2048x2048-width":1160,"2048x2048-height":520,"trp-custom-language-flag":"https:\/\/previews.elleven.digital\/acocearense\/wp-content\/uploads\/2025\/05\/AAREA3-11-18x8.jpg","trp-custom-language-flag-width":18,"trp-custom-language-flag-height":8}},"titulo":"Compromisso com a qualidade","descricao":"Nosso compromisso com a qualidade e a inova\u00e7\u00e3o \u00e9 refletido na ampla gama de produtos e servi\u00e7os que oferecemos. De a\u00e7os planos e longos a solu\u00e7\u00f5es log\u00edsticas integradas, estamos aqui para atender \u00e0s necessidades dos nossos clientes corporativos, incluindo construtoras e ind\u00fastrias de diversas escalas."},{"imagem":{"ID":2189,"id":2189,"title":"Fotos institucionais 4","filename":"Fotos-institucionais-4.jpg","filesize":603011,"url":"https:\/\/previews.elleven.digital\/acocearense\/wp-content\/uploads\/2025\/05\/Fotos-institucionais-4.jpg","link":"https:\/\/previews.elleven.digital\/acocearense\/en\/quem-somos\/fotos-institucionais-4\/","alt":"","author":"1","description":"","caption":"","name":"fotos-institucionais-4","status":"inherit","uploaded_to":190,"date":"2025-05-16 12:03:59","modified":"2025-05-16 12:03:59","menu_order":0,"mime_type":"image\/jpeg","type":"image","subtype":"jpeg","icon":"https:\/\/previews.elleven.digital\/acocearense\/wp-includes\/images\/media\/default.png","width":1160,"height":520,"sizes":{"thumbnail":"https:\/\/previews.elleven.digital\/acocearense\/wp-content\/uploads\/2025\/05\/Fotos-institucionais-4-150x150.jpg","thumbnail-width":150,"thumbnail-height":150,"medium":"https:\/\/previews.elleven.digital\/acocearense\/wp-content\/uploads\/2025\/05\/Fotos-institucionais-4-300x134.jpg","medium-width":300,"medium-height":134,"medium_large":"https:\/\/previews.elleven.digital\/acocearense\/wp-content\/uploads\/2025\/05\/Fotos-institucionais-4-768x344.jpg","medium_large-width":768,"medium_large-height":344,"large":"https:\/\/previews.elleven.digital\/acocearense\/wp-content\/uploads\/2025\/05\/Fotos-institucionais-4-1024x459.jpg","large-width":1024,"large-height":459,"1536x1536":"https:\/\/previews.elleven.digital\/acocearense\/wp-content\/uploads\/2025\/05\/Fotos-institucionais-4.jpg","1536x1536-width":1160,"1536x1536-height":520,"2048x2048":"https:\/\/previews.elleven.digital\/acocearense\/wp-content\/uploads\/2025\/05\/Fotos-institucionais-4.jpg","2048x2048-width":1160,"2048x2048-height":520,"trp-custom-language-flag":"https:\/\/previews.elleven.digital\/acocearense\/wp-content\/uploads\/2025\/05\/Fotos-institucionais-4-18x8.jpg","trp-custom-language-flag-width":18,"trp-custom-language-flag-height":8}},"titulo":"Vis\u00e3o para o Futuro","descricao":"\u00c0 medida que avan\u00e7amos, continuamos investindo em tecnologias de ponta e aprimorando nossas plataformas digitais. Nosso objetivo \u00e9 proporcionar uma experi\u00eancia de usu\u00e1rio superior, facilitar o acesso e a navega\u00e7\u00e3o pelos nossos produtos e servi\u00e7os, e garantir que nossos clientes tenham sempre \u00e0 disposi\u00e7\u00e3o as melhores solu\u00e7\u00f5es em a\u00e7o."}],"relatorio_descricao":"Para a leitura \u00e9 fundamental considerar os seguintes aspectos:<br \/>\r\n<br \/>\r\n\u2013 Esses relat\u00f3rios foram elaborados pelo MTE<br \/>\r\n<br \/>\r\n\u2013 As diferen\u00e7as apontadas nos relat\u00f3rios n\u00e3o configuram discrimina\u00e7\u00e3o de g\u00eanero, pois desconsideraram crit\u00e9rios previstos em lei ou em Planos de Cargos como experi\u00eancia, desempenho, n\u00edveis de cargo e forma\u00e7\u00e3o acad\u00eamica.\u201d<br \/>\r\n<br \/>\r\n"},"yoast_head":"<!-- This site is optimized with the Yoast SEO plugin v25.9 - https:\/\/yoast.com\/wordpress\/plugins\/seo\/ -->\n<title>Quem Somos - Grupo A\u00e7o Cearense<\/title>\n<meta name=\"robots\" content=\"index, follow, max-snippet:-1, max-image-preview:large, max-video-preview:-1\" \/>\n<link rel=\"canonical\" href=\"https:\/\/previews.elleven.digital\/acocearense\/en\/quem-somos\/\" \/>\n<meta property=\"og:locale\" content=\"en_US\" \/>\n<meta property=\"og:type\" content=\"article\" \/>\n<meta property=\"og:title\" content=\"Quem Somos - Grupo A\u00e7o Cearense\" \/>\n<meta property=\"og:url\" content=\"https:\/\/previews.elleven.digital\/acocearense\/en\/quem-somos\/\" \/>\n<meta property=\"og:site_name\" content=\"Grupo A\u00e7o Cearense\" \/>\n<meta property=\"article:modified_time\" content=\"2025-09-12T14:55:12+00:00\" \/>\n<meta property=\"og:image\" content=\"https:\/\/previews.elleven.digital\/acocearense\/wp-content\/uploads\/2025\/03\/open-graph.png\" \/>\n\t<meta property=\"og:image:width\" content=\"1200\" \/>\n\t<meta property=\"og:image:height\" content=\"675\" \/>\n\t<meta property=\"og:image:type\" content=\"image\/png\" \/>\n<meta name=\"twitter:card\" content=\"summary_large_image\" \/>\n<script type=\"application\/ld+json\" class=\"yoast-schema-graph\">{\"@context\":\"https:\/\/schema.org\",\"@graph\":[{\"@type\":\"WebPage\",\"@id\":\"https:\/\/previews.elleven.digital\/acocearense\/quem-somos\/\",\"url\":\"https:\/\/previews.elleven.digital\/acocearense\/quem-somos\/\",\"name\":\"Quem Somos - Grupo A\u00e7o Cearense\",\"isPartOf\":{\"@id\":\"https:\/\/previews.elleven.digital\/acocearense\/#website\"},\"datePublished\":\"2024-11-05T14:59:36+00:00\",\"dateModified\":\"2025-09-12T14:55:12+00:00\",\"breadcrumb\":{\"@id\":\"https:\/\/previews.elleven.digital\/acocearense\/quem-somos\/#breadcrumb\"},\"inLanguage\":\"en-US\",\"potentialAction\":[{\"@type\":\"ReadAction\",\"target\":[\"https:\/\/previews.elleven.digital\/acocearense\/quem-somos\/\"]}]},{\"@type\":\"BreadcrumbList\",\"@id\":\"https:\/\/previews.elleven.digital\/acocearense\/quem-somos\/#breadcrumb\",\"itemListElement\":[{\"@type\":\"ListItem\",\"position\":1,\"name\":\"In\u00edcio\",\"item\":\"https:\/\/previews.elleven.digital\/acocearense\/\"},{\"@type\":\"ListItem\",\"position\":2,\"name\":\"Quem Somos\"}]},{\"@type\":\"WebSite\",\"@id\":\"https:\/\/previews.elleven.digital\/acocearense\/#website\",\"url\":\"https:\/\/previews.elleven.digital\/acocearense\/\",\"name\":\"A\u00e7o Cearense\",\"description\":\"H\u00e1 mais de 45 anos no mercado brasileiro do a\u00e7o.\",\"alternateName\":\"A\u00e7o Cearense\",\"potentialAction\":[{\"@type\":\"SearchAction\",\"target\":{\"@type\":\"EntryPoint\",\"urlTemplate\":\"https:\/\/previews.elleven.digital\/acocearense\/?s={search_term_string}\"},\"query-input\":{\"@type\":\"PropertyValueSpecification\",\"valueRequired\":true,\"valueName\":\"search_term_string\"}}],\"inLanguage\":\"en-US\"}]}<\/script>\n<!-- \/ Yoast SEO plugin. -->","yoast_head_json":{"title":"Quem Somos - Grupo A\u00e7o Cearense","robots":{"index":"index","follow":"follow","max-snippet":"max-snippet:-1","max-image-preview":"max-image-preview:large","max-video-preview":"max-video-preview:-1"},"canonical":"https:\/\/previews.elleven.digital\/acocearense\/en\/quem-somos\/","og_locale":"en_US","og_type":"article","og_title":"Quem Somos - Grupo A\u00e7o Cearense","og_url":"https:\/\/previews.elleven.digital\/acocearense\/en\/quem-somos\/","og_site_name":"Grupo A\u00e7o Cearense","article_modified_time":"2025-09-12T14:55:12+00:00","og_image":[{"width":1200,"height":675,"url":"https:\/\/previews.elleven.digital\/acocearense\/wp-content\/uploads\/2025\/03\/open-graph.png","type":"image\/png"}],"twitter_card":"summary_large_image","schema":{"@context":"https:\/\/schema.org","@graph":[{"@type":"WebPage","@id":"https:\/\/previews.elleven.digital\/acocearense\/quem-somos\/","url":"https:\/\/previews.elleven.digital\/acocearense\/quem-somos\/","name":"Quem Somos - Grupo A\u00e7o Cearense","isPartOf":{"@id":"https:\/\/previews.elleven.digital\/acocearense\/#website"},"datePublished":"2024-11-05T14:59:36+00:00","dateModified":"2025-09-12T14:55:12+00:00","breadcrumb":{"@id":"https:\/\/previews.elleven.digital\/acocearense\/quem-somos\/#breadcrumb"},"inLanguage":"en-US","potentialAction":[{"@type":"ReadAction","target":["https:\/\/previews.elleven.digital\/acocearense\/quem-somos\/"]}]},{"@type":"BreadcrumbList","@id":"https:\/\/previews.elleven.digital\/acocearense\/quem-somos\/#breadcrumb","itemListElement":[{"@type":"ListItem","position":1,"name":"In\u00edcio","item":"https:\/\/previews.elleven.digital\/acocearense\/"},{"@type":"ListItem","position":2,"name":"Quem Somos"}]},{"@type":"WebSite","@id":"https:\/\/previews.elleven.digital\/acocearense\/#website","url":"https:\/\/previews.elleven.digital\/acocearense\/","name":"Cear\u00e1 Steel","description":"We have been in the Brazilian steel market for over 45 years.","alternateName":"A\u00e7o Cearense","potentialAction":[{"@type":"SearchAction","target":{"@type":"EntryPoint","urlTemplate":"https:\/\/previews.elleven.digital\/acocearense\/?s={search_term_string}"},"query-input":{"@type":"PropertyValueSpecification","valueRequired":true,"valueName":"search_term_string"}}],"inLanguage":"en-US"}]}},"_links":{"self":[{"href":"https:\/\/previews.elleven.digital\/acocearense\/en\/wp-json\/wp\/v2\/pages\/190","targetHints":{"allow":["GET"]}}],"collection":[{"href":"https:\/\/previews.elleven.digital\/acocearense\/en\/wp-json\/wp\/v2\/pages"}],"about":[{"href":"https:\/\/previews.elleven.digital\/acocearense\/en\/wp-json\/wp\/v2\/types\/page"}],"author":[{"embeddable":true,"href":"https:\/\/previews.elleven.digital\/acocearense\/en\/wp-json\/wp\/v2\/users\/1"}],"replies":[{"embeddable":true,"href":"https:\/\/previews.elleven.digital\/acocearense\/en\/wp-json\/wp\/v2\/comments?post=190"}],"version-history":[{"count":48,"href":"https:\/\/previews.elleven.digital\/acocearense\/en\/wp-json\/wp\/v2\/pages\/190\/revisions"}],"predecessor-version":[{"id":22529,"href":"https:\/\/previews.elleven.digital\/acocearense\/en\/wp-json\/wp\/v2\/pages\/190\/revisions\/22529"}],"wp:attachment":[{"href":"https:\/\/previews.elleven.digital\/acocearense\/en\/wp-json\/wp\/v2\/media?parent=190"}],"curies":[{"name":"wp","href":"https:\/\/api.w.org\/{rel}","templated":true}]}}