{"id":151,"date":"2024-09-18T14:08:28","date_gmt":"2024-09-18T17:08:28","guid":{"rendered":"https:\/\/previews.elleven.digital\/acocearense\/\/?post_type=empresa&#038;p=151"},"modified":"2025-09-11T14:24:43","modified_gmt":"2025-09-11T17:24:43","slug":"instituto-aco-cearense","status":"publish","type":"empresa","link":"https:\/\/previews.elleven.digital\/acocearense\/en\/empresa\/instituto-aco-cearense\/","title":{"rendered":"Instituto A\u00e7o Cearense"},"content":{"rendered":"<p>Collaborating directly with the development of society in the economic, social and environmental spheres is one of the main objectives of Grupo A\u00e7o Cearense. This is part of the company&#039;s philosophy, which has been in existence for over 45 years, always guided by attention to people and society.<\/p>\n<p>Proof of this commitment is the Instituto A\u00e7o Cearense, which has been developing strong work in the social area for 15 years and contributing to the strengthening of the communities where the Group operates. The Institute supports important causes such as health, education, culture and sports and believes that social work is a joint effort to help society grow, developing people through the promotion of citizenship, rehabilitation and integration.<\/p>","protected":false},"featured_media":750,"template":"single-empresa-instituto-aco-cearense.php","meta":{"_acf_changed":false,"inline_featured_image":false},"class_list":["post-151","empresa","type-empresa","status-publish","has-post-thumbnail","hentry"],"acf":{"blocos":[{"titulo":"Compromisso com o Futuro de Todos","texto":"No Instituto A\u00e7o Cearense, acreditamos que um futuro melhor se constr\u00f3i com a\u00e7\u00f5es concretas e alian\u00e7as verdadeiras. Estamos presentes no dia a dia de quem mais precisa, apoiando institui\u00e7\u00f5es sociais, incentivando o esporte e promovendo iniciativas que fortalecem a cidadania. Atuamos com foco em transforma\u00e7\u00e3o e impacto real, conectando pessoas, valores e oportunidades em uma grande rede de solidariedade que atravessa fronteiras. Porque para n\u00f3s, construir um amanh\u00e3 mais justo \u00e9 uma miss\u00e3o que se renova a cada a\u00e7\u00e3o.","imagem":{"ID":659,"id":659,"title":"1","filename":"1-3.jpg","filesize":125033,"url":"https:\/\/previews.elleven.digital\/acocearense\/wp-content\/uploads\/2024\/09\/1-3.jpg","link":"https:\/\/previews.elleven.digital\/acocearense\/en\/empresa\/instituto-aco-cearense\/1-4\/","alt":"","author":"1","description":"","caption":"","name":"1-4","status":"inherit","uploaded_to":151,"date":"2025-04-02 18:24:01","modified":"2025-04-02 18:24:01","menu_order":0,"mime_type":"image\/jpeg","type":"image","subtype":"jpeg","icon":"https:\/\/previews.elleven.digital\/acocearense\/wp-includes\/images\/media\/default.png","width":1024,"height":683,"sizes":{"thumbnail":"https:\/\/previews.elleven.digital\/acocearense\/wp-content\/uploads\/2024\/09\/1-3-150x150.jpg","thumbnail-width":150,"thumbnail-height":150,"medium":"https:\/\/previews.elleven.digital\/acocearense\/wp-content\/uploads\/2024\/09\/1-3-300x200.jpg","medium-width":300,"medium-height":200,"medium_large":"https:\/\/previews.elleven.digital\/acocearense\/wp-content\/uploads\/2024\/09\/1-3-768x512.jpg","medium_large-width":768,"medium_large-height":512,"large":"https:\/\/previews.elleven.digital\/acocearense\/wp-content\/uploads\/2024\/09\/1-3.jpg","large-width":1024,"large-height":683,"1536x1536":"https:\/\/previews.elleven.digital\/acocearense\/wp-content\/uploads\/2024\/09\/1-3.jpg","1536x1536-width":1024,"1536x1536-height":683,"2048x2048":"https:\/\/previews.elleven.digital\/acocearense\/wp-content\/uploads\/2024\/09\/1-3.jpg","2048x2048-width":1024,"2048x2048-height":683,"trp-custom-language-flag":"https:\/\/previews.elleven.digital\/acocearense\/wp-content\/uploads\/2024\/09\/1-3.jpg","trp-custom-language-flag-width":18,"trp-custom-language-flag-height":12}}},{"titulo":"Transformando Realidades","texto":"O Instituto A\u00e7o Cearense atua h\u00e1 mais de 15 anos promovendo o desenvolvimento social e a cidadania, com impacto direto em milhares de vidas. Por meio de parcerias estrat\u00e9gicas com institui\u00e7\u00f5es sociais comprometidas com o bem-estar coletivo, o Instituto j\u00e1 destinou mais de R$ 35 milh\u00f5es a projetos que beneficiaram mais de 755 mil pessoas em diversas regi\u00f5es do pa\u00eds.","imagem":{"ID":660,"id":660,"title":"2","filename":"2-3.jpg","filesize":88557,"url":"https:\/\/previews.elleven.digital\/acocearense\/wp-content\/uploads\/2024\/09\/2-3.jpg","link":"https:\/\/previews.elleven.digital\/acocearense\/en\/empresa\/instituto-aco-cearense\/2-4\/","alt":"","author":"1","description":"","caption":"","name":"2-4","status":"inherit","uploaded_to":151,"date":"2025-04-02 18:26:44","modified":"2025-04-02 18:26:44","menu_order":0,"mime_type":"image\/jpeg","type":"image","subtype":"jpeg","icon":"https:\/\/previews.elleven.digital\/acocearense\/wp-includes\/images\/media\/default.png","width":1024,"height":683,"sizes":{"thumbnail":"https:\/\/previews.elleven.digital\/acocearense\/wp-content\/uploads\/2024\/09\/2-3-150x150.jpg","thumbnail-width":150,"thumbnail-height":150,"medium":"https:\/\/previews.elleven.digital\/acocearense\/wp-content\/uploads\/2024\/09\/2-3-300x200.jpg","medium-width":300,"medium-height":200,"medium_large":"https:\/\/previews.elleven.digital\/acocearense\/wp-content\/uploads\/2024\/09\/2-3-768x512.jpg","medium_large-width":768,"medium_large-height":512,"large":"https:\/\/previews.elleven.digital\/acocearense\/wp-content\/uploads\/2024\/09\/2-3.jpg","large-width":1024,"large-height":683,"1536x1536":"https:\/\/previews.elleven.digital\/acocearense\/wp-content\/uploads\/2024\/09\/2-3.jpg","1536x1536-width":1024,"1536x1536-height":683,"2048x2048":"https:\/\/previews.elleven.digital\/acocearense\/wp-content\/uploads\/2024\/09\/2-3.jpg","2048x2048-width":1024,"2048x2048-height":683,"trp-custom-language-flag":"https:\/\/previews.elleven.digital\/acocearense\/wp-content\/uploads\/2024\/09\/2-3.jpg","trp-custom-language-flag-width":18,"trp-custom-language-flag-height":12}}},{"titulo":"Muito Al\u00e9m do Apoio Financeiro","texto":"Nosso compromisso vai al\u00e9m do investimento em organiza\u00e7\u00f5es sociais. O Instituto A\u00e7o Cearense acredita na for\u00e7a da mobiliza\u00e7\u00e3o e do exemplo, apoiando atletas, promovendo campanhas de solidariedade dentro das empresas do Grupo e levando a\u00e7\u00f5es transformadoras para as comunidades. Iniciativas como o IAC Social, Pedalando Pela Paz, Projeto Crescer, Amor na Massa e O Que N\u00e3o Nos Disseram s\u00e3o exemplos de como atuamos na pr\u00e1tica para construir um amanh\u00e3 melhor.","imagem":{"ID":661,"id":661,"title":"3","filename":"3-2.jpg","filesize":72091,"url":"https:\/\/previews.elleven.digital\/acocearense\/wp-content\/uploads\/2024\/09\/3-2.jpg","link":"https:\/\/previews.elleven.digital\/acocearense\/en\/empresa\/instituto-aco-cearense\/3-3\/","alt":"","author":"1","description":"","caption":"","name":"3-3","status":"inherit","uploaded_to":151,"date":"2025-04-02 18:27:59","modified":"2025-04-02 18:27:59","menu_order":0,"mime_type":"image\/jpeg","type":"image","subtype":"jpeg","icon":"https:\/\/previews.elleven.digital\/acocearense\/wp-includes\/images\/media\/default.png","width":1024,"height":683,"sizes":{"thumbnail":"https:\/\/previews.elleven.digital\/acocearense\/wp-content\/uploads\/2024\/09\/3-2-150x150.jpg","thumbnail-width":150,"thumbnail-height":150,"medium":"https:\/\/previews.elleven.digital\/acocearense\/wp-content\/uploads\/2024\/09\/3-2-300x200.jpg","medium-width":300,"medium-height":200,"medium_large":"https:\/\/previews.elleven.digital\/acocearense\/wp-content\/uploads\/2024\/09\/3-2-768x512.jpg","medium_large-width":768,"medium_large-height":512,"large":"https:\/\/previews.elleven.digital\/acocearense\/wp-content\/uploads\/2024\/09\/3-2.jpg","large-width":1024,"large-height":683,"1536x1536":"https:\/\/previews.elleven.digital\/acocearense\/wp-content\/uploads\/2024\/09\/3-2.jpg","1536x1536-width":1024,"1536x1536-height":683,"2048x2048":"https:\/\/previews.elleven.digital\/acocearense\/wp-content\/uploads\/2024\/09\/3-2.jpg","2048x2048-width":1024,"2048x2048-height":683,"trp-custom-language-flag":"https:\/\/previews.elleven.digital\/acocearense\/wp-content\/uploads\/2024\/09\/3-2.jpg","trp-custom-language-flag-width":18,"trp-custom-language-flag-height":12}}},{"titulo":"Prop\u00f3sito que Guia","texto":"Nosso prop\u00f3sito \u00e9 fortalecer o Terceiro Setor, apoiando institui\u00e7\u00f5es que atuam com responsabilidade, efici\u00eancia e impacto social comprovado. Antes de firmar parcerias, realizamos uma an\u00e1lise criteriosa da capacidade t\u00e9cnica, estrutural e institucional das organiza\u00e7\u00f5es, garantindo que os recursos sejam bem aplicados e revertidos em transforma\u00e7\u00e3o social.","imagem":{"ID":662,"id":662,"title":"4","filename":"4.jpg","filesize":109171,"url":"https:\/\/previews.elleven.digital\/acocearense\/wp-content\/uploads\/2024\/09\/4.jpg","link":"https:\/\/previews.elleven.digital\/acocearense\/en\/empresa\/instituto-aco-cearense\/attachment\/4\/","alt":"","author":"1","description":"","caption":"","name":"4","status":"inherit","uploaded_to":151,"date":"2025-04-02 18:29:37","modified":"2025-04-02 18:29:37","menu_order":0,"mime_type":"image\/jpeg","type":"image","subtype":"jpeg","icon":"https:\/\/previews.elleven.digital\/acocearense\/wp-includes\/images\/media\/default.png","width":1024,"height":683,"sizes":{"thumbnail":"https:\/\/previews.elleven.digital\/acocearense\/wp-content\/uploads\/2024\/09\/4-150x150.jpg","thumbnail-width":150,"thumbnail-height":150,"medium":"https:\/\/previews.elleven.digital\/acocearense\/wp-content\/uploads\/2024\/09\/4-300x200.jpg","medium-width":300,"medium-height":200,"medium_large":"https:\/\/previews.elleven.digital\/acocearense\/wp-content\/uploads\/2024\/09\/4-768x512.jpg","medium_large-width":768,"medium_large-height":512,"large":"https:\/\/previews.elleven.digital\/acocearense\/wp-content\/uploads\/2024\/09\/4.jpg","large-width":1024,"large-height":683,"1536x1536":"https:\/\/previews.elleven.digital\/acocearense\/wp-content\/uploads\/2024\/09\/4.jpg","1536x1536-width":1024,"1536x1536-height":683,"2048x2048":"https:\/\/previews.elleven.digital\/acocearense\/wp-content\/uploads\/2024\/09\/4.jpg","2048x2048-width":1024,"2048x2048-height":683,"trp-custom-language-flag":"https:\/\/previews.elleven.digital\/acocearense\/wp-content\/uploads\/2024\/09\/4.jpg","trp-custom-language-flag-width":18,"trp-custom-language-flag-height":12}}},{"titulo":"Como Conectamos Ajuda e Impacto","texto":"A sele\u00e7\u00e3o das institui\u00e7\u00f5es parceiras passa por um processo transparente e t\u00e9cnico. Projetos s\u00e3o analisados pela equipe do Instituto e, ap\u00f3s aprova\u00e7\u00e3o inicial, realizamos visitas presenciais para conhecer de perto a realidade e as necessidades da organiza\u00e7\u00e3o. As parcerias t\u00eam dura\u00e7\u00e3o de at\u00e9 um ano, com possibilidade de renova\u00e7\u00e3o, sempre com acompanhamento cont\u00ednuo e alinhamento aos nossos valores.","imagem":{"ID":20822,"id":20822,"title":"FOTO-RELACIONAMENTO-COM-A-COMUNIDADE-3","filename":"FOTO-RELACIONAMENTO-COM-A-COMUNIDADE-3.jpg","filesize":31151,"url":"https:\/\/previews.elleven.digital\/acocearense\/wp-content\/uploads\/2024\/09\/FOTO-RELACIONAMENTO-COM-A-COMUNIDADE-3.jpg","link":"https:\/\/previews.elleven.digital\/acocearense\/en\/empresa\/instituto-aco-cearense\/foto-relacionamento-com-a-comunidade-3\/","alt":"","author":"1","description":"","caption":"","name":"foto-relacionamento-com-a-comunidade-3","status":"inherit","uploaded_to":151,"date":"2025-08-15 20:13:20","modified":"2025-08-15 20:13:20","menu_order":0,"mime_type":"image\/jpeg","type":"image","subtype":"jpeg","icon":"https:\/\/previews.elleven.digital\/acocearense\/wp-includes\/images\/media\/default.png","width":640,"height":427,"sizes":{"thumbnail":"https:\/\/previews.elleven.digital\/acocearense\/wp-content\/uploads\/2024\/09\/FOTO-RELACIONAMENTO-COM-A-COMUNIDADE-3-150x150.jpg","thumbnail-width":150,"thumbnail-height":150,"medium":"https:\/\/previews.elleven.digital\/acocearense\/wp-content\/uploads\/2024\/09\/FOTO-RELACIONAMENTO-COM-A-COMUNIDADE-3-300x200.jpg","medium-width":300,"medium-height":200,"medium_large":"https:\/\/previews.elleven.digital\/acocearense\/wp-content\/uploads\/2024\/09\/FOTO-RELACIONAMENTO-COM-A-COMUNIDADE-3.jpg","medium_large-width":640,"medium_large-height":427,"large":"https:\/\/previews.elleven.digital\/acocearense\/wp-content\/uploads\/2024\/09\/FOTO-RELACIONAMENTO-COM-A-COMUNIDADE-3.jpg","large-width":640,"large-height":427,"1536x1536":"https:\/\/previews.elleven.digital\/acocearense\/wp-content\/uploads\/2024\/09\/FOTO-RELACIONAMENTO-COM-A-COMUNIDADE-3.jpg","1536x1536-width":640,"1536x1536-height":427,"2048x2048":"https:\/\/previews.elleven.digital\/acocearense\/wp-content\/uploads\/2024\/09\/FOTO-RELACIONAMENTO-COM-A-COMUNIDADE-3.jpg","2048x2048-width":640,"2048x2048-height":427,"trp-custom-language-flag":"https:\/\/previews.elleven.digital\/acocearense\/wp-content\/uploads\/2024\/09\/FOTO-RELACIONAMENTO-COM-A-COMUNIDADE-3-18x12.jpg","trp-custom-language-flag-width":18,"trp-custom-language-flag-height":12}}}],"descricao":{"titulo":"Como ajudamos","texto":"O Instituto A\u00e7o Cearense investe e acompanha institui\u00e7\u00f5es por um per\u00edodo de at\u00e9 um ano, podendo a parceria ser renovada. As institui\u00e7\u00f5es interessadas em fazer parte da lista de organiza\u00e7\u00f5es assessoradas podem enviar of\u00edcios ou apresentar projetos que s\u00e3o avaliados pela equipe do Instituto. Caso a solicita\u00e7\u00e3o seja aprovada, \u00e9 realizada uma visita t\u00e9cnica \u00e0 entidade para, a partir da\u00ed, iniciar os trabalhos de acompanhamento."},"projetos":{"titulo":"Confira algumas das a\u00e7\u00f5es realizadas","projetos":[{"titulo":"Pedalando pela Paz","imagem":{"ID":20823,"id":20823,"title":"IMG_8119","filename":"IMG_8119-scaled.jpg","filesize":494242,"url":"https:\/\/previews.elleven.digital\/acocearense\/wp-content\/uploads\/2024\/09\/IMG_8119-scaled.jpg","link":"https:\/\/previews.elleven.digital\/acocearense\/en\/empresa\/instituto-aco-cearense\/img_8119\/","alt":"","author":"1","description":"","caption":"","name":"img_8119","status":"inherit","uploaded_to":151,"date":"2025-08-15 20:22:38","modified":"2025-08-15 20:22:38","menu_order":0,"mime_type":"image\/jpeg","type":"image","subtype":"jpeg","icon":"https:\/\/previews.elleven.digital\/acocearense\/wp-includes\/images\/media\/default.png","width":2560,"height":1707,"sizes":{"thumbnail":"https:\/\/previews.elleven.digital\/acocearense\/wp-content\/uploads\/2024\/09\/IMG_8119-150x150.jpg","thumbnail-width":150,"thumbnail-height":150,"medium":"https:\/\/previews.elleven.digital\/acocearense\/wp-content\/uploads\/2024\/09\/IMG_8119-300x200.jpg","medium-width":300,"medium-height":200,"medium_large":"https:\/\/previews.elleven.digital\/acocearense\/wp-content\/uploads\/2024\/09\/IMG_8119-768x512.jpg","medium_large-width":768,"medium_large-height":512,"large":"https:\/\/previews.elleven.digital\/acocearense\/wp-content\/uploads\/2024\/09\/IMG_8119-1024x683.jpg","large-width":1024,"large-height":683,"1536x1536":"https:\/\/previews.elleven.digital\/acocearense\/wp-content\/uploads\/2024\/09\/IMG_8119-1536x1024.jpg","1536x1536-width":1536,"1536x1536-height":1024,"2048x2048":"https:\/\/previews.elleven.digital\/acocearense\/wp-content\/uploads\/2024\/09\/IMG_8119-2048x1365.jpg","2048x2048-width":2048,"2048x2048-height":1365,"trp-custom-language-flag":"https:\/\/previews.elleven.digital\/acocearense\/wp-content\/uploads\/2024\/09\/IMG_8119-18x12.jpg","trp-custom-language-flag-width":18,"trp-custom-language-flag-height":12}},"descricao":"Evento que visa mobilizar as comunidades que sofrem com a viol\u00eancia, incentivando as pessoas para uma viv\u00eancia de paz, buscando mais seguran\u00e7a e liberdade no ir e vir. Realizado anualmente, o evento busca apresentar para crian\u00e7as, adolescentes e jovens, al\u00e9m da cultura de paz, a import\u00e2ncia do ciclismo como categoria esportiva. A a\u00e7\u00e3o j\u00e1 foi realizada em Caucaia, Marco, S\u00e3o Gon\u00e7alo do Amarante, no Cear\u00e1; em S\u00e3o Bento, Tocantins; e em Marab\u00e1, no Par\u00e1, contando com a participa\u00e7\u00e3o de mais de 1.700 pessoas.","link":""},{"titulo":"Campanha Abra\u00e7o Feliz","imagem":{"ID":664,"id":664,"title":"abraco-feliz","filename":"abraco-feliz.jpg","filesize":101167,"url":"https:\/\/previews.elleven.digital\/acocearense\/wp-content\/uploads\/2024\/09\/abraco-feliz.jpg","link":"https:\/\/previews.elleven.digital\/acocearense\/en\/empresa\/instituto-aco-cearense\/abraco-feliz\/","alt":"","author":"1","description":"","caption":"","name":"abraco-feliz","status":"inherit","uploaded_to":151,"date":"2025-04-02 18:33:33","modified":"2025-04-02 18:33:33","menu_order":0,"mime_type":"image\/jpeg","type":"image","subtype":"jpeg","icon":"https:\/\/previews.elleven.digital\/acocearense\/wp-includes\/images\/media\/default.png","width":1024,"height":683,"sizes":{"thumbnail":"https:\/\/previews.elleven.digital\/acocearense\/wp-content\/uploads\/2024\/09\/abraco-feliz-150x150.jpg","thumbnail-width":150,"thumbnail-height":150,"medium":"https:\/\/previews.elleven.digital\/acocearense\/wp-content\/uploads\/2024\/09\/abraco-feliz-300x200.jpg","medium-width":300,"medium-height":200,"medium_large":"https:\/\/previews.elleven.digital\/acocearense\/wp-content\/uploads\/2024\/09\/abraco-feliz-768x512.jpg","medium_large-width":768,"medium_large-height":512,"large":"https:\/\/previews.elleven.digital\/acocearense\/wp-content\/uploads\/2024\/09\/abraco-feliz.jpg","large-width":1024,"large-height":683,"1536x1536":"https:\/\/previews.elleven.digital\/acocearense\/wp-content\/uploads\/2024\/09\/abraco-feliz.jpg","1536x1536-width":1024,"1536x1536-height":683,"2048x2048":"https:\/\/previews.elleven.digital\/acocearense\/wp-content\/uploads\/2024\/09\/abraco-feliz.jpg","2048x2048-width":1024,"2048x2048-height":683,"trp-custom-language-flag":"https:\/\/previews.elleven.digital\/acocearense\/wp-content\/uploads\/2024\/09\/abraco-feliz.jpg","trp-custom-language-flag-width":18,"trp-custom-language-flag-height":12}},"descricao":"Tem como finalidade incentivar os colaboradores do Grupo A\u00e7o Cearense o sentimento de solidariedade e, ao mesmo tempo, levar um pouco de amor \u00e0s crian\u00e7as em situa\u00e7\u00e3o de vulnerabilidade social assistidas pelo Instituto A\u00e7o Cearense nos tr\u00eas estados de atua\u00e7\u00e3o. Em 2024, a campanha celebrou seus 10 anos de atua\u00e7\u00e3o, beneficiando mais de 700 crian\u00e7as. Ao longo desses anos de campanha, j\u00e1 foram impactadas mais de 4.300 crian\u00e7as, 4.500 colaboradores participantes e 18 institui\u00e7\u00f5es contempladas.","link":""},{"titulo":"IAC Social","imagem":{"ID":22363,"id":22363,"title":"IAC Social","filename":"IAC-Social-1-scaled.jpg","filesize":739036,"url":"https:\/\/previews.elleven.digital\/acocearense\/wp-content\/uploads\/2024\/09\/IAC-Social-1-scaled.jpg","link":"https:\/\/previews.elleven.digital\/acocearense\/en\/empresa\/instituto-aco-cearense\/iac-social-2\/","alt":"","author":"1","description":"","caption":"","name":"iac-social-2","status":"inherit","uploaded_to":151,"date":"2025-09-04 17:31:27","modified":"2025-09-04 17:31:27","menu_order":0,"mime_type":"image\/jpeg","type":"image","subtype":"jpeg","icon":"https:\/\/previews.elleven.digital\/acocearense\/wp-includes\/images\/media\/default.png","width":2560,"height":1707,"sizes":{"thumbnail":"https:\/\/previews.elleven.digital\/acocearense\/wp-content\/uploads\/2024\/09\/IAC-Social-1-150x150.jpg","thumbnail-width":150,"thumbnail-height":150,"medium":"https:\/\/previews.elleven.digital\/acocearense\/wp-content\/uploads\/2024\/09\/IAC-Social-1-300x200.jpg","medium-width":300,"medium-height":200,"medium_large":"https:\/\/previews.elleven.digital\/acocearense\/wp-content\/uploads\/2024\/09\/IAC-Social-1-768x512.jpg","medium_large-width":768,"medium_large-height":512,"large":"https:\/\/previews.elleven.digital\/acocearense\/wp-content\/uploads\/2024\/09\/IAC-Social-1-1024x683.jpg","large-width":1024,"large-height":683,"1536x1536":"https:\/\/previews.elleven.digital\/acocearense\/wp-content\/uploads\/2024\/09\/IAC-Social-1-1536x1024.jpg","1536x1536-width":1536,"1536x1536-height":1024,"2048x2048":"https:\/\/previews.elleven.digital\/acocearense\/wp-content\/uploads\/2024\/09\/IAC-Social-1-2048x1365.jpg","2048x2048-width":2048,"2048x2048-height":1365,"trp-custom-language-flag":"https:\/\/previews.elleven.digital\/acocearense\/wp-content\/uploads\/2024\/09\/IAC-Social-1-18x12.jpg","trp-custom-language-flag-width":18,"trp-custom-language-flag-height":12}},"descricao":"A\u00e7\u00e3o social voltada para o bem-estar de pessoas inseridas num contexto vulner\u00e1vel. S\u00e3o ofertados servi\u00e7os de cidadania, sa\u00fade, est\u00e9tica, beleza, aplica\u00e7\u00e3o de fl\u00faor, massoterapia, entre outros. Desde a primeira edi\u00e7\u00e3o do evento, em 2018, o IAC Social j\u00e1 contabiliza cerca de 3550 atendimentos, impactando 31 comunidades dos estados do Cear\u00e1, Par\u00e1 e Tocantins.","link":""}]},"objetivos":{"titulo":"Objetivos de Desenvolvimento Sustent\u00e1vel","objetivos":[{"imagem":{"ID":719,"id":719,"title":"2","filename":"2.svg","filesize":5599,"url":"https:\/\/previews.elleven.digital\/acocearense\/wp-content\/uploads\/2024\/09\/2.svg","link":"https:\/\/previews.elleven.digital\/acocearense\/en\/empresa\/instituto-aco-cearense\/2-5\/","alt":"","author":"1","description":"","caption":"","name":"2-5","status":"inherit","uploaded_to":151,"date":"2025-04-03 13:45:45","modified":"2025-04-03 13:45:45","menu_order":0,"mime_type":"image\/svg+xml","type":"image","subtype":"svg+xml","icon":"https:\/\/previews.elleven.digital\/acocearense\/wp-includes\/images\/media\/default.png","width":1,"height":1,"sizes":{"thumbnail":"https:\/\/previews.elleven.digital\/acocearense\/wp-content\/uploads\/2024\/09\/2.svg","thumbnail-width":150,"thumbnail-height":150,"medium":"https:\/\/previews.elleven.digital\/acocearense\/wp-content\/uploads\/2024\/09\/2.svg","medium-width":300,"medium-height":300,"medium_large":"https:\/\/previews.elleven.digital\/acocearense\/wp-content\/uploads\/2024\/09\/2.svg","medium_large-width":768,"medium_large-height":1,"large":"https:\/\/previews.elleven.digital\/acocearense\/wp-content\/uploads\/2024\/09\/2.svg","large-width":1024,"large-height":1024,"1536x1536":"https:\/\/previews.elleven.digital\/acocearense\/wp-content\/uploads\/2024\/09\/2.svg","1536x1536-width":1,"1536x1536-height":1,"2048x2048":"https:\/\/previews.elleven.digital\/acocearense\/wp-content\/uploads\/2024\/09\/2.svg","2048x2048-width":1,"2048x2048-height":1,"trp-custom-language-flag":"https:\/\/previews.elleven.digital\/acocearense\/wp-content\/uploads\/2024\/09\/2.svg","trp-custom-language-flag-width":1,"trp-custom-language-flag-height":1}},"texto":"<p><strong>Programa Cear\u00e1 Sem Fome<\/strong><\/p>\n<p>O Instituto A\u00e7o Cearense assinou, em 2024, um termo de coopera\u00e7\u00e3o ao pacto por um Cear\u00e1 Sem Fome, programa do governo do estado do Cear\u00e1.<\/p>\n<p>O Instituto apoiou a distribui\u00e7\u00e3o de equipamentos para 288 (duzentos e oitenta e oito) cozinhas do Programa Cear\u00e1 Sem Fome, localizadas no munic\u00edpio de Fortaleza, as quais atendem a 28.800 (vinte e oito mil e oitocentos) benefici\u00e1rios. A disponibiliza\u00e7\u00e3o de capatazia foi fundamental para otimizar o funcionamento das cozinhas do Programa, garantindo a produ\u00e7\u00e3o eficiente das refei\u00e7\u00f5es.<\/p>\n<p>Em 29 de abril de 2024, realizamos a doa\u00e7\u00e3o de 6,4 toneladas de alimentos para a Unidade Central do Programa Cear\u00e1 Sem Fome. Com os insumos doados, cestas b\u00e1sicas foram montadas e distribu\u00eddas \u00e0s entidades credenciadas pelo Programa Cear\u00e1 Sem Fome, atrav\u00e9s do edital permanente de Chamamento P\u00fablico n\u00ba 16\/2023. No ano de 2024, 148 (cento e quarenta e oito) entidades se credenciaram junto ao Programa Cear\u00e1 Sem Fome para recebimento desses alimentos. Destas, 114 (cento e quatorze) receberam alimentos da Unidade Central.<\/p>\n"},{"imagem":{"ID":720,"id":720,"title":"3","filename":"3.svg","filesize":3675,"url":"https:\/\/previews.elleven.digital\/acocearense\/wp-content\/uploads\/2024\/09\/3.svg","link":"https:\/\/previews.elleven.digital\/acocearense\/en\/empresa\/instituto-aco-cearense\/3-4\/","alt":"","author":"1","description":"","caption":"","name":"3-4","status":"inherit","uploaded_to":151,"date":"2025-04-03 13:45:47","modified":"2025-04-03 13:45:47","menu_order":0,"mime_type":"image\/svg+xml","type":"image","subtype":"svg+xml","icon":"https:\/\/previews.elleven.digital\/acocearense\/wp-includes\/images\/media\/default.png","width":1,"height":1,"sizes":{"thumbnail":"https:\/\/previews.elleven.digital\/acocearense\/wp-content\/uploads\/2024\/09\/3.svg","thumbnail-width":150,"thumbnail-height":150,"medium":"https:\/\/previews.elleven.digital\/acocearense\/wp-content\/uploads\/2024\/09\/3.svg","medium-width":300,"medium-height":300,"medium_large":"https:\/\/previews.elleven.digital\/acocearense\/wp-content\/uploads\/2024\/09\/3.svg","medium_large-width":768,"medium_large-height":1,"large":"https:\/\/previews.elleven.digital\/acocearense\/wp-content\/uploads\/2024\/09\/3.svg","large-width":1024,"large-height":1024,"1536x1536":"https:\/\/previews.elleven.digital\/acocearense\/wp-content\/uploads\/2024\/09\/3.svg","1536x1536-width":1,"1536x1536-height":1,"2048x2048":"https:\/\/previews.elleven.digital\/acocearense\/wp-content\/uploads\/2024\/09\/3.svg","2048x2048-width":1,"2048x2048-height":1,"trp-custom-language-flag":"https:\/\/previews.elleven.digital\/acocearense\/wp-content\/uploads\/2024\/09\/3.svg","trp-custom-language-flag-width":1,"trp-custom-language-flag-height":1}},"texto":"<p><strong>Campanha Abra\u00e7o Feliz<\/strong><\/p>\n<p>Tem como finalidade incentivar os colaboradores do Grupo A\u00e7o Cearense o sentimento de solidariedade e, ao mesmo tempo, levar um pouco de amor \u00e0s crian\u00e7as em situa\u00e7\u00e3o de vulnerabilidade social assistidas pelo Instituto A\u00e7o Cearense nos tr\u00eas estados de atua\u00e7\u00e3o. Este ano a campanha celebrou seus 10 anos de atua\u00e7\u00e3o, beneficiando mais de 700 crian\u00e7as. Ao longo desses anos de campanha, j\u00e1 foram impactadas mais de 4.300 crian\u00e7as, 4.500 colaboradores participantes e 18 institui\u00e7\u00f5es contempladas.<\/p>\n<p><strong>IAC Social<\/strong><\/p>\n<p>A\u00e7\u00e3o social voltada para o bem-estar de pessoas inseridas num contexto vulner\u00e1vel. S\u00e3o ofertados servi\u00e7os de cidadania, sa\u00fade, est\u00e9tica, beleza, aplica\u00e7\u00e3o de fl\u00faor, massoterapia, entre outros. Desde a primeira edi\u00e7\u00e3o do evento, em 2018, o IAC Social j\u00e1 contabiliza cerca de 3250 atendimentos, impactando 30 comunidades dos estados do Cear\u00e1, Par\u00e1 e Tocantins.<\/p>\n<p><strong>IAC Solid\u00e1rio<\/strong><\/p>\n<p>Afim de apoiar o combate ao c\u00e2ncer infantil, adquirimos vale-sandu\u00edches da Campanha McDia Feliz com a Associa\u00e7\u00e3o Peter Pan. Ap\u00f3s isso, distribu\u00edmos para as crian\u00e7as e adolescentes das institui\u00e7\u00f5es apoiadas e que nunca comeram sandu\u00edche ou foram ao Shopping, a fim de proporcionar experi\u00eancias e trazer dignidade.<\/p>\n<p><strong>Movimente-se<\/strong><\/p>\n<p>\u00e9 uma iniciativa social do Instituto A\u00e7o Cearense em S\u00e3o Bento &#8211; Tocantins, que visa promover a integra\u00e7\u00e3o e o desenvolvimento social da comunidade local. Com uma abordagem multifacetada, o projeto oferece:<\/p>\n<ul>\n<li>Aulas de jiu-j\u00edtsu para promover o esporte e a qualidade de vida;<\/li>\n<li>Rodas de conversas com m\u00e3es de crian\u00e7as com defici\u00eancia para fomentar a inclus\u00e3o e o apoio;<\/li>\n<li>Atendimento psicol\u00f3gico para promover a sa\u00fade mental e o bem-estar.<\/li>\n<\/ul>\n<p>Iniciado como uma a\u00e7\u00e3o pontual, o Projeto Movimente-se rapidamente se consolidou como um programa fixo, oferecendo aulas regulares de jiu-j\u00edtsu e outras atividades para a comunidade, em parceria com o projeto MMA, de Marab\u00e1 &#8211; Par\u00e1.<\/p>\n<p><strong>Programa Dan\u00e7a e Vida<\/strong><\/p>\n<p>surgindo de uma necessidade de equidade social para crian\u00e7as da periferia da Caucaia, o Programa Dan\u00e7a e vida, fruto de uma parceria entre o Instituto A\u00e7o Cearense e a academia de Dan\u00e7a Rossana Pucci, oportuniza \u00e0s crian\u00e7as o acesso \u00e0 uma das melhores escolas de forma\u00e7\u00e3o em dan\u00e7a de Fortaleza, onde investimos mensalmente na mensalidade, fardamento e transporte delas. A ideia \u00e9 proporcionar cultura, sa\u00fade e bem-estar para os participantes, trazendo a dan\u00e7a como atividade f\u00edsica de express\u00e3o art\u00edstica e social.<\/p>\n"},{"imagem":{"ID":721,"id":721,"title":"5","filename":"5.svg","filesize":3796,"url":"https:\/\/previews.elleven.digital\/acocearense\/wp-content\/uploads\/2024\/09\/5.svg","link":"https:\/\/previews.elleven.digital\/acocearense\/en\/empresa\/instituto-aco-cearense\/attachment\/5\/","alt":"","author":"1","description":"","caption":"","name":"5","status":"inherit","uploaded_to":151,"date":"2025-04-03 13:45:49","modified":"2025-04-03 13:45:49","menu_order":0,"mime_type":"image\/svg+xml","type":"image","subtype":"svg+xml","icon":"https:\/\/previews.elleven.digital\/acocearense\/wp-includes\/images\/media\/default.png","width":1,"height":1,"sizes":{"thumbnail":"https:\/\/previews.elleven.digital\/acocearense\/wp-content\/uploads\/2024\/09\/5.svg","thumbnail-width":150,"thumbnail-height":150,"medium":"https:\/\/previews.elleven.digital\/acocearense\/wp-content\/uploads\/2024\/09\/5.svg","medium-width":300,"medium-height":300,"medium_large":"https:\/\/previews.elleven.digital\/acocearense\/wp-content\/uploads\/2024\/09\/5.svg","medium_large-width":768,"medium_large-height":1,"large":"https:\/\/previews.elleven.digital\/acocearense\/wp-content\/uploads\/2024\/09\/5.svg","large-width":1024,"large-height":1024,"1536x1536":"https:\/\/previews.elleven.digital\/acocearense\/wp-content\/uploads\/2024\/09\/5.svg","1536x1536-width":1,"1536x1536-height":1,"2048x2048":"https:\/\/previews.elleven.digital\/acocearense\/wp-content\/uploads\/2024\/09\/5.svg","2048x2048-width":1,"2048x2048-height":1,"trp-custom-language-flag":"https:\/\/previews.elleven.digital\/acocearense\/wp-content\/uploads\/2024\/09\/5.svg","trp-custom-language-flag-width":1,"trp-custom-language-flag-height":1}},"texto":"<p><strong>Projeto O Que N\u00e3o Nos Disseram<\/strong><\/p>\n<p>\u00c9 uma ferramenta de democratiza\u00e7\u00e3o e acesso \u00e0s informa\u00e7\u00f5es sobre a Viol\u00eancia Contra a Mulher, trazendo a urg\u00eancia de abordarmos cada vez mais essa tem\u00e1tica, visto o n\u00famero elevado de mulheres violentadas no pa\u00eds. Os encontros acontecem durante o ano em alguma institui\u00e7\u00e3o apoiada pelo Instituto A\u00e7o Cearense.<\/p>\n"},{"imagem":{"ID":722,"id":722,"title":"6","filename":"6.svg","filesize":4127,"url":"https:\/\/previews.elleven.digital\/acocearense\/wp-content\/uploads\/2024\/09\/6.svg","link":"https:\/\/previews.elleven.digital\/acocearense\/en\/empresa\/instituto-aco-cearense\/attachment\/6\/","alt":"","author":"1","description":"","caption":"","name":"6","status":"inherit","uploaded_to":151,"date":"2025-04-03 13:45:52","modified":"2025-04-03 13:45:52","menu_order":0,"mime_type":"image\/svg+xml","type":"image","subtype":"svg+xml","icon":"https:\/\/previews.elleven.digital\/acocearense\/wp-includes\/images\/media\/default.png","width":1,"height":1,"sizes":{"thumbnail":"https:\/\/previews.elleven.digital\/acocearense\/wp-content\/uploads\/2024\/09\/6.svg","thumbnail-width":150,"thumbnail-height":150,"medium":"https:\/\/previews.elleven.digital\/acocearense\/wp-content\/uploads\/2024\/09\/6.svg","medium-width":300,"medium-height":300,"medium_large":"https:\/\/previews.elleven.digital\/acocearense\/wp-content\/uploads\/2024\/09\/6.svg","medium_large-width":768,"medium_large-height":1,"large":"https:\/\/previews.elleven.digital\/acocearense\/wp-content\/uploads\/2024\/09\/6.svg","large-width":1024,"large-height":1024,"1536x1536":"https:\/\/previews.elleven.digital\/acocearense\/wp-content\/uploads\/2024\/09\/6.svg","1536x1536-width":1,"1536x1536-height":1,"2048x2048":"https:\/\/previews.elleven.digital\/acocearense\/wp-content\/uploads\/2024\/09\/6.svg","2048x2048-width":1,"2048x2048-height":1,"trp-custom-language-flag":"https:\/\/previews.elleven.digital\/acocearense\/wp-content\/uploads\/2024\/09\/6.svg","trp-custom-language-flag-width":1,"trp-custom-language-flag-height":1}},"texto":"<p><strong>\u00c1gua Camelo<\/strong><\/p>\n<p>O projeto em parceria com o Instituto A\u00e7o Cearense tem como objetivo prover uma fonte segura de \u00e1gua tratada para a comunidade Anac\u00e9, que fica localizada pr\u00f3xima ao Porto do Pec\u00e9m. Para tal, o projeto prev\u00ea a implementa\u00e7\u00e3o de 3 PDA\u2019s (Ponto de Disponibiliza\u00e7\u00e3o de \u00c1gua) na comunidade: na Escola Ind\u00edgena Joaquim da Rocha Franco, na AIPAPC (Associa\u00e7\u00e3o Ind\u00edgena) e na Escola Municipal Saul Gomes de Matos. Dessa forma, mensura-se que o projeto deve impactar cerca de 1000 pessoas que vivem hoje nesta comunidade sem o acesso \u00e0 \u00e1gua de qualidade garantido.<\/p>\n"},{"imagem":{"ID":723,"id":723,"title":"8","filename":"8.svg","filesize":6969,"url":"https:\/\/previews.elleven.digital\/acocearense\/wp-content\/uploads\/2024\/09\/8.svg","link":"https:\/\/previews.elleven.digital\/acocearense\/en\/empresa\/instituto-aco-cearense\/attachment\/8\/","alt":"","author":"1","description":"","caption":"","name":"8","status":"inherit","uploaded_to":151,"date":"2025-04-03 13:45:54","modified":"2025-04-03 13:45:54","menu_order":0,"mime_type":"image\/svg+xml","type":"image","subtype":"svg+xml","icon":"https:\/\/previews.elleven.digital\/acocearense\/wp-includes\/images\/media\/default.png","width":1,"height":1,"sizes":{"thumbnail":"https:\/\/previews.elleven.digital\/acocearense\/wp-content\/uploads\/2024\/09\/8.svg","thumbnail-width":150,"thumbnail-height":150,"medium":"https:\/\/previews.elleven.digital\/acocearense\/wp-content\/uploads\/2024\/09\/8.svg","medium-width":300,"medium-height":300,"medium_large":"https:\/\/previews.elleven.digital\/acocearense\/wp-content\/uploads\/2024\/09\/8.svg","medium_large-width":768,"medium_large-height":1,"large":"https:\/\/previews.elleven.digital\/acocearense\/wp-content\/uploads\/2024\/09\/8.svg","large-width":1024,"large-height":1024,"1536x1536":"https:\/\/previews.elleven.digital\/acocearense\/wp-content\/uploads\/2024\/09\/8.svg","1536x1536-width":1,"1536x1536-height":1,"2048x2048":"https:\/\/previews.elleven.digital\/acocearense\/wp-content\/uploads\/2024\/09\/8.svg","2048x2048-width":1,"2048x2048-height":1,"trp-custom-language-flag":"https:\/\/previews.elleven.digital\/acocearense\/wp-content\/uploads\/2024\/09\/8.svg","trp-custom-language-flag-width":1,"trp-custom-language-flag-height":1}},"texto":"<p><strong>Projeto Crescer<\/strong><\/p>\n<p>Capacitamos os jovens e familiares atendidos pela Associa\u00e7\u00e3o Escola de Campe\u00f5es, afim de prepar\u00e1-los para o mercado de trabalho e poss\u00edveis oportunidades de contrata\u00e7\u00f5es para o Grupo A\u00e7o Cearense. Esse projeto foi realizado em parceria com o RH da A\u00e7o Cearense durante tr\u00eas meses.<\/p>\n<p><strong>Saboaria ecol\u00f3gica<\/strong><\/p>\n<p>Transformamos o \u00f3leo de cozinha, descartado de forma inadequada, em produtos de limpeza ecol\u00f3gicos, promovendo inclus\u00e3o social e gera\u00e7\u00e3o de renda para mulheres de comunidades vulner\u00e1veis. Em 2024, a Saboaria ganhou uma premia\u00e7\u00e3o de Startup de inova\u00e7\u00e3o pelo Corredores Digitais, hub de inova\u00e7\u00e3o da Secretaria de Ci\u00eancia, Tecnologia e Educa\u00e7\u00e3o Superior, do Governo do Estado do Cear\u00e1.<\/p>\n"},{"imagem":{"ID":724,"id":724,"title":"11","filename":"11.svg","filesize":9430,"url":"https:\/\/previews.elleven.digital\/acocearense\/wp-content\/uploads\/2024\/09\/11.svg","link":"https:\/\/previews.elleven.digital\/acocearense\/en\/empresa\/instituto-aco-cearense\/attachment\/11\/","alt":"","author":"1","description":"","caption":"","name":"11","status":"inherit","uploaded_to":151,"date":"2025-04-03 13:45:56","modified":"2025-04-03 13:45:56","menu_order":0,"mime_type":"image\/svg+xml","type":"image","subtype":"svg+xml","icon":"https:\/\/previews.elleven.digital\/acocearense\/wp-includes\/images\/media\/default.png","width":1,"height":1,"sizes":{"thumbnail":"https:\/\/previews.elleven.digital\/acocearense\/wp-content\/uploads\/2024\/09\/11.svg","thumbnail-width":150,"thumbnail-height":150,"medium":"https:\/\/previews.elleven.digital\/acocearense\/wp-content\/uploads\/2024\/09\/11.svg","medium-width":300,"medium-height":300,"medium_large":"https:\/\/previews.elleven.digital\/acocearense\/wp-content\/uploads\/2024\/09\/11.svg","medium_large-width":768,"medium_large-height":1,"large":"https:\/\/previews.elleven.digital\/acocearense\/wp-content\/uploads\/2024\/09\/11.svg","large-width":1024,"large-height":1024,"1536x1536":"https:\/\/previews.elleven.digital\/acocearense\/wp-content\/uploads\/2024\/09\/11.svg","1536x1536-width":1,"1536x1536-height":1,"2048x2048":"https:\/\/previews.elleven.digital\/acocearense\/wp-content\/uploads\/2024\/09\/11.svg","2048x2048-width":1,"2048x2048-height":1,"trp-custom-language-flag":"https:\/\/previews.elleven.digital\/acocearense\/wp-content\/uploads\/2024\/09\/11.svg","trp-custom-language-flag-width":1,"trp-custom-language-flag-height":1}},"texto":"<p><strong>Programa Favela 3D<\/strong><\/p>\n<p>Estamos apoiando o Favela 3D, programa da Gerando Falc\u00f5es que visa para transformar as favelas em ambientes Dignos, Digitais e Desenvolvidos atrav\u00e9s de uma mandala social. Mais do que apoiar financeiramente, contribu\u00edmos com doa\u00e7\u00e3o de produtos a\u00e7o, doa\u00e7\u00e3o de cestas b\u00e1sicas, etc. Em Fortaleza\/CE, come\u00e7amos pela Favela do Inferninho, com o Beco do C\u00e9u.<\/p>\n<p>Desde 2020, a Favela do Inferninho vem sendo transformada atrav\u00e9s da iniciativa do Instituto Pensando Bem. Antes, um beco abandonado, polu\u00eddo, servindo como espa\u00e7o para a criminalidade. Agora, um beco ressignificado, com vida, cores e novos equipamentos &#8211; FavTech, Zona Viva, Base Educacional, Casa das Artes, entre outros espa\u00e7os de atividades para a comunidade.<\/p>\n<p>O Instituto A\u00e7o Cearense \u00e9 um dos apoiadores que acredita e fortalece o programa Favela 3D no estado do Cear\u00e1, sendo um dos parceiros que contribui para a revolu\u00e7\u00e3o da favela, propiciando condi\u00e7\u00f5es mais dignas, qualidade de vida e oportunidades \u00e0 comunidade.<\/p>\n"},{"imagem":{"ID":725,"id":725,"title":"16","filename":"16.svg","filesize":7580,"url":"https:\/\/previews.elleven.digital\/acocearense\/wp-content\/uploads\/2024\/09\/16.svg","link":"https:\/\/previews.elleven.digital\/acocearense\/en\/empresa\/instituto-aco-cearense\/attachment\/16\/","alt":"","author":"1","description":"","caption":"","name":"16","status":"inherit","uploaded_to":151,"date":"2025-04-03 13:45:57","modified":"2025-04-03 13:45:57","menu_order":0,"mime_type":"image\/svg+xml","type":"image","subtype":"svg+xml","icon":"https:\/\/previews.elleven.digital\/acocearense\/wp-includes\/images\/media\/default.png","width":1,"height":1,"sizes":{"thumbnail":"https:\/\/previews.elleven.digital\/acocearense\/wp-content\/uploads\/2024\/09\/16.svg","thumbnail-width":150,"thumbnail-height":150,"medium":"https:\/\/previews.elleven.digital\/acocearense\/wp-content\/uploads\/2024\/09\/16.svg","medium-width":300,"medium-height":300,"medium_large":"https:\/\/previews.elleven.digital\/acocearense\/wp-content\/uploads\/2024\/09\/16.svg","medium_large-width":768,"medium_large-height":1,"large":"https:\/\/previews.elleven.digital\/acocearense\/wp-content\/uploads\/2024\/09\/16.svg","large-width":1024,"large-height":1024,"1536x1536":"https:\/\/previews.elleven.digital\/acocearense\/wp-content\/uploads\/2024\/09\/16.svg","1536x1536-width":1,"1536x1536-height":1,"2048x2048":"https:\/\/previews.elleven.digital\/acocearense\/wp-content\/uploads\/2024\/09\/16.svg","2048x2048-width":1,"2048x2048-height":1,"trp-custom-language-flag":"https:\/\/previews.elleven.digital\/acocearense\/wp-content\/uploads\/2024\/09\/16.svg","trp-custom-language-flag-width":1,"trp-custom-language-flag-height":1}},"texto":"<p><strong>Pedalando Pela Paz<\/strong><\/p>\n<p>Evento que visa mobilizar as comunidades que sofrem com a viol\u00eancia, incentivando as pessoas para uma viv\u00eancia de paz, buscando mais seguran\u00e7a e liberdade no ir e vir. Realizado anualmente, o evento busca apresentar para crian\u00e7as, adolescentes e jovens, al\u00e9m da cultura de paz, a import\u00e2ncia do ciclismo como categoria esportiva. A a\u00e7\u00e3o j\u00e1 foi realizada em Caucaia, Marco, S\u00e3o Gon\u00e7alo do Amarante, no Cear\u00e1; em S\u00e3o Bento, Tocantins; e em Marab\u00e1, no Par\u00e1, contando com a participa\u00e7\u00e3o de mais de 1.700 pessoas.<\/p>\n"}]},"causas":{"titulo":"Causas do Instituto","causas":[{"titulo":"Sa\u00fade","texto":"O Instituto A\u00e7o Cearense acredita que a sa\u00fade \u00e9 um dos pilares fundamentais para o desenvolvimento humano e social. Investir em projetos sociais voltados para a \u00e1rea da sa\u00fade significa promover dignidade, bem-estar e melhores condi\u00e7\u00f5es de vida para as comunidades em situa\u00e7\u00e3o de vulnerabilidade. Por isso, as a\u00e7\u00f5es sociais nessa \u00e1rea buscam suprir lacunas do sistema p\u00fablico, oferecendo atendimentos, orienta\u00e7\u00f5es e cuidados preventivos que podem impactar significativamente a qualidade de vida das pessoas.<br \/>\r\n<br \/>\r\nInstitui\u00e7\u00f5es apoiadas na \u00e1rea da sa\u00fade nos tr\u00eas estados de atua\u00e7\u00e3o:<br \/>\r\n<br \/>\r\nABAV \u2013 ASSOCIA\u00c7\u00c3O BENEFICENTE AMIGOS PELA VIDA (@bomsamaritanomarcoce) \u2013 Acolhe e abriga idosos em situa\u00e7\u00e3o de maus tratos, promovendo cuidados especiais na \u00e1rea da sa\u00fade, da nutri\u00e7\u00e3o e do entretenimento, no munic\u00edpio de Marco (CE).<br \/>\r\n<br \/>\r\nACOLD \u2013 ASSOCIA\u00c7\u00c3O COMUNIT\u00c1RIA LUCAS DANTAS (@lar.acold)- Tem a finalidade de congregar e acolher crian\u00e7as, adolescentes, jovens e portadores de c\u00e2ncer em tratamento. A institui\u00e7\u00e3o est\u00e1 localizada em Fortaleza (CE) e acolhe a fam\u00edlia e o paciente de forma gratuita, oferecendo qualidade de vida e bem-estar.<br \/>\r\n<br \/>\r\nALEGRIA DE VIVER (@instituto.alegriadeviver) \u2013 O instituto est\u00e1 voltado em atender demandas de sa\u00fade mental e emocional, em todas as idades, em Fortaleza e regi\u00e3o metropolitana, especialmente pessoas em vulnerabilidade social e privada de direitos. Assim tamb\u00e9m, as a\u00e7\u00f5es educacionais, de forma\u00e7\u00e3o e orienta\u00e7\u00e3o.<br \/>\r\n<br \/>\r\nASSOCIA\u00c7\u00c3O BEIJA FLOR (@associacaobeijaflor) \u2013 Proporciona um atendimento biopsicossocial, cont\u00ednuo e human\u00edstico \u00e0s pessoas com fissura labiopalatina e deformidades craniofaciais em Fortaleza (CE).<br \/>\r\n<br \/>\r\nASSOCIA\u00c7\u00c3O BENEFICENTE ESPA\u00c7O DO AUTISTA (@espaco_do_autista_ce) - Local de acolhida sincera, terapias adequadas para o tratamento de adultos e<br \/>\r\n<br \/>\r\nadolescentes dentro do espectro e principalmente de muito amor, onde a maioria dos atendidos s\u00e3o n\u00edvel de suporte 3 (comprometimento severo).<br \/>\r\n<br \/>\r\nINSTITUTO CUIDAR (@cuidar.social) - O Instituto de Apoio Social Cuidar busca promover os direitos e melhorar a qualidade de vida das pessoas em situa\u00e7\u00e3o de vulnerabilidade em Tau\u00e1 e Fortaleza-Cear\u00e1. Com o projeto Cuidar+, atuamos em diversos eixos como Sa\u00fade, Renda e Esporte, visando abordar amplamente as necessidades da comunidade.<br \/>\r\n<br \/>\r\nM\u00c9TODO RAP (@metodorap) \u2013 O projeto tem com objetivo reinserir o amputado a sociedade de forma segura atrav\u00e9s dos movimentos funcionais, deixando o adaptado, preparado para realizar suas atividades produtivas e de lazer no seu dia a dia. Melhorar a qualidade de vida e a independ\u00eancia, facilitando o uso da sua pr\u00f3tese e mostrando para as pessoas que est\u00e3o passando por esse processo, que existe uma vida p\u00f3s amputa\u00e7\u00e3o. A ressignifica\u00e7\u00e3o e explicar que ela \u00e9 exemplo para outras pessoas que est\u00e3o passando por esse processo.<br \/>\r\n<br \/>\r\nPEQUENO COTOLENGO (@cotolengo_cearense) \u2013 Promove a reabilita\u00e7\u00e3o, o acolhimento e a integra\u00e7\u00e3o de pessoas com defici\u00eancia ou com necessidades especiais, em Caucaia (CE).<br \/>\r\n<br \/>\r\nAPRENDENDO A PESCAR (@aprendendoapescar10) - Promove atendimentos m\u00e9dicos semanais, atendimentos de preven\u00e7\u00e3o ao c\u00e2ncer, profilaxia de doen\u00e7a da inf\u00e2ncia, atendimento profil\u00e1tico e curativo odontol\u00f3gico no munic\u00edpio de Amontada (CE).<br \/>\r\n<br \/>\r\nASSOCIA\u00c7\u00c3O EDUCADORA S\u00c3O FRANCISCO DE ASSIS (@asspcoacao_educadora22) \u2013 Busca promover a vida humana nas \u00e1reas da sa\u00fade, cultura, esporte, educa\u00e7\u00e3o e a\u00e7\u00e3o social, atualmente atuando no Maranh\u00e3o, Par\u00e1 e Amap\u00e1.<br \/>\r\n<br \/>\r\nAPAE \u2013 ASSOCIA\u00c7\u00c3O DE PAIS E AMIGOS DOS EXCEPCIONAIS (@apaemaraba) \u2013 Promove e articula a\u00e7\u00f5es de defesa de direitos, preven\u00e7\u00e3o, orienta\u00e7\u00f5es e presta\u00e7\u00e3o de servi\u00e7os para pessoas com defici\u00eancia e familiares em Marab\u00e1 (PA).<br \/>\r\n<br \/>\r\nASSOCIA\u00c7\u00c3O DE AMIGOS E PAIS DOS AUTISTAS DE MARAB\u00c1 \u2013 AMA (@ama.maraba) \u2013 A institui\u00e7\u00e3o \u00e9 o centro de refer\u00eancia de tratamento para o autismo, que contempla avalia\u00e7\u00e3o e interven\u00e7\u00e3o terap\u00eautica, reabilita\u00e7\u00e3o e desenvolvimento cognitivo, analise do comportamento, estimula\u00e7\u00e3o e integra\u00e7\u00e3o sensorial, bem como a forma\u00e7\u00e3o de pais para continuidade das terapias aos autistas atrav\u00e9s de palestras e cursos, em Marab\u00e1 (PA).<br \/>\r\n<br \/>\r\nLAR S\u00c3O VICENTE (@larsaovicentemab) \u2013 Disponibiliza recursos para o desenvolvimento de a\u00e7\u00f5es que possibilitem qualidade de vida, longevidade e cidadania aos idosos, em Marab\u00e1 (PA).<br \/>\r\n<br \/>\r\nLAR NOSSA SENHORA DE F\u00c1TIMA (@lar_nsdefatima) - casa de acolhimento para pessoas do interior do estado e que est\u00e3o fazendo tratamento oncol\u00f3gico na capital cearense, abrigando e dando alimenta\u00e7\u00e3o durante as sess\u00f5es de quimioterapia e fisioterapia."},{"titulo":"Educa\u00e7\u00e3o","texto":"A educa\u00e7\u00e3o \u00e9 a base para o desenvolvimento sustent\u00e1vel de qualquer sociedade. Por isso, o Instituto A\u00e7o Cearense prioriza investimentos em projetos educacionais que visam ampliar o acesso ao conhecimento, fortalecer a aprendizagem e despertar o potencial de crian\u00e7as, jovens e adultos.<br \/>\r\n<br \/>\r\nAcreditamos que a educa\u00e7\u00e3o \u00e9 a chave para combater a desigualdade social, gerar oportunidades e formar cidad\u00e3os cr\u00edticos e conscientes. Apoiar essa \u00e1rea \u00e9 investir em transforma\u00e7\u00e3o de longo prazo, com impactos diretos no progresso individual e coletivo.<br \/>\r\n<br \/>\r\n<br \/>\r\nCRECHE AMADEU BARROS LEAL (@crecheamadeubarrosleal) \u2013 Promove a educa\u00e7\u00e3o e alimenta\u00e7\u00e3o em tempo integral junto a crian\u00e7as nas idades de seis meses a um ano em Fortaleza (CE).<br \/>\r\n<br \/>\r\nF\u00caNIX EDUCARTE (@fenix_educarte) \u2013 Oferecer o ensino e a pr\u00e1tica de modalidades esportivas, culturais e educacionais para pessoas em situa\u00e7\u00e3o de vulnerabilidade, objetivando a promo\u00e7\u00e3o da sa\u00fade, do lazer e do bem-estar, al\u00e9m de promover socializa\u00e7\u00e3o, fortalecimento dos v\u00ednculos familiares entre a comunidade e a forma\u00e7\u00e3o integral atrav\u00e9s de atividades sociais.<br \/>\r\n<br \/>\r\nINSTITUTO ROB\u00d3TICA SUSTENT\u00c1VEL (@robotica_sustentavel) \u2013 instituto especializado em educa\u00e7\u00e3o tecnol\u00f3gica atrav\u00e9s da sustentabilidade e tecnologia. Eles t\u00eam como miss\u00e3o: transformar res\u00edduos eletr\u00f4nicos em educa\u00e7\u00e3o tecnol\u00f3gica e sustent\u00e1vel, beneficiando as pessoas que mais precisam. Este compromisso \u00e9 expresso atrav\u00e9s do desenvolvimento de programas que utilizam materiais reciclados e res\u00edduos eletr\u00f4nicos para educar e capacitar indiv\u00edduos em \u00e1reas de tecnologia e sustentabilidade.<br \/>\r\n<br \/>\r\nASSOCIA\u00c7\u00c3O JUNIOR ACHIEVEMENT - JA CEAR\u00c1 (@jaceara_) \u2013 Prepara jovens de escolas p\u00fablicas e comunidades para o empreendedorismo em Fortaleza (CE).<br \/>\r\n<br \/>\r\nLAR DE CLARA (@lar_de_clara) \u2013 Promover a inclus\u00e3o digital e social de crian\u00e7as e adolescentes por meio do desenvolvimento de habilidades tecnol\u00f3gicas, socioemocionais e cognitivas, utilizando a tecnologia como ferramenta para<br \/>\r\n<br \/>\r\nfortalecer o senso cr\u00edtico, a autoestima e a conex\u00e3o com novas oportunidades de aprendizado e crescimento pessoal.<br \/>\r\n<br \/>\r\nSORRISO DA CRIAN\u00c7A (@pcscsorriso) \u2013 Fomentar a Leitura como prazer, cidadania e pertencimento cultural e emocional para crian\u00e7as, adolescentes e adultos do entorno da Biblioteca Comunit\u00e1ria Sorriso da Crian\u00e7a.<br \/>\r\n<br \/>\r\nFUNDA\u00c7\u00c3O DE ASSIST\u00caNCIA \u00c0 CRIAN\u00c7A E AO ADOLESCENTE - FUNCAD (@funcad.maraba) \u2013 A institui\u00e7\u00e3o fica em Marab\u00e1 (PA) e tem como objetivo resgatar crian\u00e7as e adolescentes vulner\u00e1veis ao risco social e dar assist\u00eancia, visando o desenvolvimento f\u00edsico, emocional e social, por meio de atividades culturais, art\u00edsticas e educacionais.<br \/>\r\n<br \/>\r\nKOLPING SANTA PAULA (@comunidadekolpingsantapaula) - Institui\u00e7\u00e3o sem fins lucrativos que h\u00e1 20 anos apoia jovens, com a realiza\u00e7\u00e3o de diversas atividades culturais, educacionais e esportivas, apoiando tamb\u00e9m as donas de casa a terem sua pr\u00f3pria renda. A institui\u00e7\u00e3o oferece atividades como: capoeira, karat\u00ea, zumba, cursos profissionalizantes e aulas de refor\u00e7o para crian\u00e7as de 5 a 14 anos."},{"titulo":"Esporte","texto":"O Instituto A\u00e7o Cearense entende que o esporte \u00e9 uma poderosa ferramenta de inclus\u00e3o social, desenvolvimento humano e forma\u00e7\u00e3o de valores. A pr\u00e1tica esportiva estimula o trabalho em equipe, a disciplina, a supera\u00e7\u00e3o e o respeito ao pr\u00f3ximo \u2014 compet\u00eancias essenciais para a vida em sociedade.<br \/>\r\n<br \/>\r\nInvestir em projetos esportivos \u00e9 proporcionar \u00e0s crian\u00e7as, adolescentes e jovens oportunidades de crescimento pessoal e social, afastando-os de situa\u00e7\u00f5es de risco e promovendo h\u00e1bitos saud\u00e1veis. O Instituto acredita que o esporte transforma realidades e contribui para a constru\u00e7\u00e3o de um futuro mais promissor.<br \/>\r\n<br \/>\r\nASSOCIA\u00c7\u00c3O ESCOLA DE CAMPE\u00d5ES (@associacaoescola) \u2013 Realiza atividades culturais, esportivas, musicais e de forma\u00e7\u00e3o profissional com crian\u00e7as e adolescentes em Caucaia (CE).<br \/>\r\n<br \/>\r\nABENJ \u2013 ASSOCIA\u00c7\u00c3O BENEFICENTE E EDUCACIONAL NOVA JERUSAL\u00c9M (@abenjbeneficente) \u2013 Promover a inclus\u00e3o social e o desenvolvimento integral de crian\u00e7as e adolescentes em situa\u00e7\u00e3o de vulnerabilidade por meio do beach tennis, incentivando h\u00e1bitos saud\u00e1veis, disciplina, trabalho em equipe e cidadania, contribuindo para a melhoria da qualidade de vida e oportunidades futuras dos participantes.<br \/>\r\n<br \/>\r\nCAUCAIA ESPORTE CLUBE (@caucaiaec) - Tem o objetivo de promover o entretenimento e o desenvolvimento na \u00e1rea esportiva de jovens e adultos do munic\u00edpio de Caucaia (CE).<br \/>\r\n<br \/>\r\nASSOCIA\u00c7\u00c3O F\u00caNIX (@associacaofenix) - Atende crian\u00e7as e adolescentes de Fortaleza (CE), com faixa et\u00e1ria entre 5 e 16 anos, de ambos os sexos, por meio da modalidade esportiva jud\u00f4, tendo como prioridade a educa\u00e7\u00e3o para um exerc\u00edcio pleno da cidadania.<br \/>\r\n<br \/>\r\nPROJETO MMA (@jiu.jitsummaof)- Oferecer oportunidade da aprendizagem dos fundamentos do Jiu-Jitsu para contribuir para o desenvolvimento psicof\u00edsico-social de crian\u00e7as e adolescentes atrav\u00e9s da pr\u00e1tica do Jiu-Jitsu na perspectiva de melhoria da qualidade de vida e integra\u00e7\u00e3o e intera\u00e7\u00e3o no meio em que vivem.<br \/>\r\n<br \/>\r\n\u00c1GUIA DE MARAB\u00c1 FUTEBOL CLUBE (@aguiademaraba) - Fundado em 1982, o \u00c1guia de Marab\u00e1 \u00e9 o clube oficial da cidade. Al\u00e9m de seu time titular, o clube realiza o Projeto de Esporte \u00c1guia Formando Cidad\u00e3os pelo Futebol, beneficiando um total de 120 crian\u00e7as e adolescentes, de 9 a 17 anos, no bairro Santa Rosa \u2013 Marab\u00e1 (PA).<br \/>\r\n<br \/>\r\nMOVIMENTE (@institutoacocearense): \u00e9 uma iniciativa social do Instituto A\u00e7o Cearense em S\u00e3o Bento - Tocantins, que visa promover a integra\u00e7\u00e3o e o desenvolvimento social da comunidade local. Com uma abordagem multifacetada, o projeto oferece:<br \/>\r\n<br \/>\r\n- Aulas de jiu-j\u00edtsu para promover o esporte e a qualidade de vida;<br \/>\r\n<br \/>\r\n- Rodas de conversas com m\u00e3es de crian\u00e7as com defici\u00eancia para fomentar a inclus\u00e3o e o apoio;<br \/>\r\n<br \/>\r\n- Atendimento psicol\u00f3gico para promover a sa\u00fade mental e o bem-estar.<br \/>\r\n<br \/>\r\nIniciado como uma a\u00e7\u00e3o pontual, o Projeto Movimente-se rapidamente se consolidou como um programa fixo, oferecendo aulas regulares de jiu-j\u00edtsu e outras atividades para a comunidade, em parceria com o projeto MMA, de Marab\u00e1 - Par\u00e1."},{"titulo":"Cultura","texto":"Por meio da valoriza\u00e7\u00e3o da cultura local e do acesso a atividades art\u00edsticas, \u00e9 poss\u00edvel estimular o pensamento cr\u00edtico, preservar tradi\u00e7\u00f5es e abrir caminhos para novas oportunidades de inclus\u00e3o e gera\u00e7\u00e3o de renda. A cultura transforma e conecta pessoas.<br \/>\r\n<br \/>\r\nA cultura \u00e9 uma express\u00e3o viva da identidade de um povo e desempenha papel essencial na forma\u00e7\u00e3o cidad\u00e3 e no fortalecimento dos la\u00e7os sociais. <br \/>\r\n<br \/>\r\nO Instituto A\u00e7o Cearense apoia iniciativas culturais por reconhecer seu valor na promo\u00e7\u00e3o da diversidade, da criatividade e do pertencimento.<br \/>\r\n<br \/>\r\nPATRONATO SANTANA (@padretornatore) \u2013 O Projeto Sementes da Esperan\u00e7a tem como objetivo principal promover o desenvolvimento social, cultural e educativo de crian\u00e7as e adolescentes de 7 a 17 anos em situa\u00e7\u00e3o de vulnerabilidade e risco social, por meio de oficinas art\u00edsticas e socioeducativas. A busca iniciativa fortalecer os v\u00ednculos familiares e comunit\u00e1rios, estimular a criatividade, a cidadania e a inclus\u00e3o, proporcionando um ambiente seguro e enriquecedor que contribua para a constru\u00e7\u00e3o de um futuro mais digno e sustent\u00e1vel.<br \/>\r\n<br \/>\r\nCEPEVIVE - CENTRO DE PESQUISA E VIV\u00caNCIA ECOL\u00d3GICA (@cepevive) \u2013 Promove o acesso de arte e cultura a crian\u00e7as e jovens com vulnerabilidade socioecon\u00f4mica da comunidade de Genipabu, em Caucaia (CE)."},{"titulo":"Assist\u00eancia Social","texto":"A assist\u00eancia social \u00e9 uma resposta concreta \u00e0s necessidades b\u00e1sicas de fam\u00edlias que enfrentam dificuldades para garantir uma vida digna.<br \/>\r\n<br \/>\r\nPor meio de parcerias, a\u00e7\u00f5es emergenciais e programas estruturados, o Instituto contribui para o fortalecimento de redes de apoio, a prote\u00e7\u00e3o de direitos e o combate \u00e0 exclus\u00e3o social. Acreditamos que cuidar do pr\u00f3ximo \u00e9 um passo essencial para a constru\u00e7\u00e3o de uma sociedade mais humana e solid\u00e1ria.<br \/>\r\n<br \/>\r\nO Instituto A\u00e7o Cearense tem como princ\u00edpio atuar com empatia e compromisso social, buscando reduzir desigualdades e promover o bem-estar das popula\u00e7\u00f5es mais vulner\u00e1veis.<br \/>\r\n<br \/>\r\nASSOCIA\u00c7\u00c3O S\u00c3O VICENTE DE PAULO (@aic.brasil.sga) \u2013 Promove a evangeliza\u00e7\u00e3o e realiza o desenvolvimento das a\u00e7\u00f5es voltadas ao bem-estar social, \u00e0 valoriza\u00e7\u00e3o humana e \u00e0 conviv\u00eancia saud\u00e1vel junto a idosos da comunidade de S\u00e3o Gon\u00e7alo do Amarante (CE).<br \/>\r\n<br \/>\r\nGRUPO ESP\u00cdRITA BEM-VINDOS \u00c0 CARIDADE (@grupo_bemvindo) - D\u00e1 apoio e assist\u00eancia \u00e0s pessoas em situa\u00e7\u00e3o de rua de Fortaleza (CE), por meio da distribui\u00e7\u00e3o de sopa, p\u00e3es, roupas, len\u00e7\u00f5es e kits de higiene pessoal.<br \/>\r\n<br \/>\r\nLUMEN (@lumenserfeliz e @obralumen) - Institui\u00e7\u00e3o atende milhares de crian\u00e7as em mais de 20 comunidades carentes, com diversas atividades sociais e de evangeliza\u00e7\u00e3o, com oferta de atividades gratuitas esportivas, culturais, profissionalizantes, atendimento em sa\u00fade, dentre outros. As mais de 20 casas de acolhimento atende homens, mulheres e m\u00e3es com crian\u00e7as em situa\u00e7\u00e3o de rua.<br \/>\r\n<br \/>\r\nCASA LAR BATISTA (@casalarbatista) \u2013 Garante o direito \u00e0 moradia para crian\u00e7as que estejam em vulnerabilidade social, com v\u00ednculos familiares fragilizados, v\u00edtimas de viol\u00eancia ou abandono em Fortaleza (CE).<br \/>\r\n<br \/>\r\nBOM SAMARITANO(@op.rsg.bom.samaritano) \u2013 projeto social que acolhe cerca de 150 pessoas em situa\u00e7\u00e3o de rua, fornecendo refei\u00e7\u00f5es diariamente, assessoria jur\u00eddica, orienta\u00e7\u00e3o religiosa, assim como lavanderia social.<br \/>\r\n<br \/>\r\nINSTITUTO PENSANDO BEM (@pensandobemof)- Institui\u00e7\u00e3o que recebeu o Favela 3D, programa da Gerando Falc\u00f5es que visa para transformar as favelas em ambientes Dignos, Digitais e Desenvolvidos atrav\u00e9s de uma mandala social. Mais do que apoiar financeiramente, contribu\u00edmos com doa\u00e7\u00e3o de produtos a\u00e7o, doa\u00e7\u00e3o de cestas b\u00e1sicas, etc. Em Fortaleza\/CE, come\u00e7amos pela Favela do Inferninho, com o Beco do C\u00e9u.<br \/>\r\n<br \/>\r\nDesde 2020, a Favela do Inferninho vem sendo transformada atrav\u00e9s da iniciativa do Instituto Pensando Bem. Antes, um beco abandonado, polu\u00eddo, servindo como espa\u00e7o para a criminalidade. Agora, um beco ressignificado, com vida, cores e novos equipamentos - FavTech, Zona Viva, Base Educacional, Casa das Artes, entre outros espa\u00e7os de atividades para a comunidade.<br \/>\r\n<br \/>\r\nO Instituto A\u00e7o Cearense \u00e9 um dos apoiadores que acredita e fortalece o programa Favela 3D no estado do Cear\u00e1, sendo um dos parceiros que contribui para a revolu\u00e7\u00e3o da favela, propiciando condi\u00e7\u00f5es mais dignas, qualidade de vida e oportunidades \u00e0 comunidade."},{"titulo":"Empreendedorismo","texto":"Acreditamos que o empreendedorismo social e produtivo promove inclus\u00e3o, autoestima e transforma\u00e7\u00e3o real.<br \/>\r\nAo incentivar iniciativas empreendedoras, contribu\u00edmos para a gera\u00e7\u00e3o de renda, o desenvolvimento local e a valoriza\u00e7\u00e3o de talentos.<br \/>\r\nNossos projetos buscam capacitar, orientar e abrir portas para quem deseja empreender, inovar e construir um futuro mais pr\u00f3spero.<br \/>\r\n<br \/>\r\nSABOARIA ECOL\u00d3GICA (@saboariaecologica):<br \/>\r\nConsolidar-se como uma refer\u00eancia em preserva\u00e7\u00e3o ambiental e impacto social, promovendo a reutiliza\u00e7\u00e3o do \u00f3leo de cozinha descartado de forma inadequada, reduzindo a contamina\u00e7\u00e3o de corpos h\u00eddricos e fomentando a capacita\u00e7\u00e3o e o empoderamento econ\u00f4mico de mulheres em situa\u00e7\u00e3o de vulnerabilidade, incentivando a economia circular e o desenvolvimento sustent\u00e1vel das comunidades atendidas."},{"titulo":"Meio Ambiente","texto":"O Instituto A\u00e7o Cearense investe em projetos ambientais. Nossas a\u00e7\u00f5es promovem conscientiza\u00e7\u00e3o, educa\u00e7\u00e3o ambiental e pr\u00e1ticas sustent\u00e1veis nas comunidades, incentivando o uso respons\u00e1vel dos recursos e o respeito \u00e0 natureza. Ao agir localmente, o Instituto contribui para um impacto global positivo, alinhando desenvolvimento social com sustentabilidade.<br \/>\r\n<br \/>\r\nSABOARIA ECOL\u00d3GICA (@saboariaecologica): Consolidar-se como uma refer\u00eancia em preserva\u00e7\u00e3o ambiental e impacto social, promovendo a reutiliza\u00e7\u00e3o do \u00f3leo de cozinha descartado de forma inadequada, reduzindo a contamina\u00e7\u00e3o de corpos h\u00eddricos e fomentando a capacita\u00e7\u00e3o e o empoderamento econ\u00f4mico de mulheres em situa\u00e7\u00e3o de vulnerabilidade, incentivando a economia circular e o desenvolvimento sustent\u00e1vel das comunidades atendidas.<br \/>\r\n<br \/>\r\nFUNDA\u00c7\u00c3O ZOOBOT\u00c2NICA (@zoobotanicomaraba) - A institui\u00e7\u00e3o \u00e9 respons\u00e1vel pelo Parque Zoobot\u00e2nico de Marab\u00e1, composto por uma \u00e1rea de 1.560 hectares de reserva, onde mant\u00e9m esp\u00e9cies animais e vegetais. O Parque recebe visitas programadas de escolas e de institui\u00e7\u00f5es diversas com a finalidade de promover a educa\u00e7\u00e3o ambiental."}]},"instituicoes":{"titulo":"Institui\u00e7\u00f5es Apoiadas","subtitulo":"Gente que d\u00e1 liga ao futuro","categorias":[{"titulo":"Projetos apoiados no Cear\u00e1","instituicoes":[{"titulo":"ABAV \u2013 ASSOCIA\u00c7\u00c3O BENEFICENTE AMIGOS PELA VIDA","descricao":"Acolhe e abriga idosos em situa\u00e7\u00e3o de maus tratos, promovendo cuidados especiais na \u00e1rea da sa\u00fade, da nutri\u00e7\u00e3o e do entretenimento, no munic\u00edpio de Marco (CE)."},{"titulo":"ABENJ \u2013 ASSOCIA\u00c7\u00c3O BENEFICENTE E EDUCACIONAL NOVA JERUSAL\u00c9M","descricao":"Atende crian\u00e7as e adolescentes, oferecendo servi\u00e7os de educa\u00e7\u00e3o, esporte, sa\u00fade e lazer em Fortaleza (CE)."},{"titulo":"ASSOCIA\u00c7\u00c3O BEIJA FLOR","descricao":"Proporciona um atendimento biopsicossocial, cont\u00ednuo e human\u00edstico \u00e0s pessoas com fissura labiopalatina e deformidades craniofaciais em Fortaleza (CE)."},{"titulo":"ASSOCIA\u00c7\u00c3O ESCOLA DE CAMPE\u00d5ES","descricao":"Realiza atividades culturais, esportivas, musicais e de forma\u00e7\u00e3o profissional com crian\u00e7as e adolescentes em Caucaia (CE)."},{"titulo":"ASSOCIA\u00c7\u00c3O DAS VOLUNT\u00c1RIAS S\u00c3O VICENTE DE PAULO","descricao":"Promove a evangeliza\u00e7\u00e3o e realiza o desenvolvimento das a\u00e7\u00f5es voltadas ao bem-estar social, \u00e0 valoriza\u00e7\u00e3o humana e \u00e0 conviv\u00eancia saud\u00e1vel junto a idosos da comunidade de S\u00e3o Gon\u00e7alo do Amarante (CE)."},{"titulo":"ASSOCIA\u00c7\u00c3O JUNIOR ACHIEVEMENT \u2013 JA CEAR\u00c1","descricao":"Prepara jovens de escolas p\u00fablicas e comunidades para o empreendedorismo em Fortaleza (CE)."},{"titulo":"CASA ABRIGO LAR BATISTA","descricao":"Garante o direito \u00e0 moradia para crian\u00e7as que estejam em vulnerabilidade social, com v\u00ednculos familiares fragilizados, v\u00edtimas de viol\u00eancia ou abandono em Fortaleza (CE)."},{"titulo":"CEPEVIVE \u2013 CENTRO DE PESQUISA E VIV\u00caNCIA ECOL\u00d3GICA","descricao":"Promove o acesso de arte e cultura a crian\u00e7as e jovens com vulnerabilidade socioecon\u00f4mica da comunidade de Genipabu, em Caucaia (CE)."},{"titulo":"CRECHE AMADEU BARROS LEAL","descricao":"Promove a educa\u00e7\u00e3o e alimenta\u00e7\u00e3o em tempo integral junto a crian\u00e7as nas idades de seis meses a um ano em Fortaleza (CE)."},{"titulo":"LAR DE CLARA","descricao":"Assiste crian\u00e7as, adolescentes, idosos e gestantes da comunidade carente de Iparana, em Caucaia (CE)."},{"titulo":"PATRONATO SANTANA","descricao":"Presta servi\u00e7os pastorais e profissionais nas \u00e1reas de educa\u00e7\u00e3o, sa\u00fade e assist\u00eancia social para fam\u00edlias em situa\u00e7\u00e3o de vulnerabilidade social, em Caucaia (CE)."},{"titulo":"PEQUENO COTOLENGO","descricao":"Promove a reabilita\u00e7\u00e3o, o acolhimento e a integra\u00e7\u00e3o de pessoas com defici\u00eancia ou com necessidades especiais, em Caucaia (CE)."},{"titulo":"GRUPO ESP\u00cdRITA BEM-VINDOS \u00c0 CARIDADE","descricao":"D\u00e1 apoio e assist\u00eancia aos moradores de rua de Fortaleza (CE), por meio da distribui\u00e7\u00e3o de sopa, p\u00e3es, roupas, len\u00e7\u00f5es e kits de higiene pessoal."},{"titulo":"ACOLD \u2013 ASSOCIA\u00c7\u00c3O COMUNIT\u00c1RIA LUCAS DANTAS","descricao":"Tem a finalidade de congregar e acolher crian\u00e7as, adolescentes, jovens e portadores de c\u00e2ncer em tratamento. A institui\u00e7\u00e3o est\u00e1 localizada em Fortaleza (CE) e acolhe a fam\u00edlia e o paciente de forma gratuita, oferecendo qualidade de vida e bem-estar."},{"titulo":"CAUCAIA ESPORTE CLUBE","descricao":"Tem o objetivo de promover o entretenimento e o desenvolvimento na \u00e1rea esportiva de jovens e adultos do munic\u00edpio de Caucaia (CE)."},{"titulo":"PROJETO APRENDENDO A PESCAR","descricao":"Promove atendimentos m\u00e9dicos semanais, atendimentos de preven\u00e7\u00e3o ao c\u00e2ncer, profilaxia de doen\u00e7a da inf\u00e2ncia, atendimento profil\u00e1tico e curativo odontol\u00f3gico no munic\u00edpio de Amontada (CE)."},{"titulo":"ASSOCIA\u00c7\u00c3O F\u00caNIX","descricao":"Atende crian\u00e7as e adolescentes de Fortaleza (CE), com faixa et\u00e1ria entre 5 e 16 anos, de ambos os sexos, por meio da modalidade esportiva jud\u00f4, tendo como prioridade a educa\u00e7\u00e3o para um exerc\u00edcio pleno da cidadania."},{"titulo":"ASSOCIA\u00c7\u00c3O BENEFICENTE ESPA\u00c7O DO AUTISTA","descricao":"Local de acolhida sincera, terapias adequadas para o tratamento de adultos e adolescentes dentro do espectro e principalmente de muito amor, onde a maioria dos atendidos s\u00e3o n\u00edvel de suporte 3 (comprometimento severo)."},{"titulo":"INSTITUTO ALEGRIA DE VIVER","descricao":"O projeto atua em bairros da periferia de Fortaleza, cuidando de pessoas em situa\u00e7\u00e3o de doen\u00e7as emocionais como depress\u00e3o e ansiedade, desde o est\u00e1gio mais simples at\u00e9 a preven\u00e7\u00e3o \u00e0 automutila\u00e7\u00e3o e ao suic\u00eddio. O Alegria de Viver j\u00e1 beneficiou mais de 15 mil pessoas, atendimento em escolas e a\u00e7\u00f5es nas comunidades."},{"titulo":"ONG F\u00caNIX EDUCARTE","descricao":"O objetivo \u00e9 promover o fortalecimento dos v\u00ednculos familiares, contribuindo para a preven\u00e7\u00e3o e redu\u00e7\u00e3o de situa\u00e7\u00f5es de risco, com atendimentos semanais de segunda a s\u00e1bado para crian\u00e7as, jovens e fam\u00edlia na comunidade de Guajiru (Caucaia-CE) e adjac\u00eancias. Dentre as atividades ofertadas est\u00e3o \u00e0s aulas de karat\u00ea, leitura, matem\u00e1tica, m\u00fasica \u201cpercuss\u00e3o\u201d, Dan\u00e7a \u201cballet\u201d e cota\u00e7\u00e3o de hist\u00f3rias."},{"titulo":"INSTITUTO EDUCA MAIS ESPORTE","descricao":"O projeto \u00e9 uma iniciativa social, fundada por mulheres perif\u00e9ricas. Iniciada no ano de 2018, tendo como objetivo oferecer o acesso ao esporte, arte, cultura, educa\u00e7\u00e3o, assist\u00eancia social e psicol\u00f3gica, qualifica\u00e7\u00e3o profissional e gera\u00e7\u00e3o de renda, para crian\u00e7as e adolescentes da periferia do Bonsucesso (Grande Bom Jardim)."},{"titulo":"LUMEN","descricao":"Institui\u00e7\u00e3o atende milhares de crian\u00e7as em mais de 20 comunidades carentes, com diversas atividades sociais e de evangeliza\u00e7\u00e3o, com oferta de atividades gratuitas esportivas, culturais, profissionalizantes, atendimento em sa\u00fade, dentre outros. As mais de 20 casas de acolhimento atendem homens, mulheres e m\u00e3es com crian\u00e7as em situa\u00e7\u00e3o de rua."},{"titulo":"INSTITUTO CUIDAR","descricao":"O Instituto de Apoio Social Cuidar busca promover os direitos e melhorar a qualidade de vida das pessoas em situa\u00e7\u00e3o de vulnerabilidade em Tau\u00e1, Cear\u00e1. Com o projeto Cuidar+, atuamos em diversos eixos como Sa\u00fade, Renda e Esporte, visando abordar amplamente as necessidades da comunidade."},{"titulo":"M\u00c9TODO R.A.P","descricao":"Promover uma melhor qualidade de vida para todas pessoas amputadas, estando apto a reabilitar desde as fazes iniciais do p\u00f3s-operat\u00f3rio, levando o paciente a total adapta\u00e7\u00e3o a pr\u00f3tese com conforto e qualidade de vida, reinserindo o amputado a sociedade de forma segura, o deixando adaptado e preparado para realizar suas atividades produtivas e de lazer no seu dia a dia."},{"titulo":"OPERA\u00c7\u00c3O RESGATE BOM SAMARITANO","descricao":"Projeto social que acolhe cerca de 150 pessoas em situa\u00e7\u00e3o de rua, fornecendo refei\u00e7\u00f5es diariamente, assessoria jur\u00eddica, orienta\u00e7\u00e3o religiosa, assim como lavanderia social."},{"titulo":"SORRISO DA CRIAN\u00c7A","descricao":"Realiza\u00e7\u00e3o de oficinas liter\u00e1rias com livros do nosso acervo, sempre com uma vertente de forma\u00e7\u00e3o cidad\u00e3, onde \u00e9 feita a media\u00e7\u00e3o de leitura, conta\u00e7\u00e3o de hist\u00f3rias e leitura compartilhada, atrav\u00e9s de um roteiro pr\u00e9vio, onde o mediador estimula as crian\u00e7as e adolescente a exporem suas ideias e percep\u00e7\u00f5es em torno da tem\u00e1tica central do livro e as abstra\u00e7\u00f5es pertinentes ao seu cotidiano em fam\u00edlia e em comunidade."},{"titulo":"ASSOCIA\u00c7\u00c3O DOS MORADORES DO CONJ. TANCREDO NEVES","descricao":"Projeto de panifica\u00e7\u00e3o, sendo constru\u00eddo uma mine padaria, voltada a capacita\u00e7\u00e3o e qualifica\u00e7\u00e3o profissional direcionada ao mercado de trabalho e empreendedorismo, sendo que toda a produ\u00e7\u00e3o ser\u00e1 doada \u00e0 comunidade carente do entorno e bairros adjacentes."},{"titulo":"SABOARIA ECOLOGICA","descricao":"O projeto Saboaria Ecol\u00f3gica tem como objetivo contribuir para o empoderamento e autonomia feminina nas comunidades com vulnerabilidade social, trabalhando a conscientiza\u00e7\u00e3o ambiental e educa\u00e7\u00e3o financeira no grupo de mulheres das institui\u00e7\u00f5es apoiadas pelo Instituto A\u00e7o Cearense atrav\u00e9s da produ\u00e7\u00e3o de sab\u00e3o ecol\u00f3gico, feito a partir de \u00f3leo saturado. Por meio dessa produ\u00e7\u00e3o, as mulheres podem vender e gerar uma renda extra."}]},{"titulo":"Projetos apoiados no Par\u00e1","instituicoes":[{"titulo":"APAE \u2013 ASSOCIA\u00c7\u00c3O DE PAIS E AMIGOS DOS EXCEPCIONAIS","descricao":"Promove e articula a\u00e7\u00f5es de defesa de direitos, preven\u00e7\u00e3o, orienta\u00e7\u00f5es e presta\u00e7\u00e3o de servi\u00e7os para pessoas com defici\u00eancia e familiares em Marab\u00e1 (PA)."},{"titulo":"ASSOCIA\u00c7\u00c3O EDUCADORA S\u00c3O FRANCISCO DE ASSIS","descricao":"Busca promover a vida humana nas \u00e1reas da sa\u00fade, cultura, esporte, educa\u00e7\u00e3o e a\u00e7\u00e3o social, atualmente atuando no Maranh\u00e3o, Par\u00e1 e Amap\u00e1."},{"titulo":"LAR S\u00c3O VICENTE","descricao":"Disponibiliza recursos para o desenvolvimento de a\u00e7\u00f5es que possibilitem qualidade de vida, longevidade e cidadania aos idosos, em Marab\u00e1 (PA)."},{"titulo":"ASSOCIA\u00c7\u00c3O DE AMIGOS E PAIS DOS AUTISTAS DE MARAB\u00c1 \u2013 AMA","descricao":"A institui\u00e7\u00e3o \u00e9 o centro de refer\u00eancia de tratamento para o autismo, que contempla avalia\u00e7\u00e3o e interven\u00e7\u00e3o terap\u00eautica, reabilita\u00e7\u00e3o e desenvolvimento cognitivo, analise do comportamento, estimula\u00e7\u00e3o e integra\u00e7\u00e3o sensorial, bem como a forma\u00e7\u00e3o de pais para continuidade das terapias aos autistas atrav\u00e9s de palestras e cursos, em Marab\u00e1 (PA)."},{"titulo":"FUNDA\u00c7\u00c3O DE ASSIST\u00caNCIA \u00c0 CRIAN\u00c7A E AO ADOLESCENTE \u2013 FUNCAD","descricao":"A institui\u00e7\u00e3o fica em Marab\u00e1 (PA) e tem como objetivo resgatar crian\u00e7as e adolescentes vulner\u00e1veis ao risco social e dar assist\u00eancia, visando o desenvolvimento f\u00edsico, emocional e social, por meio de atividades culturais, art\u00edsticas e educacionais."},{"titulo":"FUNDA\u00c7\u00c3O ZOOBOT\u00c2NICA","descricao":"A institui\u00e7\u00e3o \u00e9 respons\u00e1vel pelo Parque Zoobot\u00e2nico de Marab\u00e1, composto por uma \u00e1rea de 1.560 hectares de reserva, onde mant\u00e9m esp\u00e9cies animais e vegetais. O Parque recebe visitas programadas de escolas e de institui\u00e7\u00f5es diversas com a finalidade de promover a educa\u00e7\u00e3o ambiental."},{"titulo":"\u00c1GUIA DE MARAB\u00c1 FUTEBOL CLUBE","descricao":"Fundado em 1982, o \u00c1guia de Marab\u00e1 \u00e9 o clube oficial da cidade. Al\u00e9m de seu time titular, o clube realiza o Projeto de Esporte \u00c1guia Formando Cidad\u00e3os pelo Futebol, beneficiando um total de 120 crian\u00e7as e adolescentes, de 9 a 17 anos, no bairro Santa Rosa \u2013 Marab\u00e1 (PA)."},{"titulo":"KOLPING SANTA PAULA","descricao":"Institui\u00e7\u00e3o sem fins lucrativos que h\u00e1 20 anos apoia jovens, com a realiza\u00e7\u00e3o de diversas atividades culturais e esportivas, apoiando tamb\u00e9m as donas de casa a terem sua pr\u00f3pria renda. A institui\u00e7\u00e3o oferece atividades como: capoeira, karat\u00ea, zumba, cursos profissionalizantes e aulas de refor\u00e7o para crian\u00e7as de 5 a 14 anos."},{"titulo":"PROJETO MMA","descricao":"Oferecer oportunidade da aprendizagem dos fundamentos do Jiu-Jitsu para contribuir para o desenvolvimento psicof\u00edsico-social de crian\u00e7as e adolescentes atrav\u00e9s da pr\u00e1tica do Jiu-Jitsu na perspectiva de melhoria da qualidade de vida e integra\u00e7\u00e3o e intera\u00e7\u00e3o no meio em que vivem."}]},{"titulo":"Projetos apoiados em Tocantins","instituicoes":[{"titulo":"PROJETO MOVIMENTE-SE","descricao":"O Projeto Movimente-se \u00e9 uma iniciativa social do Instituto A\u00e7o Cearense em S\u00e3o Bento, Tocantins, que visa promover a integra\u00e7\u00e3o e o desenvolvimento social da comunidade local."}]}]},"doacao":{"imagem":{"ID":861,"id":861,"title":"IMG_2275","filename":"IMG_2275.jpg","filesize":765946,"url":"https:\/\/previews.elleven.digital\/acocearense\/wp-content\/uploads\/2024\/09\/IMG_2275.jpg","link":"https:\/\/previews.elleven.digital\/acocearense\/en\/empresa\/instituto-aco-cearense\/img_2275\/","alt":"","author":"1","description":"","caption":"","name":"img_2275","status":"inherit","uploaded_to":151,"date":"2025-04-25 12:42:26","modified":"2025-04-25 12:42:26","menu_order":0,"mime_type":"image\/jpeg","type":"image","subtype":"jpeg","icon":"https:\/\/previews.elleven.digital\/acocearense\/wp-includes\/images\/media\/default.png","width":876,"height":800,"sizes":{"thumbnail":"https:\/\/previews.elleven.digital\/acocearense\/wp-content\/uploads\/2024\/09\/IMG_2275-150x150.jpg","thumbnail-width":150,"thumbnail-height":150,"medium":"https:\/\/previews.elleven.digital\/acocearense\/wp-content\/uploads\/2024\/09\/IMG_2275-300x274.jpg","medium-width":300,"medium-height":274,"medium_large":"https:\/\/previews.elleven.digital\/acocearense\/wp-content\/uploads\/2024\/09\/IMG_2275-768x701.jpg","medium_large-width":768,"medium_large-height":701,"large":"https:\/\/previews.elleven.digital\/acocearense\/wp-content\/uploads\/2024\/09\/IMG_2275.jpg","large-width":876,"large-height":800,"1536x1536":"https:\/\/previews.elleven.digital\/acocearense\/wp-content\/uploads\/2024\/09\/IMG_2275.jpg","1536x1536-width":876,"1536x1536-height":800,"2048x2048":"https:\/\/previews.elleven.digital\/acocearense\/wp-content\/uploads\/2024\/09\/IMG_2275.jpg","2048x2048-width":876,"2048x2048-height":800,"trp-custom-language-flag":"https:\/\/previews.elleven.digital\/acocearense\/wp-content\/uploads\/2024\/09\/IMG_2275-13x12.jpg","trp-custom-language-flag-width":13,"trp-custom-language-flag-height":12}},"titulo":"Quer fazer parte? Venha transformar vidas com a gente!\u00a0","pix":"11725750000147","transferencia":"INSTITUTO A\u00c7O CEARENSE\r\nCNPJ: 11.725.750\/0001-47\r\n\r\nBanco do Brasil\r\nAg\u00eancia: 03434-7\r\nConta: 106.283-2"},"banner":false,"redes_sociais":{"facebook":"https:\/\/www.facebook.com\/institutoacocearense\/?locale=pt_BR","whatsapp":"","instagram":"https:\/\/www.instagram.com\/institutoacocearense\/","linkedin":""}},"yoast_head":"<!-- This site is optimized with the Yoast SEO plugin v25.9 - https:\/\/yoast.com\/wordpress\/plugins\/seo\/ -->\n<title>Instituto A\u00e7o Cearense - Grupo A\u00e7o Cearense<\/title>\n<meta name=\"robots\" content=\"index, follow, max-snippet:-1, max-image-preview:large, max-video-preview:-1\" \/>\n<link rel=\"canonical\" href=\"https:\/\/previews.elleven.digital\/acocearense\/en\/empresa\/instituto-aco-cearense\/\" \/>\n<meta property=\"og:locale\" content=\"en_US\" \/>\n<meta property=\"og:type\" content=\"article\" \/>\n<meta property=\"og:title\" content=\"Instituto A\u00e7o Cearense - Grupo A\u00e7o Cearense\" \/>\n<meta property=\"og:description\" content=\"Colaborar diretamente com o desenvolvimento da sociedade nos \u00e2mbitos econ\u00f4mico, social e ambiental \u00e9 um(...)\" \/>\n<meta property=\"og:url\" content=\"https:\/\/previews.elleven.digital\/acocearense\/en\/empresa\/instituto-aco-cearense\/\" \/>\n<meta property=\"og:site_name\" content=\"Grupo A\u00e7o Cearense\" \/>\n<meta property=\"article:modified_time\" content=\"2025-09-11T17:24:43+00:00\" \/>\n<meta property=\"og:image\" content=\"https:\/\/previews.elleven.digital\/acocearense\/wp-content\/uploads\/2025\/03\/open-graph.png\" \/>\n\t<meta property=\"og:image:width\" content=\"1200\" \/>\n\t<meta property=\"og:image:height\" content=\"675\" \/>\n\t<meta property=\"og:image:type\" content=\"image\/png\" \/>\n<meta name=\"twitter:card\" content=\"summary_large_image\" \/>\n<meta name=\"twitter:label1\" content=\"Est. reading time\" \/>\n\t<meta name=\"twitter:data1\" content=\"1 minute\" \/>\n<script type=\"application\/ld+json\" class=\"yoast-schema-graph\">{\"@context\":\"https:\/\/schema.org\",\"@graph\":[{\"@type\":\"WebPage\",\"@id\":\"https:\/\/previews.elleven.digital\/acocearense\/empresa\/instituto-aco-cearense\/\",\"url\":\"https:\/\/previews.elleven.digital\/acocearense\/empresa\/instituto-aco-cearense\/\",\"name\":\"Instituto A\u00e7o Cearense - Grupo A\u00e7o Cearense\",\"isPartOf\":{\"@id\":\"https:\/\/previews.elleven.digital\/acocearense\/#website\"},\"primaryImageOfPage\":{\"@id\":\"https:\/\/previews.elleven.digital\/acocearense\/empresa\/instituto-aco-cearense\/#primaryimage\"},\"image\":{\"@id\":\"https:\/\/previews.elleven.digital\/acocearense\/empresa\/instituto-aco-cearense\/#primaryimage\"},\"thumbnailUrl\":\"https:\/\/previews.elleven.digital\/acocearense\/wp-content\/uploads\/2024\/09\/instituto-aco-cearense-logo-1-1.svg\",\"datePublished\":\"2024-09-18T17:08:28+00:00\",\"dateModified\":\"2025-09-11T17:24:43+00:00\",\"breadcrumb\":{\"@id\":\"https:\/\/previews.elleven.digital\/acocearense\/empresa\/instituto-aco-cearense\/#breadcrumb\"},\"inLanguage\":\"en-US\",\"potentialAction\":[{\"@type\":\"ReadAction\",\"target\":[\"https:\/\/previews.elleven.digital\/acocearense\/empresa\/instituto-aco-cearense\/\"]}]},{\"@type\":\"ImageObject\",\"inLanguage\":\"en-US\",\"@id\":\"https:\/\/previews.elleven.digital\/acocearense\/empresa\/instituto-aco-cearense\/#primaryimage\",\"url\":\"https:\/\/previews.elleven.digital\/acocearense\/wp-content\/uploads\/2024\/09\/instituto-aco-cearense-logo-1-1.svg\",\"contentUrl\":\"https:\/\/previews.elleven.digital\/acocearense\/wp-content\/uploads\/2024\/09\/instituto-aco-cearense-logo-1-1.svg\"},{\"@type\":\"BreadcrumbList\",\"@id\":\"https:\/\/previews.elleven.digital\/acocearense\/empresa\/instituto-aco-cearense\/#breadcrumb\",\"itemListElement\":[{\"@type\":\"ListItem\",\"position\":1,\"name\":\"In\u00edcio\",\"item\":\"https:\/\/previews.elleven.digital\/acocearense\/\"},{\"@type\":\"ListItem\",\"position\":2,\"name\":\"Instituto A\u00e7o Cearense\"}]},{\"@type\":\"WebSite\",\"@id\":\"https:\/\/previews.elleven.digital\/acocearense\/#website\",\"url\":\"https:\/\/previews.elleven.digital\/acocearense\/\",\"name\":\"A\u00e7o Cearense\",\"description\":\"H\u00e1 mais de 45 anos no mercado brasileiro do a\u00e7o.\",\"alternateName\":\"A\u00e7o Cearense\",\"potentialAction\":[{\"@type\":\"SearchAction\",\"target\":{\"@type\":\"EntryPoint\",\"urlTemplate\":\"https:\/\/previews.elleven.digital\/acocearense\/?s={search_term_string}\"},\"query-input\":{\"@type\":\"PropertyValueSpecification\",\"valueRequired\":true,\"valueName\":\"search_term_string\"}}],\"inLanguage\":\"en-US\"}]}<\/script>\n<!-- \/ Yoast SEO plugin. -->","yoast_head_json":{"title":"Instituto A\u00e7o Cearense - Grupo A\u00e7o Cearense","robots":{"index":"index","follow":"follow","max-snippet":"max-snippet:-1","max-image-preview":"max-image-preview:large","max-video-preview":"max-video-preview:-1"},"canonical":"https:\/\/previews.elleven.digital\/acocearense\/en\/empresa\/instituto-aco-cearense\/","og_locale":"en_US","og_type":"article","og_title":"Instituto A\u00e7o Cearense - Grupo A\u00e7o Cearense","og_description":"Colaborar diretamente com o desenvolvimento da sociedade nos \u00e2mbitos econ\u00f4mico, social e ambiental \u00e9 um(...)","og_url":"https:\/\/previews.elleven.digital\/acocearense\/en\/empresa\/instituto-aco-cearense\/","og_site_name":"Grupo A\u00e7o Cearense","article_modified_time":"2025-09-11T17:24:43+00:00","og_image":[{"width":1200,"height":675,"url":"https:\/\/previews.elleven.digital\/acocearense\/wp-content\/uploads\/2025\/03\/open-graph.png","type":"image\/png"}],"twitter_card":"summary_large_image","twitter_misc":{"Est. reading time":"1 minute"},"schema":{"@context":"https:\/\/schema.org","@graph":[{"@type":"WebPage","@id":"https:\/\/previews.elleven.digital\/acocearense\/empresa\/instituto-aco-cearense\/","url":"https:\/\/previews.elleven.digital\/acocearense\/empresa\/instituto-aco-cearense\/","name":"Instituto A\u00e7o Cearense - Grupo A\u00e7o Cearense","isPartOf":{"@id":"https:\/\/previews.elleven.digital\/acocearense\/#website"},"primaryImageOfPage":{"@id":"https:\/\/previews.elleven.digital\/acocearense\/empresa\/instituto-aco-cearense\/#primaryimage"},"image":{"@id":"https:\/\/previews.elleven.digital\/acocearense\/empresa\/instituto-aco-cearense\/#primaryimage"},"thumbnailUrl":"https:\/\/previews.elleven.digital\/acocearense\/wp-content\/uploads\/2024\/09\/instituto-aco-cearense-logo-1-1.svg","datePublished":"2024-09-18T17:08:28+00:00","dateModified":"2025-09-11T17:24:43+00:00","breadcrumb":{"@id":"https:\/\/previews.elleven.digital\/acocearense\/empresa\/instituto-aco-cearense\/#breadcrumb"},"inLanguage":"en-US","potentialAction":[{"@type":"ReadAction","target":["https:\/\/previews.elleven.digital\/acocearense\/empresa\/instituto-aco-cearense\/"]}]},{"@type":"ImageObject","inLanguage":"en-US","@id":"https:\/\/previews.elleven.digital\/acocearense\/empresa\/instituto-aco-cearense\/#primaryimage","url":"https:\/\/previews.elleven.digital\/acocearense\/wp-content\/uploads\/2024\/09\/instituto-aco-cearense-logo-1-1.svg","contentUrl":"https:\/\/previews.elleven.digital\/acocearense\/wp-content\/uploads\/2024\/09\/instituto-aco-cearense-logo-1-1.svg"},{"@type":"BreadcrumbList","@id":"https:\/\/previews.elleven.digital\/acocearense\/empresa\/instituto-aco-cearense\/#breadcrumb","itemListElement":[{"@type":"ListItem","position":1,"name":"In\u00edcio","item":"https:\/\/previews.elleven.digital\/acocearense\/"},{"@type":"ListItem","position":2,"name":"Instituto A\u00e7o Cearense"}]},{"@type":"WebSite","@id":"https:\/\/previews.elleven.digital\/acocearense\/#website","url":"https:\/\/previews.elleven.digital\/acocearense\/","name":"Cear\u00e1 Steel","description":"We have been in the Brazilian steel market for over 45 years.","alternateName":"A\u00e7o Cearense","potentialAction":[{"@type":"SearchAction","target":{"@type":"EntryPoint","urlTemplate":"https:\/\/previews.elleven.digital\/acocearense\/?s={search_term_string}"},"query-input":{"@type":"PropertyValueSpecification","valueRequired":true,"valueName":"search_term_string"}}],"inLanguage":"en-US"}]}},"_links":{"self":[{"href":"https:\/\/previews.elleven.digital\/acocearense\/en\/wp-json\/wp\/v2\/empresa\/151","targetHints":{"allow":["GET"]}}],"collection":[{"href":"https:\/\/previews.elleven.digital\/acocearense\/en\/wp-json\/wp\/v2\/empresa"}],"about":[{"href":"https:\/\/previews.elleven.digital\/acocearense\/en\/wp-json\/wp\/v2\/types\/empresa"}],"wp:featuredmedia":[{"embeddable":true,"href":"https:\/\/previews.elleven.digital\/acocearense\/en\/wp-json\/wp\/v2\/media\/750"}],"wp:attachment":[{"href":"https:\/\/previews.elleven.digital\/acocearense\/en\/wp-json\/wp\/v2\/media?parent=151"}],"curies":[{"name":"wp","href":"https:\/\/api.w.org\/{rel}","templated":true}]}}